{"id":2201,"date":"2024-06-25T10:20:52","date_gmt":"2024-06-25T13:20:52","guid":{"rendered":"https:\/\/unibellemoveis.com.br\/?post_type=product&#038;p=2201"},"modified":"2024-09-17T16:48:03","modified_gmt":"2024-09-17T19:48:03","slug":"compact-kitchen-lisbon","status":"publish","type":"product","link":"https:\/\/unibellemoveis.com.br\/en\/product\/compact-kitchen-lisbon\/","title":{"rendered":"Compact Kitchen Lisbon"},"content":{"rendered":"<div class=\"flex-shrink-0 flex flex-col relative items-end\">\n<div class=\"pt-0.5 juice:pt-0\">\n<div class=\"gizmo-bot-avatar flex h-6 w-6 items-center justify-center overflow-hidden rounded-full juice:h-8 juice:w-8\">\n<div class=\"relative p-1 rounded-sm flex items-center justify-center bg-token-main-surface-primary text-token-text-primary h-8 w-8\">\n<h3>Compact Kitchen Lisbon \u2013 Sophistication and Functionality<\/h3>\n<p>If you are looking to optimize your kitchen space while adding elegance, <strong>Compact Kitchen Lisbon<\/strong>\u00a0is the ideal solution. This piece of furniture offers modern design, functionality, and quality, perfect for transforming your kitchen into a practical and sophisticated space.<\/p>\n<p><strong>Product differences:<\/strong><\/p>\n<ul>\n<li>100% MDP 15mm, ensuring durability and resistance<\/li>\n<li>Flush lower doors for a more elegant finish<\/li>\n<li>Metal slides on the drawers, providing smooth handling<\/li>\n<li>Height-adjustable feet, adapting to your needs<\/li>\n<li>Dedicated space for oven and microwave, optimizing the use of space<\/li>\n<li>Internal shelf for better organization of utensils and food<\/li>\n<li>Black handles that complement the modern design<\/li>\n<\/ul>\n<p>With these characteristics, the <strong>Mel Dakar\/White Compact Kitchen<\/strong> not only meets your storage needs, but also provides a contemporary and harmonious look to your home.<\/p>\n<p><strong>Technical Specifications:<\/strong><\/p>\n<ul>\n<li><strong>Height:<\/strong> 202 cm<\/li>\n<li><strong>Width:<\/strong> 185 cm<\/li>\n<li><strong>Depth:<\/strong> 52 cm<\/li>\n<li><strong>Material thickness:<\/strong> 15 mm<\/li>\n<li><strong>Cubic capacity:<\/strong> 0.125 m\u00b3<\/li>\n<li><strong>Weight:<\/strong> 72 kg<\/li>\n<li><strong>Volumes:<\/strong> 2<\/li>\n<\/ul>\n<p>Beyond its specifications, it&#039;s important to highlight that this product is ideal for those who want to optimize their kitchen without compromising style. The combination of Dakar Honey and White offers a modern and clean look, perfect for any decor.<\/p>\n<p>Check out all the models: <a href=\"https:\/\/unibellemoveis.com.br\/en\/product-category\/kitchen\/\">https:\/\/unibellemoveis.com.br\/categoria-produto\/cozinha\/<\/a><\/p>\n<\/div>\n<\/div>\n<\/div>\n<\/div>","protected":false},"excerpt":{"rendered":"<p>If you are looking to optimize your kitchen space while adding elegance, <strong>Compact Kitchen Lisbon<\/strong>\u00a0is the ideal solution. This piece of furniture offers modern design, functionality, and quality, perfect for transforming your kitchen into a practical and sophisticated space.<\/p>","protected":false},"featured_media":2353,"comment_status":"open","ping_status":"closed","template":"","meta":{"_joinchat":[]},"product_brand":[],"product_cat":[29],"product_tag":[],"class_list":{"0":"post-2201","1":"product","2":"type-product","3":"status-publish","4":"has-post-thumbnail","6":"product_cat-cozinha","8":"first","9":"instock","10":"shipping-taxable","11":"purchasable","12":"product-type-variable","13":"has-default-attributes"},"yoast_head":"<!-- This site is optimized with the Yoast SEO plugin v26.0 - https:\/\/yoast.com\/wordpress\/plugins\/seo\/ -->\n<title>Cozinha Compacta Lisboa - Unibelle M\u00f3veis<\/title>\n<meta name=\"description\" content=\"Cozinha Compacta Lisboa Descubra a Cozinha Compacta Lisboa que vai elevar a decora\u00e7\u00e3o do seu ambiente. Encomende j\u00e1 a sua!\" \/>\n<meta name=\"robots\" content=\"index, follow, max-snippet:-1, max-image-preview:large, max-video-preview:-1\" \/>\n<link rel=\"canonical\" href=\"https:\/\/unibellemoveis.com.br\/en\/product\/compact-kitchen-lisbon\/\" \/>\n<meta property=\"og:locale\" content=\"en_US\" \/>\n<meta property=\"og:type\" content=\"article\" \/>\n<meta property=\"og:title\" content=\"Cozinha Compacta Lisboa - Unibelle M\u00f3veis\" \/>\n<meta property=\"og:description\" content=\"Cozinha Compacta Lisboa Descubra a Cozinha Compacta Lisboa que vai elevar a decora\u00e7\u00e3o do seu ambiente. Encomende j\u00e1 a sua!\" \/>\n<meta property=\"og:url\" content=\"https:\/\/unibellemoveis.com.br\/en\/product\/compact-kitchen-lisbon\/\" \/>\n<meta property=\"og:site_name\" content=\"Unibelle M\u00f3veis\" \/>\n<meta property=\"article:modified_time\" content=\"2024-09-17T19:48:03+00:00\" \/>\n<meta property=\"og:image\" content=\"https:\/\/unibellemoveis.com.br\/wp-content\/uploads\/2024\/06\/1185.1.2-2.webp\" \/>\n\t<meta property=\"og:image:width\" content=\"1000\" \/>\n\t<meta property=\"og:image:height\" content=\"1000\" \/>\n\t<meta property=\"og:image:type\" content=\"image\/webp\" \/>\n<meta name=\"twitter:card\" content=\"summary_large_image\" \/>\n<meta name=\"twitter:label1\" content=\"Est. reading time\" \/>\n\t<meta name=\"twitter:data1\" content=\"2 minutes\" \/>\n<script type=\"application\/ld+json\" class=\"yoast-schema-graph\">{\"@context\":\"https:\/\/schema.org\",\"@graph\":[{\"@type\":\"WebPage\",\"@id\":\"https:\/\/unibellemoveis.com.br\/produto\/cozinha-compacta-lisboa\/\",\"url\":\"https:\/\/unibellemoveis.com.br\/produto\/cozinha-compacta-lisboa\/\",\"name\":\"Cozinha Compacta Lisboa - Unibelle M\u00f3veis\",\"isPartOf\":{\"@id\":\"https:\/\/unibellemoveis.com.br\/#website\"},\"primaryImageOfPage\":{\"@id\":\"https:\/\/unibellemoveis.com.br\/produto\/cozinha-compacta-lisboa\/#primaryimage\"},\"image\":{\"@id\":\"https:\/\/unibellemoveis.com.br\/produto\/cozinha-compacta-lisboa\/#primaryimage\"},\"thumbnailUrl\":\"https:\/\/unibellemoveis.com.br\/wp-content\/uploads\/2024\/06\/1185.1.2-2.webp\",\"datePublished\":\"2024-06-25T13:20:52+00:00\",\"dateModified\":\"2024-09-17T19:48:03+00:00\",\"description\":\"Cozinha Compacta Lisboa Descubra a Cozinha Compacta Lisboa que vai elevar a decora\u00e7\u00e3o do seu ambiente. Encomende j\u00e1 a sua!\",\"breadcrumb\":{\"@id\":\"https:\/\/unibellemoveis.com.br\/produto\/cozinha-compacta-lisboa\/#breadcrumb\"},\"inLanguage\":\"en-US\",\"potentialAction\":[{\"@type\":\"ReadAction\",\"target\":[\"https:\/\/unibellemoveis.com.br\/produto\/cozinha-compacta-lisboa\/\"]}]},{\"@type\":\"ImageObject\",\"inLanguage\":\"en-US\",\"@id\":\"https:\/\/unibellemoveis.com.br\/produto\/cozinha-compacta-lisboa\/#primaryimage\",\"url\":\"https:\/\/unibellemoveis.com.br\/wp-content\/uploads\/2024\/06\/1185.1.2-2.webp\",\"contentUrl\":\"https:\/\/unibellemoveis.com.br\/wp-content\/uploads\/2024\/06\/1185.1.2-2.webp\",\"width\":1000,\"height\":1000,\"caption\":\"Cozinha Lisboa\"},{\"@type\":\"BreadcrumbList\",\"@id\":\"https:\/\/unibellemoveis.com.br\/produto\/cozinha-compacta-lisboa\/#breadcrumb\",\"itemListElement\":[{\"@type\":\"ListItem\",\"position\":1,\"name\":\"In\u00edcio\",\"item\":\"https:\/\/unibellemoveis.com.br\/\"},{\"@type\":\"ListItem\",\"position\":2,\"name\":\"Produtos\",\"item\":\"https:\/\/unibellemoveis.com.br\/produtos\/\"},{\"@type\":\"ListItem\",\"position\":3,\"name\":\"Cozinha Compacta Lisboa\"}]},{\"@type\":\"WebSite\",\"@id\":\"https:\/\/unibellemoveis.com.br\/#website\",\"url\":\"https:\/\/unibellemoveis.com.br\/\",\"name\":\"Unibelle M\u00f3veis\",\"description\":\"Unibelle M\u00f3veis\",\"publisher\":{\"@id\":\"https:\/\/unibellemoveis.com.br\/#organization\"},\"potentialAction\":[{\"@type\":\"SearchAction\",\"target\":{\"@type\":\"EntryPoint\",\"urlTemplate\":\"https:\/\/unibellemoveis.com.br\/?s={search_term_string}\"},\"query-input\":{\"@type\":\"PropertyValueSpecification\",\"valueRequired\":true,\"valueName\":\"search_term_string\"}}],\"inLanguage\":\"en-US\"},{\"@type\":\"Organization\",\"@id\":\"https:\/\/unibellemoveis.com.br\/#organization\",\"name\":\"Unibele M\u00f3veis\",\"alternateName\":\"Unibele M\u00f3veis\",\"url\":\"https:\/\/unibellemoveis.com.br\/\",\"logo\":{\"@type\":\"ImageObject\",\"inLanguage\":\"en-US\",\"@id\":\"https:\/\/unibellemoveis.com.br\/#\/schema\/logo\/image\/\",\"url\":\"https:\/\/unibellemoveis.com.br\/wp-content\/uploads\/2024\/04\/Logo-02.webp\",\"contentUrl\":\"https:\/\/unibellemoveis.com.br\/wp-content\/uploads\/2024\/04\/Logo-02.webp\",\"width\":2363,\"height\":754,\"caption\":\"Unibele M\u00f3veis\"},\"image\":{\"@id\":\"https:\/\/unibellemoveis.com.br\/#\/schema\/logo\/image\/\"}}]}<\/script>\n<!-- \/ Yoast SEO plugin. -->","yoast_head_json":{"title":"Compact Kitchen Lisbon - Unibelle Furniture","description":"Lisbon Compact Kitchen Discover the Lisbon Compact Kitchen that will elevate your decor. Order yours now!","robots":{"index":"index","follow":"follow","max-snippet":"max-snippet:-1","max-image-preview":"max-image-preview:large","max-video-preview":"max-video-preview:-1"},"canonical":"https:\/\/unibellemoveis.com.br\/en\/product\/compact-kitchen-lisbon\/","og_locale":"en_US","og_type":"article","og_title":"Cozinha Compacta Lisboa - Unibelle M\u00f3veis","og_description":"Cozinha Compacta Lisboa Descubra a Cozinha Compacta Lisboa que vai elevar a decora\u00e7\u00e3o do seu ambiente. Encomende j\u00e1 a sua!","og_url":"https:\/\/unibellemoveis.com.br\/en\/product\/compact-kitchen-lisbon\/","og_site_name":"Unibelle M\u00f3veis","article_modified_time":"2024-09-17T19:48:03+00:00","og_image":[{"width":1000,"height":1000,"url":"https:\/\/unibellemoveis.com.br\/wp-content\/uploads\/2024\/06\/1185.1.2-2.webp","type":"image\/webp"}],"twitter_card":"summary_large_image","twitter_misc":{"Est. reading time":"2 minutes"},"schema":{"@context":"https:\/\/schema.org","@graph":[{"@type":"WebPage","@id":"https:\/\/unibellemoveis.com.br\/produto\/cozinha-compacta-lisboa\/","url":"https:\/\/unibellemoveis.com.br\/produto\/cozinha-compacta-lisboa\/","name":"Compact Kitchen Lisbon - Unibelle Furniture","isPartOf":{"@id":"https:\/\/unibellemoveis.com.br\/#website"},"primaryImageOfPage":{"@id":"https:\/\/unibellemoveis.com.br\/produto\/cozinha-compacta-lisboa\/#primaryimage"},"image":{"@id":"https:\/\/unibellemoveis.com.br\/produto\/cozinha-compacta-lisboa\/#primaryimage"},"thumbnailUrl":"https:\/\/unibellemoveis.com.br\/wp-content\/uploads\/2024\/06\/1185.1.2-2.webp","datePublished":"2024-06-25T13:20:52+00:00","dateModified":"2024-09-17T19:48:03+00:00","description":"Lisbon Compact Kitchen Discover the Lisbon Compact Kitchen that will elevate your decor. Order yours now!","breadcrumb":{"@id":"https:\/\/unibellemoveis.com.br\/produto\/cozinha-compacta-lisboa\/#breadcrumb"},"inLanguage":"en-US","potentialAction":[{"@type":"ReadAction","target":["https:\/\/unibellemoveis.com.br\/produto\/cozinha-compacta-lisboa\/"]}]},{"@type":"ImageObject","inLanguage":"en-US","@id":"https:\/\/unibellemoveis.com.br\/produto\/cozinha-compacta-lisboa\/#primaryimage","url":"https:\/\/unibellemoveis.com.br\/wp-content\/uploads\/2024\/06\/1185.1.2-2.webp","contentUrl":"https:\/\/unibellemoveis.com.br\/wp-content\/uploads\/2024\/06\/1185.1.2-2.webp","width":1000,"height":1000,"caption":"Cozinha Lisboa"},{"@type":"BreadcrumbList","@id":"https:\/\/unibellemoveis.com.br\/produto\/cozinha-compacta-lisboa\/#breadcrumb","itemListElement":[{"@type":"ListItem","position":1,"name":"In\u00edcio","item":"https:\/\/unibellemoveis.com.br\/"},{"@type":"ListItem","position":2,"name":"Produtos","item":"https:\/\/unibellemoveis.com.br\/produtos\/"},{"@type":"ListItem","position":3,"name":"Cozinha Compacta Lisboa"}]},{"@type":"WebSite","@id":"https:\/\/unibellemoveis.com.br\/#website","url":"https:\/\/unibellemoveis.com.br\/","name":"Unibelle Furniture","description":"Unibelle Furniture","publisher":{"@id":"https:\/\/unibellemoveis.com.br\/#organization"},"potentialAction":[{"@type":"SearchAction","target":{"@type":"EntryPoint","urlTemplate":"https:\/\/unibellemoveis.com.br\/?s={search_term_string}"},"query-input":{"@type":"PropertyValueSpecification","valueRequired":true,"valueName":"search_term_string"}}],"inLanguage":"en-US"},{"@type":"Organization","@id":"https:\/\/unibellemoveis.com.br\/#organization","name":"Unibele M\u00f3veis","alternateName":"Unibele M\u00f3veis","url":"https:\/\/unibellemoveis.com.br\/","logo":{"@type":"ImageObject","inLanguage":"en-US","@id":"https:\/\/unibellemoveis.com.br\/#\/schema\/logo\/image\/","url":"https:\/\/unibellemoveis.com.br\/wp-content\/uploads\/2024\/04\/Logo-02.webp","contentUrl":"https:\/\/unibellemoveis.com.br\/wp-content\/uploads\/2024\/04\/Logo-02.webp","width":2363,"height":754,"caption":"Unibele M\u00f3veis"},"image":{"@id":"https:\/\/unibellemoveis.com.br\/#\/schema\/logo\/image\/"}}]}},"_links":{"self":[{"href":"https:\/\/unibellemoveis.com.br\/en\/wp-json\/wp\/v2\/product\/2201","targetHints":{"allow":["GET"]}}],"collection":[{"href":"https:\/\/unibellemoveis.com.br\/en\/wp-json\/wp\/v2\/product"}],"about":[{"href":"https:\/\/unibellemoveis.com.br\/en\/wp-json\/wp\/v2\/types\/product"}],"replies":[{"embeddable":true,"href":"https:\/\/unibellemoveis.com.br\/en\/wp-json\/wp\/v2\/comments?post=2201"}],"version-history":[{"count":3,"href":"https:\/\/unibellemoveis.com.br\/en\/wp-json\/wp\/v2\/product\/2201\/revisions"}],"predecessor-version":[{"id":2355,"href":"https:\/\/unibellemoveis.com.br\/en\/wp-json\/wp\/v2\/product\/2201\/revisions\/2355"}],"wp:featuredmedia":[{"embeddable":true,"href":"https:\/\/unibellemoveis.com.br\/en\/wp-json\/wp\/v2\/media\/2353"}],"wp:attachment":[{"href":"https:\/\/unibellemoveis.com.br\/en\/wp-json\/wp\/v2\/media?parent=2201"}],"wp:term":[{"taxonomy":"product_brand","embeddable":true,"href":"https:\/\/unibellemoveis.com.br\/en\/wp-json\/wp\/v2\/product_brand?post=2201"},{"taxonomy":"product_cat","embeddable":true,"href":"https:\/\/unibellemoveis.com.br\/en\/wp-json\/wp\/v2\/product_cat?post=2201"},{"taxonomy":"product_tag","embeddable":true,"href":"https:\/\/unibellemoveis.com.br\/en\/wp-json\/wp\/v2\/product_tag?post=2201"}],"curies":[{"name":"wp","href":"https:\/\/api.w.org\/{rel}","templated":true}]}}