{"id":2739,"date":"2025-07-21T14:24:01","date_gmt":"2025-07-21T17:24:01","guid":{"rendered":"https:\/\/unibellemoveis.com.br\/produto\/balco-forno-e-micro\/"},"modified":"2025-07-23T23:12:23","modified_gmt":"2025-07-24T02:12:23","slug":"oven-and-microwave-counter","status":"publish","type":"product","link":"https:\/\/unibellemoveis.com.br\/en\/product\/oven-and-microwave-counter\/","title":{"rendered":"Oven and microwave counter"},"content":{"rendered":"<p>The Oven and Microwave Countertop is the perfect solution for those looking to optimize space and keep their kitchen organized. With compartments designed to accommodate an electric oven and microwave, the unit also offers shelves and niches for storing pots, utensils, or groceries. Its modern design easily adapts to different d\u00e9cor styles, while the sturdy structure ensures durability and stability for daily use. Practical and versatile, the countertop adds functionality to the space, facilitating daily tasks and bringing a touch of elegance to your kitchen.<\/p>","protected":false},"excerpt":{"rendered":"<p>Countertop oven and microwave: functionality and extra space for organizing appliances and utensils in the kitchen. Modern and durable design, ideal for optimizing your space.<\/p>","protected":false},"featured_media":2740,"comment_status":"open","ping_status":"closed","template":"","meta":{"_joinchat":[]},"product_brand":[],"product_cat":[167,29],"product_tag":[],"class_list":{"0":"post-2739","1":"product","2":"type-product","3":"status-publish","4":"has-post-thumbnail","6":"product_cat-balcoes","7":"product_cat-cozinha","9":"first","10":"instock","11":"sale","12":"shipping-taxable","13":"purchasable","14":"product-type-simple"},"yoast_head":"<!-- This site is optimized with the Yoast SEO plugin v26.0 - https:\/\/yoast.com\/wordpress\/plugins\/seo\/ -->\n<title>Balc\u00e3o forno e micro - Unibelle M\u00f3veis<\/title>\n<meta name=\"robots\" content=\"index, follow, max-snippet:-1, max-image-preview:large, max-video-preview:-1\" \/>\n<link rel=\"canonical\" href=\"https:\/\/unibellemoveis.com.br\/en\/product\/oven-and-microwave-counter\/\" \/>\n<meta property=\"og:locale\" content=\"en_US\" \/>\n<meta property=\"og:type\" content=\"article\" \/>\n<meta property=\"og:title\" content=\"Balc\u00e3o forno e micro - Unibelle M\u00f3veis\" \/>\n<meta property=\"og:description\" content=\"Balc\u00e3o para forno e micro-ondas: funcionalidade e espa\u00e7o extra para organizar eletrodom\u00e9sticos e utens\u00edlios na cozinha. Design moderno e resistente, ideal para otimizar seu ambiente.\" \/>\n<meta property=\"og:url\" content=\"https:\/\/unibellemoveis.com.br\/en\/product\/oven-and-microwave-counter\/\" \/>\n<meta property=\"og:site_name\" content=\"Unibelle M\u00f3veis\" \/>\n<meta property=\"article:modified_time\" content=\"2025-07-24T02:12:23+00:00\" \/>\n<meta property=\"og:image\" content=\"https:\/\/unibellemoveis.com.br\/wp-content\/uploads\/2025\/07\/1753122571_bfm6191-balcao-forno-e-microondas-fi01-branco1.webp\" \/>\n\t<meta property=\"og:image:width\" content=\"2000\" \/>\n\t<meta property=\"og:image:height\" content=\"2000\" \/>\n\t<meta property=\"og:image:type\" content=\"image\/webp\" \/>\n<meta name=\"twitter:card\" content=\"summary_large_image\" \/>\n<meta name=\"twitter:label1\" content=\"Est. reading time\" \/>\n\t<meta name=\"twitter:data1\" content=\"1 minute\" \/>\n<script type=\"application\/ld+json\" class=\"yoast-schema-graph\">{\"@context\":\"https:\/\/schema.org\",\"@graph\":[{\"@type\":\"WebPage\",\"@id\":\"https:\/\/unibellemoveis.com.br\/produto\/balco-forno-e-micro\/\",\"url\":\"https:\/\/unibellemoveis.com.br\/produto\/balco-forno-e-micro\/\",\"name\":\"Balc\u00e3o forno e micro - Unibelle M\u00f3veis\",\"isPartOf\":{\"@id\":\"https:\/\/unibellemoveis.com.br\/#website\"},\"primaryImageOfPage\":{\"@id\":\"https:\/\/unibellemoveis.com.br\/produto\/balco-forno-e-micro\/#primaryimage\"},\"image\":{\"@id\":\"https:\/\/unibellemoveis.com.br\/produto\/balco-forno-e-micro\/#primaryimage\"},\"thumbnailUrl\":\"https:\/\/unibellemoveis.com.br\/wp-content\/uploads\/2025\/07\/1753122571_bfm6191-balcao-forno-e-microondas-fi01-branco1.webp\",\"datePublished\":\"2025-07-21T17:24:01+00:00\",\"dateModified\":\"2025-07-24T02:12:23+00:00\",\"breadcrumb\":{\"@id\":\"https:\/\/unibellemoveis.com.br\/produto\/balco-forno-e-micro\/#breadcrumb\"},\"inLanguage\":\"en-US\",\"potentialAction\":[{\"@type\":\"ReadAction\",\"target\":[\"https:\/\/unibellemoveis.com.br\/produto\/balco-forno-e-micro\/\"]}]},{\"@type\":\"ImageObject\",\"inLanguage\":\"en-US\",\"@id\":\"https:\/\/unibellemoveis.com.br\/produto\/balco-forno-e-micro\/#primaryimage\",\"url\":\"https:\/\/unibellemoveis.com.br\/wp-content\/uploads\/2025\/07\/1753122571_bfm6191-balcao-forno-e-microondas-fi01-branco1.webp\",\"contentUrl\":\"https:\/\/unibellemoveis.com.br\/wp-content\/uploads\/2025\/07\/1753122571_bfm6191-balcao-forno-e-microondas-fi01-branco1.webp\",\"width\":2000,\"height\":2000},{\"@type\":\"BreadcrumbList\",\"@id\":\"https:\/\/unibellemoveis.com.br\/produto\/balco-forno-e-micro\/#breadcrumb\",\"itemListElement\":[{\"@type\":\"ListItem\",\"position\":1,\"name\":\"In\u00edcio\",\"item\":\"https:\/\/unibellemoveis.com.br\/\"},{\"@type\":\"ListItem\",\"position\":2,\"name\":\"Produtos\",\"item\":\"https:\/\/unibellemoveis.com.br\/produtos\/\"},{\"@type\":\"ListItem\",\"position\":3,\"name\":\"Balc\u00e3o forno e micro\"}]},{\"@type\":\"WebSite\",\"@id\":\"https:\/\/unibellemoveis.com.br\/#website\",\"url\":\"https:\/\/unibellemoveis.com.br\/\",\"name\":\"Unibelle M\u00f3veis\",\"description\":\"Unibelle M\u00f3veis\",\"publisher\":{\"@id\":\"https:\/\/unibellemoveis.com.br\/#organization\"},\"potentialAction\":[{\"@type\":\"SearchAction\",\"target\":{\"@type\":\"EntryPoint\",\"urlTemplate\":\"https:\/\/unibellemoveis.com.br\/?s={search_term_string}\"},\"query-input\":{\"@type\":\"PropertyValueSpecification\",\"valueRequired\":true,\"valueName\":\"search_term_string\"}}],\"inLanguage\":\"en-US\"},{\"@type\":\"Organization\",\"@id\":\"https:\/\/unibellemoveis.com.br\/#organization\",\"name\":\"Unibele M\u00f3veis\",\"alternateName\":\"Unibele M\u00f3veis\",\"url\":\"https:\/\/unibellemoveis.com.br\/\",\"logo\":{\"@type\":\"ImageObject\",\"inLanguage\":\"en-US\",\"@id\":\"https:\/\/unibellemoveis.com.br\/#\/schema\/logo\/image\/\",\"url\":\"https:\/\/unibellemoveis.com.br\/wp-content\/uploads\/2024\/04\/Logo-02.webp\",\"contentUrl\":\"https:\/\/unibellemoveis.com.br\/wp-content\/uploads\/2024\/04\/Logo-02.webp\",\"width\":2363,\"height\":754,\"caption\":\"Unibele M\u00f3veis\"},\"image\":{\"@id\":\"https:\/\/unibellemoveis.com.br\/#\/schema\/logo\/image\/\"}}]}<\/script>\n<!-- \/ Yoast SEO plugin. -->","yoast_head_json":{"title":"Oven and microwave counter - Unibelle M\u00f3veis","robots":{"index":"index","follow":"follow","max-snippet":"max-snippet:-1","max-image-preview":"max-image-preview:large","max-video-preview":"max-video-preview:-1"},"canonical":"https:\/\/unibellemoveis.com.br\/en\/product\/oven-and-microwave-counter\/","og_locale":"en_US","og_type":"article","og_title":"Balc\u00e3o forno e micro - Unibelle M\u00f3veis","og_description":"Balc\u00e3o para forno e micro-ondas: funcionalidade e espa\u00e7o extra para organizar eletrodom\u00e9sticos e utens\u00edlios na cozinha. Design moderno e resistente, ideal para otimizar seu ambiente.","og_url":"https:\/\/unibellemoveis.com.br\/en\/product\/oven-and-microwave-counter\/","og_site_name":"Unibelle M\u00f3veis","article_modified_time":"2025-07-24T02:12:23+00:00","og_image":[{"width":2000,"height":2000,"url":"https:\/\/unibellemoveis.com.br\/wp-content\/uploads\/2025\/07\/1753122571_bfm6191-balcao-forno-e-microondas-fi01-branco1.webp","type":"image\/webp"}],"twitter_card":"summary_large_image","twitter_misc":{"Est. reading time":"1 minute"},"schema":{"@context":"https:\/\/schema.org","@graph":[{"@type":"WebPage","@id":"https:\/\/unibellemoveis.com.br\/produto\/balco-forno-e-micro\/","url":"https:\/\/unibellemoveis.com.br\/produto\/balco-forno-e-micro\/","name":"Oven and microwave counter - Unibelle M\u00f3veis","isPartOf":{"@id":"https:\/\/unibellemoveis.com.br\/#website"},"primaryImageOfPage":{"@id":"https:\/\/unibellemoveis.com.br\/produto\/balco-forno-e-micro\/#primaryimage"},"image":{"@id":"https:\/\/unibellemoveis.com.br\/produto\/balco-forno-e-micro\/#primaryimage"},"thumbnailUrl":"https:\/\/unibellemoveis.com.br\/wp-content\/uploads\/2025\/07\/1753122571_bfm6191-balcao-forno-e-microondas-fi01-branco1.webp","datePublished":"2025-07-21T17:24:01+00:00","dateModified":"2025-07-24T02:12:23+00:00","breadcrumb":{"@id":"https:\/\/unibellemoveis.com.br\/produto\/balco-forno-e-micro\/#breadcrumb"},"inLanguage":"en-US","potentialAction":[{"@type":"ReadAction","target":["https:\/\/unibellemoveis.com.br\/produto\/balco-forno-e-micro\/"]}]},{"@type":"ImageObject","inLanguage":"en-US","@id":"https:\/\/unibellemoveis.com.br\/produto\/balco-forno-e-micro\/#primaryimage","url":"https:\/\/unibellemoveis.com.br\/wp-content\/uploads\/2025\/07\/1753122571_bfm6191-balcao-forno-e-microondas-fi01-branco1.webp","contentUrl":"https:\/\/unibellemoveis.com.br\/wp-content\/uploads\/2025\/07\/1753122571_bfm6191-balcao-forno-e-microondas-fi01-branco1.webp","width":2000,"height":2000},{"@type":"BreadcrumbList","@id":"https:\/\/unibellemoveis.com.br\/produto\/balco-forno-e-micro\/#breadcrumb","itemListElement":[{"@type":"ListItem","position":1,"name":"In\u00edcio","item":"https:\/\/unibellemoveis.com.br\/"},{"@type":"ListItem","position":2,"name":"Produtos","item":"https:\/\/unibellemoveis.com.br\/produtos\/"},{"@type":"ListItem","position":3,"name":"Balc\u00e3o forno e micro"}]},{"@type":"WebSite","@id":"https:\/\/unibellemoveis.com.br\/#website","url":"https:\/\/unibellemoveis.com.br\/","name":"Unibelle Furniture","description":"Unibelle Furniture","publisher":{"@id":"https:\/\/unibellemoveis.com.br\/#organization"},"potentialAction":[{"@type":"SearchAction","target":{"@type":"EntryPoint","urlTemplate":"https:\/\/unibellemoveis.com.br\/?s={search_term_string}"},"query-input":{"@type":"PropertyValueSpecification","valueRequired":true,"valueName":"search_term_string"}}],"inLanguage":"en-US"},{"@type":"Organization","@id":"https:\/\/unibellemoveis.com.br\/#organization","name":"Unibele M\u00f3veis","alternateName":"Unibele M\u00f3veis","url":"https:\/\/unibellemoveis.com.br\/","logo":{"@type":"ImageObject","inLanguage":"en-US","@id":"https:\/\/unibellemoveis.com.br\/#\/schema\/logo\/image\/","url":"https:\/\/unibellemoveis.com.br\/wp-content\/uploads\/2024\/04\/Logo-02.webp","contentUrl":"https:\/\/unibellemoveis.com.br\/wp-content\/uploads\/2024\/04\/Logo-02.webp","width":2363,"height":754,"caption":"Unibele M\u00f3veis"},"image":{"@id":"https:\/\/unibellemoveis.com.br\/#\/schema\/logo\/image\/"}}]}},"_links":{"self":[{"href":"https:\/\/unibellemoveis.com.br\/en\/wp-json\/wp\/v2\/product\/2739","targetHints":{"allow":["GET"]}}],"collection":[{"href":"https:\/\/unibellemoveis.com.br\/en\/wp-json\/wp\/v2\/product"}],"about":[{"href":"https:\/\/unibellemoveis.com.br\/en\/wp-json\/wp\/v2\/types\/product"}],"replies":[{"embeddable":true,"href":"https:\/\/unibellemoveis.com.br\/en\/wp-json\/wp\/v2\/comments?post=2739"}],"version-history":[{"count":3,"href":"https:\/\/unibellemoveis.com.br\/en\/wp-json\/wp\/v2\/product\/2739\/revisions"}],"predecessor-version":[{"id":2776,"href":"https:\/\/unibellemoveis.com.br\/en\/wp-json\/wp\/v2\/product\/2739\/revisions\/2776"}],"wp:featuredmedia":[{"embeddable":true,"href":"https:\/\/unibellemoveis.com.br\/en\/wp-json\/wp\/v2\/media\/2740"}],"wp:attachment":[{"href":"https:\/\/unibellemoveis.com.br\/en\/wp-json\/wp\/v2\/media?parent=2739"}],"wp:term":[{"taxonomy":"product_brand","embeddable":true,"href":"https:\/\/unibellemoveis.com.br\/en\/wp-json\/wp\/v2\/product_brand?post=2739"},{"taxonomy":"product_cat","embeddable":true,"href":"https:\/\/unibellemoveis.com.br\/en\/wp-json\/wp\/v2\/product_cat?post=2739"},{"taxonomy":"product_tag","embeddable":true,"href":"https:\/\/unibellemoveis.com.br\/en\/wp-json\/wp\/v2\/product_tag?post=2739"}],"curies":[{"name":"wp","href":"https:\/\/api.w.org\/{rel}","templated":true}]}}