{"id":2753,"date":"2025-07-23T22:31:22","date_gmt":"2025-07-24T01:31:22","guid":{"rendered":"https:\/\/unibellemoveis.com.br\/produto\/balcao-forno-e-cooktop\/"},"modified":"2025-07-23T22:44:05","modified_gmt":"2025-07-24T01:44:05","slug":"counter-oven-and-cooktop","status":"publish","type":"product","link":"https:\/\/unibellemoveis.com.br\/en\/product\/counter-oven-and-cooktop\/","title":{"rendered":"Oven and cooktop counter"},"content":{"rendered":"<p>The Unibelle M\u00f3veis Oven and Cooktop Counter is the perfect choice for those seeking practicality and elegance in the kitchen. With a modern design and high-quality finish, it provides adequate space for your oven and cooktop, as well as shelves and compartments for organizing utensils, pans, or supplies. Made from durable materials, this unit offers durability and robustness, easily integrating with different d\u00e9cor styles. Renovate your kitchen with functionality, beauty, and the quality guaranteed only by Unibelle M\u00f3veis.<\/p>","protected":false},"excerpt":{"rendered":"<p>Functional counter for oven and cooktop from Unibelle M\u00f3veis, ideal for organizing and optimizing your kitchen with a modern and resistant design.<\/p>","protected":false},"featured_media":2757,"comment_status":"open","ping_status":"closed","template":"","meta":{"_joinchat":[]},"product_brand":[],"product_cat":[167,29],"product_tag":[],"class_list":{"0":"post-2753","1":"product","2":"type-product","3":"status-publish","4":"has-post-thumbnail","6":"product_cat-balcoes","7":"product_cat-cozinha","9":"first","10":"outofstock","11":"sale","12":"shipping-taxable","13":"purchasable","14":"product-type-simple"},"yoast_head":"<!-- This site is optimized with the Yoast SEO plugin v26.0 - https:\/\/yoast.com\/wordpress\/plugins\/seo\/ -->\n<title>Balc\u00e3o forno e cooktop - Unibelle M\u00f3veis<\/title>\n<meta name=\"robots\" content=\"index, follow, max-snippet:-1, max-image-preview:large, max-video-preview:-1\" \/>\n<link rel=\"canonical\" href=\"https:\/\/unibellemoveis.com.br\/en\/product\/counter-oven-and-cooktop\/\" \/>\n<meta property=\"og:locale\" content=\"en_US\" \/>\n<meta property=\"og:type\" content=\"article\" \/>\n<meta property=\"og:title\" content=\"Balc\u00e3o forno e cooktop - Unibelle M\u00f3veis\" \/>\n<meta property=\"og:description\" content=\"Balc\u00e3o funcional para forno e cooktop da Unibelle M\u00f3veis, ideal para organizar e otimizar sua cozinha com design moderno e resistente.\" \/>\n<meta property=\"og:url\" content=\"https:\/\/unibellemoveis.com.br\/en\/product\/counter-oven-and-cooktop\/\" \/>\n<meta property=\"og:site_name\" content=\"Unibelle M\u00f3veis\" \/>\n<meta property=\"article:modified_time\" content=\"2025-07-24T01:44:05+00:00\" \/>\n<meta property=\"og:image\" content=\"https:\/\/unibellemoveis.com.br\/wp-content\/uploads\/2025\/07\/1259-balcao-forno-fi-01-branco1-68818cc3f24c0.jpg\" \/>\n\t<meta property=\"og:image:width\" content=\"1000\" \/>\n\t<meta property=\"og:image:height\" content=\"1000\" \/>\n\t<meta property=\"og:image:type\" content=\"image\/jpeg\" \/>\n<meta name=\"twitter:card\" content=\"summary_large_image\" \/>\n<script type=\"application\/ld+json\" class=\"yoast-schema-graph\">{\"@context\":\"https:\/\/schema.org\",\"@graph\":[{\"@type\":\"WebPage\",\"@id\":\"https:\/\/unibellemoveis.com.br\/produto\/balcao-forno-e-cooktop\/\",\"url\":\"https:\/\/unibellemoveis.com.br\/produto\/balcao-forno-e-cooktop\/\",\"name\":\"Balc\u00e3o forno e cooktop - Unibelle M\u00f3veis\",\"isPartOf\":{\"@id\":\"https:\/\/unibellemoveis.com.br\/#website\"},\"primaryImageOfPage\":{\"@id\":\"https:\/\/unibellemoveis.com.br\/produto\/balcao-forno-e-cooktop\/#primaryimage\"},\"image\":{\"@id\":\"https:\/\/unibellemoveis.com.br\/produto\/balcao-forno-e-cooktop\/#primaryimage\"},\"thumbnailUrl\":\"https:\/\/unibellemoveis.com.br\/wp-content\/uploads\/2025\/07\/1259-balcao-forno-fi-01-branco1-68818cc3f24c0-1.jpg\",\"datePublished\":\"2025-07-24T01:31:22+00:00\",\"dateModified\":\"2025-07-24T01:44:05+00:00\",\"breadcrumb\":{\"@id\":\"https:\/\/unibellemoveis.com.br\/produto\/balcao-forno-e-cooktop\/#breadcrumb\"},\"inLanguage\":\"en-US\",\"potentialAction\":[{\"@type\":\"ReadAction\",\"target\":[\"https:\/\/unibellemoveis.com.br\/produto\/balcao-forno-e-cooktop\/\"]}]},{\"@type\":\"ImageObject\",\"inLanguage\":\"en-US\",\"@id\":\"https:\/\/unibellemoveis.com.br\/produto\/balcao-forno-e-cooktop\/#primaryimage\",\"url\":\"https:\/\/unibellemoveis.com.br\/wp-content\/uploads\/2025\/07\/1259-balcao-forno-fi-01-branco1-68818cc3f24c0-1.jpg\",\"contentUrl\":\"https:\/\/unibellemoveis.com.br\/wp-content\/uploads\/2025\/07\/1259-balcao-forno-fi-01-branco1-68818cc3f24c0-1.jpg\",\"width\":1000,\"height\":1000},{\"@type\":\"BreadcrumbList\",\"@id\":\"https:\/\/unibellemoveis.com.br\/produto\/balcao-forno-e-cooktop\/#breadcrumb\",\"itemListElement\":[{\"@type\":\"ListItem\",\"position\":1,\"name\":\"In\u00edcio\",\"item\":\"https:\/\/unibellemoveis.com.br\/\"},{\"@type\":\"ListItem\",\"position\":2,\"name\":\"Produtos\",\"item\":\"https:\/\/unibellemoveis.com.br\/produtos\/\"},{\"@type\":\"ListItem\",\"position\":3,\"name\":\"Balc\u00e3o forno e cooktop\"}]},{\"@type\":\"WebSite\",\"@id\":\"https:\/\/unibellemoveis.com.br\/#website\",\"url\":\"https:\/\/unibellemoveis.com.br\/\",\"name\":\"Unibelle M\u00f3veis\",\"description\":\"Unibelle M\u00f3veis\",\"publisher\":{\"@id\":\"https:\/\/unibellemoveis.com.br\/#organization\"},\"potentialAction\":[{\"@type\":\"SearchAction\",\"target\":{\"@type\":\"EntryPoint\",\"urlTemplate\":\"https:\/\/unibellemoveis.com.br\/?s={search_term_string}\"},\"query-input\":{\"@type\":\"PropertyValueSpecification\",\"valueRequired\":true,\"valueName\":\"search_term_string\"}}],\"inLanguage\":\"en-US\"},{\"@type\":\"Organization\",\"@id\":\"https:\/\/unibellemoveis.com.br\/#organization\",\"name\":\"Unibele M\u00f3veis\",\"alternateName\":\"Unibele M\u00f3veis\",\"url\":\"https:\/\/unibellemoveis.com.br\/\",\"logo\":{\"@type\":\"ImageObject\",\"inLanguage\":\"en-US\",\"@id\":\"https:\/\/unibellemoveis.com.br\/#\/schema\/logo\/image\/\",\"url\":\"https:\/\/unibellemoveis.com.br\/wp-content\/uploads\/2024\/04\/Logo-02.webp\",\"contentUrl\":\"https:\/\/unibellemoveis.com.br\/wp-content\/uploads\/2024\/04\/Logo-02.webp\",\"width\":2363,\"height\":754,\"caption\":\"Unibele M\u00f3veis\"},\"image\":{\"@id\":\"https:\/\/unibellemoveis.com.br\/#\/schema\/logo\/image\/\"}}]}<\/script>\n<!-- \/ Yoast SEO plugin. -->","yoast_head_json":{"title":"Oven and cooktop counter - Unibelle M\u00f3veis","robots":{"index":"index","follow":"follow","max-snippet":"max-snippet:-1","max-image-preview":"max-image-preview:large","max-video-preview":"max-video-preview:-1"},"canonical":"https:\/\/unibellemoveis.com.br\/en\/product\/counter-oven-and-cooktop\/","og_locale":"en_US","og_type":"article","og_title":"Balc\u00e3o forno e cooktop - Unibelle M\u00f3veis","og_description":"Balc\u00e3o funcional para forno e cooktop da Unibelle M\u00f3veis, ideal para organizar e otimizar sua cozinha com design moderno e resistente.","og_url":"https:\/\/unibellemoveis.com.br\/en\/product\/counter-oven-and-cooktop\/","og_site_name":"Unibelle M\u00f3veis","article_modified_time":"2025-07-24T01:44:05+00:00","og_image":[{"width":1000,"height":1000,"url":"https:\/\/unibellemoveis.com.br\/wp-content\/uploads\/2025\/07\/1259-balcao-forno-fi-01-branco1-68818cc3f24c0.jpg","type":"image\/jpeg"}],"twitter_card":"summary_large_image","schema":{"@context":"https:\/\/schema.org","@graph":[{"@type":"WebPage","@id":"https:\/\/unibellemoveis.com.br\/produto\/balcao-forno-e-cooktop\/","url":"https:\/\/unibellemoveis.com.br\/produto\/balcao-forno-e-cooktop\/","name":"Oven and cooktop counter - Unibelle M\u00f3veis","isPartOf":{"@id":"https:\/\/unibellemoveis.com.br\/#website"},"primaryImageOfPage":{"@id":"https:\/\/unibellemoveis.com.br\/produto\/balcao-forno-e-cooktop\/#primaryimage"},"image":{"@id":"https:\/\/unibellemoveis.com.br\/produto\/balcao-forno-e-cooktop\/#primaryimage"},"thumbnailUrl":"https:\/\/unibellemoveis.com.br\/wp-content\/uploads\/2025\/07\/1259-balcao-forno-fi-01-branco1-68818cc3f24c0-1.jpg","datePublished":"2025-07-24T01:31:22+00:00","dateModified":"2025-07-24T01:44:05+00:00","breadcrumb":{"@id":"https:\/\/unibellemoveis.com.br\/produto\/balcao-forno-e-cooktop\/#breadcrumb"},"inLanguage":"en-US","potentialAction":[{"@type":"ReadAction","target":["https:\/\/unibellemoveis.com.br\/produto\/balcao-forno-e-cooktop\/"]}]},{"@type":"ImageObject","inLanguage":"en-US","@id":"https:\/\/unibellemoveis.com.br\/produto\/balcao-forno-e-cooktop\/#primaryimage","url":"https:\/\/unibellemoveis.com.br\/wp-content\/uploads\/2025\/07\/1259-balcao-forno-fi-01-branco1-68818cc3f24c0-1.jpg","contentUrl":"https:\/\/unibellemoveis.com.br\/wp-content\/uploads\/2025\/07\/1259-balcao-forno-fi-01-branco1-68818cc3f24c0-1.jpg","width":1000,"height":1000},{"@type":"BreadcrumbList","@id":"https:\/\/unibellemoveis.com.br\/produto\/balcao-forno-e-cooktop\/#breadcrumb","itemListElement":[{"@type":"ListItem","position":1,"name":"In\u00edcio","item":"https:\/\/unibellemoveis.com.br\/"},{"@type":"ListItem","position":2,"name":"Produtos","item":"https:\/\/unibellemoveis.com.br\/produtos\/"},{"@type":"ListItem","position":3,"name":"Balc\u00e3o forno e cooktop"}]},{"@type":"WebSite","@id":"https:\/\/unibellemoveis.com.br\/#website","url":"https:\/\/unibellemoveis.com.br\/","name":"Unibelle Furniture","description":"Unibelle Furniture","publisher":{"@id":"https:\/\/unibellemoveis.com.br\/#organization"},"potentialAction":[{"@type":"SearchAction","target":{"@type":"EntryPoint","urlTemplate":"https:\/\/unibellemoveis.com.br\/?s={search_term_string}"},"query-input":{"@type":"PropertyValueSpecification","valueRequired":true,"valueName":"search_term_string"}}],"inLanguage":"en-US"},{"@type":"Organization","@id":"https:\/\/unibellemoveis.com.br\/#organization","name":"Unibele M\u00f3veis","alternateName":"Unibele M\u00f3veis","url":"https:\/\/unibellemoveis.com.br\/","logo":{"@type":"ImageObject","inLanguage":"en-US","@id":"https:\/\/unibellemoveis.com.br\/#\/schema\/logo\/image\/","url":"https:\/\/unibellemoveis.com.br\/wp-content\/uploads\/2024\/04\/Logo-02.webp","contentUrl":"https:\/\/unibellemoveis.com.br\/wp-content\/uploads\/2024\/04\/Logo-02.webp","width":2363,"height":754,"caption":"Unibele M\u00f3veis"},"image":{"@id":"https:\/\/unibellemoveis.com.br\/#\/schema\/logo\/image\/"}}]}},"_links":{"self":[{"href":"https:\/\/unibellemoveis.com.br\/en\/wp-json\/wp\/v2\/product\/2753","targetHints":{"allow":["GET"]}}],"collection":[{"href":"https:\/\/unibellemoveis.com.br\/en\/wp-json\/wp\/v2\/product"}],"about":[{"href":"https:\/\/unibellemoveis.com.br\/en\/wp-json\/wp\/v2\/types\/product"}],"replies":[{"embeddable":true,"href":"https:\/\/unibellemoveis.com.br\/en\/wp-json\/wp\/v2\/comments?post=2753"}],"version-history":[{"count":2,"href":"https:\/\/unibellemoveis.com.br\/en\/wp-json\/wp\/v2\/product\/2753\/revisions"}],"predecessor-version":[{"id":2756,"href":"https:\/\/unibellemoveis.com.br\/en\/wp-json\/wp\/v2\/product\/2753\/revisions\/2756"}],"wp:featuredmedia":[{"embeddable":true,"href":"https:\/\/unibellemoveis.com.br\/en\/wp-json\/wp\/v2\/media\/2757"}],"wp:attachment":[{"href":"https:\/\/unibellemoveis.com.br\/en\/wp-json\/wp\/v2\/media?parent=2753"}],"wp:term":[{"taxonomy":"product_brand","embeddable":true,"href":"https:\/\/unibellemoveis.com.br\/en\/wp-json\/wp\/v2\/product_brand?post=2753"},{"taxonomy":"product_cat","embeddable":true,"href":"https:\/\/unibellemoveis.com.br\/en\/wp-json\/wp\/v2\/product_cat?post=2753"},{"taxonomy":"product_tag","embeddable":true,"href":"https:\/\/unibellemoveis.com.br\/en\/wp-json\/wp\/v2\/product_tag?post=2753"}],"curies":[{"name":"wp","href":"https:\/\/api.w.org\/{rel}","templated":true}]}}