{"id":2361,"date":"2024-09-17T17:02:39","date_gmt":"2024-09-17T20:02:39","guid":{"rendered":"https:\/\/unibellemoveis.com.br\/?post_type=product&#038;p=2361"},"modified":"2025-07-23T23:15:00","modified_gmt":"2025-07-24T02:15:00","slug":"calista-de-cocina-compacta","status":"publish","type":"product","link":"https:\/\/unibellemoveis.com.br\/es\/producto\/calista-de-cocina-compacta\/","title":{"rendered":"Cocina compacta Calista"},"content":{"rendered":"<div class=\"flex-shrink-0 flex flex-col relative items-end\">\n<div class=\"pt-0.5 juice:pt-0\">\n<div class=\"gizmo-bot-avatar flex h-6 w-6 items-center justify-center overflow-hidden rounded-full juice:h-8 juice:w-8\">\n<div class=\"relative p-1 rounded-sm flex items-center justify-center bg-token-main-surface-primary text-token-text-primary h-8 w-8\">\n<h3>Cocina compacta Calista: sofisticaci\u00f3n y funcionalidad<\/h3>\n<p>Si quieres optimizar el espacio de tu cocina con estilo y funcionalidad, <strong>Cocina compacta Calista<\/strong>\u00a0Es la soluci\u00f3n perfecta. Con un dise\u00f1o moderno y elegante, ofrece practicidad para el d\u00eda a d\u00eda y es ideal para espacios reducidos que buscan organizaci\u00f3n y belleza.<\/p>\n<p><strong>Diferenciadores del producto:<\/strong><\/p>\n<ul>\n<li>Producido en <strong>100% MDP 15 mm<\/strong>, garantizando durabilidad y resistencia<\/li>\n<li><strong>Asas negras<\/strong> Detalles sofisticados que complementan el estilo moderno.<\/li>\n<li><strong>Deslizador de metal<\/strong> para un deslizamiento suave del caj\u00f3n<\/li>\n<li><strong>Patas regulables en altura<\/strong>, lo que proporciona flexibilidad en la instalaci\u00f3n.<\/li>\n<li>Espacio dedicado para <strong>horno<\/strong> y <strong>microonda<\/strong>, optimizando el uso del espacio<\/li>\n<li><strong>Estante interior<\/strong> para una mejor organizaci\u00f3n de los utensilios<\/li>\n<li>Las puertas inferiores empotradas proporcionan un acabado m\u00e1s refinado.<\/li>\n<\/ul>\n<p><strong>Especificaciones t\u00e9cnicas:<\/strong><\/p>\n<ul>\n<li><strong>Altura:<\/strong> 202 cm<\/li>\n<li><strong>Ancho:<\/strong> 160 cent\u00edmetros<\/li>\n<li><strong>Profundidad:<\/strong> 52 cent\u00edmetros<\/li>\n<li><strong>Espesor del material:<\/strong> 15 mil\u00edmetros<\/li>\n<li><strong>Capacidad c\u00fabica:<\/strong> 0,103 m\u00b3<\/li>\n<li><strong>Peso:<\/strong> 55 kg<\/li>\n<li><strong>Vol\u00famenes:<\/strong> 1<\/li>\n<\/ul>\n<p>La combinaci\u00f3n de colores <strong>Grafito<\/strong> y <strong>Miel de Dakar<\/strong> Aporta un toque sofisticado y contempor\u00e1neo a tu cocina, creando un ambiente m\u00e1s armonioso y pr\u00e1ctico. Adem\u00e1s, el espacio espec\u00edfico para el horno y el microondas optimiza a\u00fan m\u00e1s el espacio, facilitando el uso diario y ofreciendo mayor comodidad.<\/p>\n<p>Vea todos los modelos: <a href=\"https:\/\/unibellemoveis.com.br\/es\/categoria-producto\/cocina\/\">https:\/\/unibellemoveis.com.br\/categoria-produto\/cozinha\/<\/a><\/p>\n<\/div>\n<\/div>\n<\/div>\n<\/div>","protected":false},"excerpt":{"rendered":"<p>Cozinha Compacta Calista &#8211; Sofistica\u00e7\u00e3o e Funcionalidade Se voc\u00ea deseja otimizar o espa\u00e7o da sua cozinha com estilo e funcionalidade,<\/p>","protected":false},"featured_media":2366,"comment_status":"open","ping_status":"closed","template":"","meta":{"_joinchat":[]},"product_brand":[],"product_cat":[168,29],"product_tag":[],"class_list":{"0":"post-2361","1":"product","2":"type-product","3":"status-publish","4":"has-post-thumbnail","6":"product_cat-cozinha-compacta","7":"product_cat-cozinha","9":"first","10":"outofstock","11":"sale","12":"shipping-taxable","13":"purchasable","14":"product-type-simple"},"yoast_head":"<!-- This site is optimized with the Yoast SEO plugin v26.0 - https:\/\/yoast.com\/wordpress\/plugins\/seo\/ -->\n<title>Cozinha Compacta Calista - Unibelle M\u00f3veis<\/title>\n<meta name=\"description\" content=\"Cozinha Compacta Calista Descubra a Cozinha Compacta Calista que vai elevar a decora\u00e7\u00e3o do seu ambiente. Encomende j\u00e1 a sua!\" \/>\n<meta name=\"robots\" content=\"index, follow, max-snippet:-1, max-image-preview:large, max-video-preview:-1\" \/>\n<link rel=\"canonical\" href=\"https:\/\/unibellemoveis.com.br\/es\/producto\/calista-de-cocina-compacta\/\" \/>\n<meta property=\"og:locale\" content=\"es_ES\" \/>\n<meta property=\"og:type\" content=\"article\" \/>\n<meta property=\"og:title\" content=\"Cozinha Compacta Calista - Unibelle M\u00f3veis\" \/>\n<meta property=\"og:description\" content=\"Cozinha Compacta Calista Descubra a Cozinha Compacta Calista que vai elevar a decora\u00e7\u00e3o do seu ambiente. Encomende j\u00e1 a sua!\" \/>\n<meta property=\"og:url\" content=\"https:\/\/unibellemoveis.com.br\/es\/producto\/calista-de-cocina-compacta\/\" \/>\n<meta property=\"og:site_name\" content=\"Unibelle M\u00f3veis\" \/>\n<meta property=\"article:modified_time\" content=\"2025-07-24T02:15:00+00:00\" \/>\n<meta property=\"og:image\" content=\"https:\/\/unibellemoveis.com.br\/wp-content\/uploads\/2024\/09\/CALISTA.webp\" \/>\n\t<meta property=\"og:image:width\" content=\"1000\" \/>\n\t<meta property=\"og:image:height\" content=\"1000\" \/>\n\t<meta property=\"og:image:type\" content=\"image\/webp\" \/>\n<meta name=\"twitter:card\" content=\"summary_large_image\" \/>\n<meta name=\"twitter:label1\" content=\"Tiempo de lectura\" \/>\n\t<meta name=\"twitter:data1\" content=\"2 minutos\" \/>\n<script type=\"application\/ld+json\" class=\"yoast-schema-graph\">{\"@context\":\"https:\/\/schema.org\",\"@graph\":[{\"@type\":\"WebPage\",\"@id\":\"https:\/\/unibellemoveis.com.br\/produto\/cozinha-compacta-calista\/\",\"url\":\"https:\/\/unibellemoveis.com.br\/produto\/cozinha-compacta-calista\/\",\"name\":\"Cozinha Compacta Calista - Unibelle M\u00f3veis\",\"isPartOf\":{\"@id\":\"https:\/\/unibellemoveis.com.br\/#website\"},\"primaryImageOfPage\":{\"@id\":\"https:\/\/unibellemoveis.com.br\/produto\/cozinha-compacta-calista\/#primaryimage\"},\"image\":{\"@id\":\"https:\/\/unibellemoveis.com.br\/produto\/cozinha-compacta-calista\/#primaryimage\"},\"thumbnailUrl\":\"https:\/\/unibellemoveis.com.br\/wp-content\/uploads\/2024\/09\/CALISTA.webp\",\"datePublished\":\"2024-09-17T20:02:39+00:00\",\"dateModified\":\"2025-07-24T02:15:00+00:00\",\"description\":\"Cozinha Compacta Calista Descubra a Cozinha Compacta Calista que vai elevar a decora\u00e7\u00e3o do seu ambiente. Encomende j\u00e1 a sua!\",\"breadcrumb\":{\"@id\":\"https:\/\/unibellemoveis.com.br\/produto\/cozinha-compacta-calista\/#breadcrumb\"},\"inLanguage\":\"es\",\"potentialAction\":[{\"@type\":\"ReadAction\",\"target\":[\"https:\/\/unibellemoveis.com.br\/produto\/cozinha-compacta-calista\/\"]}]},{\"@type\":\"ImageObject\",\"inLanguage\":\"es\",\"@id\":\"https:\/\/unibellemoveis.com.br\/produto\/cozinha-compacta-calista\/#primaryimage\",\"url\":\"https:\/\/unibellemoveis.com.br\/wp-content\/uploads\/2024\/09\/CALISTA.webp\",\"contentUrl\":\"https:\/\/unibellemoveis.com.br\/wp-content\/uploads\/2024\/09\/CALISTA.webp\",\"width\":1000,\"height\":1000,\"caption\":\"Calista\"},{\"@type\":\"BreadcrumbList\",\"@id\":\"https:\/\/unibellemoveis.com.br\/produto\/cozinha-compacta-calista\/#breadcrumb\",\"itemListElement\":[{\"@type\":\"ListItem\",\"position\":1,\"name\":\"In\u00edcio\",\"item\":\"https:\/\/unibellemoveis.com.br\/\"},{\"@type\":\"ListItem\",\"position\":2,\"name\":\"Produtos\",\"item\":\"https:\/\/unibellemoveis.com.br\/produtos\/\"},{\"@type\":\"ListItem\",\"position\":3,\"name\":\"Cozinha Compacta Calista\"}]},{\"@type\":\"WebSite\",\"@id\":\"https:\/\/unibellemoveis.com.br\/#website\",\"url\":\"https:\/\/unibellemoveis.com.br\/\",\"name\":\"Unibelle M\u00f3veis\",\"description\":\"Unibelle M\u00f3veis\",\"publisher\":{\"@id\":\"https:\/\/unibellemoveis.com.br\/#organization\"},\"potentialAction\":[{\"@type\":\"SearchAction\",\"target\":{\"@type\":\"EntryPoint\",\"urlTemplate\":\"https:\/\/unibellemoveis.com.br\/?s={search_term_string}\"},\"query-input\":{\"@type\":\"PropertyValueSpecification\",\"valueRequired\":true,\"valueName\":\"search_term_string\"}}],\"inLanguage\":\"es\"},{\"@type\":\"Organization\",\"@id\":\"https:\/\/unibellemoveis.com.br\/#organization\",\"name\":\"Unibele M\u00f3veis\",\"alternateName\":\"Unibele M\u00f3veis\",\"url\":\"https:\/\/unibellemoveis.com.br\/\",\"logo\":{\"@type\":\"ImageObject\",\"inLanguage\":\"es\",\"@id\":\"https:\/\/unibellemoveis.com.br\/#\/schema\/logo\/image\/\",\"url\":\"https:\/\/unibellemoveis.com.br\/wp-content\/uploads\/2024\/04\/Logo-02.webp\",\"contentUrl\":\"https:\/\/unibellemoveis.com.br\/wp-content\/uploads\/2024\/04\/Logo-02.webp\",\"width\":2363,\"height\":754,\"caption\":\"Unibele M\u00f3veis\"},\"image\":{\"@id\":\"https:\/\/unibellemoveis.com.br\/#\/schema\/logo\/image\/\"}}]}<\/script>\n<!-- \/ Yoast SEO plugin. -->","yoast_head_json":{"title":"Cocina compacta Calista - Muebles Unibelle","description":"Cocina compacta Calista: Descubre la cocina compacta Calista que realzar\u00e1 la decoraci\u00f3n de tu espacio. \u00a1P\u00eddela ahora!","robots":{"index":"index","follow":"follow","max-snippet":"max-snippet:-1","max-image-preview":"max-image-preview:large","max-video-preview":"max-video-preview:-1"},"canonical":"https:\/\/unibellemoveis.com.br\/es\/producto\/calista-de-cocina-compacta\/","og_locale":"es_ES","og_type":"article","og_title":"Cozinha Compacta Calista - Unibelle M\u00f3veis","og_description":"Cozinha Compacta Calista Descubra a Cozinha Compacta Calista que vai elevar a decora\u00e7\u00e3o do seu ambiente. Encomende j\u00e1 a sua!","og_url":"https:\/\/unibellemoveis.com.br\/es\/producto\/calista-de-cocina-compacta\/","og_site_name":"Unibelle M\u00f3veis","article_modified_time":"2025-07-24T02:15:00+00:00","og_image":[{"width":1000,"height":1000,"url":"https:\/\/unibellemoveis.com.br\/wp-content\/uploads\/2024\/09\/CALISTA.webp","type":"image\/webp"}],"twitter_card":"summary_large_image","twitter_misc":{"Tiempo de lectura":"2 minutos"},"schema":{"@context":"https:\/\/schema.org","@graph":[{"@type":"WebPage","@id":"https:\/\/unibellemoveis.com.br\/produto\/cozinha-compacta-calista\/","url":"https:\/\/unibellemoveis.com.br\/produto\/cozinha-compacta-calista\/","name":"Cocina compacta Calista - Muebles Unibelle","isPartOf":{"@id":"https:\/\/unibellemoveis.com.br\/#website"},"primaryImageOfPage":{"@id":"https:\/\/unibellemoveis.com.br\/produto\/cozinha-compacta-calista\/#primaryimage"},"image":{"@id":"https:\/\/unibellemoveis.com.br\/produto\/cozinha-compacta-calista\/#primaryimage"},"thumbnailUrl":"https:\/\/unibellemoveis.com.br\/wp-content\/uploads\/2024\/09\/CALISTA.webp","datePublished":"2024-09-17T20:02:39+00:00","dateModified":"2025-07-24T02:15:00+00:00","description":"Cocina compacta Calista: Descubre la cocina compacta Calista que realzar\u00e1 la decoraci\u00f3n de tu espacio. \u00a1P\u00eddela ahora!","breadcrumb":{"@id":"https:\/\/unibellemoveis.com.br\/produto\/cozinha-compacta-calista\/#breadcrumb"},"inLanguage":"es","potentialAction":[{"@type":"ReadAction","target":["https:\/\/unibellemoveis.com.br\/produto\/cozinha-compacta-calista\/"]}]},{"@type":"ImageObject","inLanguage":"es","@id":"https:\/\/unibellemoveis.com.br\/produto\/cozinha-compacta-calista\/#primaryimage","url":"https:\/\/unibellemoveis.com.br\/wp-content\/uploads\/2024\/09\/CALISTA.webp","contentUrl":"https:\/\/unibellemoveis.com.br\/wp-content\/uploads\/2024\/09\/CALISTA.webp","width":1000,"height":1000,"caption":"Calista"},{"@type":"BreadcrumbList","@id":"https:\/\/unibellemoveis.com.br\/produto\/cozinha-compacta-calista\/#breadcrumb","itemListElement":[{"@type":"ListItem","position":1,"name":"In\u00edcio","item":"https:\/\/unibellemoveis.com.br\/"},{"@type":"ListItem","position":2,"name":"Produtos","item":"https:\/\/unibellemoveis.com.br\/produtos\/"},{"@type":"ListItem","position":3,"name":"Cozinha Compacta Calista"}]},{"@type":"WebSite","@id":"https:\/\/unibellemoveis.com.br\/#website","url":"https:\/\/unibellemoveis.com.br\/","name":"Muebles Unibelle","description":"Muebles Unibelle","publisher":{"@id":"https:\/\/unibellemoveis.com.br\/#organization"},"potentialAction":[{"@type":"SearchAction","target":{"@type":"EntryPoint","urlTemplate":"https:\/\/unibellemoveis.com.br\/?s={search_term_string}"},"query-input":{"@type":"PropertyValueSpecification","valueRequired":true,"valueName":"search_term_string"}}],"inLanguage":"es"},{"@type":"Organization","@id":"https:\/\/unibellemoveis.com.br\/#organization","name":"Unibele M\u00f3veis","alternateName":"Unibele M\u00f3veis","url":"https:\/\/unibellemoveis.com.br\/","logo":{"@type":"ImageObject","inLanguage":"es","@id":"https:\/\/unibellemoveis.com.br\/#\/schema\/logo\/image\/","url":"https:\/\/unibellemoveis.com.br\/wp-content\/uploads\/2024\/04\/Logo-02.webp","contentUrl":"https:\/\/unibellemoveis.com.br\/wp-content\/uploads\/2024\/04\/Logo-02.webp","width":2363,"height":754,"caption":"Unibele M\u00f3veis"},"image":{"@id":"https:\/\/unibellemoveis.com.br\/#\/schema\/logo\/image\/"}}]}},"_links":{"self":[{"href":"https:\/\/unibellemoveis.com.br\/es\/wp-json\/wp\/v2\/product\/2361","targetHints":{"allow":["GET"]}}],"collection":[{"href":"https:\/\/unibellemoveis.com.br\/es\/wp-json\/wp\/v2\/product"}],"about":[{"href":"https:\/\/unibellemoveis.com.br\/es\/wp-json\/wp\/v2\/types\/product"}],"replies":[{"embeddable":true,"href":"https:\/\/unibellemoveis.com.br\/es\/wp-json\/wp\/v2\/comments?post=2361"}],"version-history":[{"count":2,"href":"https:\/\/unibellemoveis.com.br\/es\/wp-json\/wp\/v2\/product\/2361\/revisions"}],"predecessor-version":[{"id":2777,"href":"https:\/\/unibellemoveis.com.br\/es\/wp-json\/wp\/v2\/product\/2361\/revisions\/2777"}],"wp:featuredmedia":[{"embeddable":true,"href":"https:\/\/unibellemoveis.com.br\/es\/wp-json\/wp\/v2\/media\/2366"}],"wp:attachment":[{"href":"https:\/\/unibellemoveis.com.br\/es\/wp-json\/wp\/v2\/media?parent=2361"}],"wp:term":[{"taxonomy":"product_brand","embeddable":true,"href":"https:\/\/unibellemoveis.com.br\/es\/wp-json\/wp\/v2\/product_brand?post=2361"},{"taxonomy":"product_cat","embeddable":true,"href":"https:\/\/unibellemoveis.com.br\/es\/wp-json\/wp\/v2\/product_cat?post=2361"},{"taxonomy":"product_tag","embeddable":true,"href":"https:\/\/unibellemoveis.com.br\/es\/wp-json\/wp\/v2\/product_tag?post=2361"}],"curies":[{"name":"wp","href":"https:\/\/api.w.org\/{rel}","templated":true}]}}