{"id":2394,"date":"2024-09-17T18:21:03","date_gmt":"2024-09-17T21:21:03","guid":{"rendered":"https:\/\/unibellemoveis.com.br\/?post_type=product&#038;p=2394"},"modified":"2024-09-17T18:24:09","modified_gmt":"2024-09-17T21:24:09","slug":"balcao-fruteira-com-uma-gaveta","status":"publish","type":"product","link":"https:\/\/unibellemoveis.com.br\/es\/producto\/balcao-fruteira-com-uma-gaveta\/","title":{"rendered":"Mostrador de frutas con un caj\u00f3n"},"content":{"rendered":"<div class=\"flex-shrink-0 flex flex-col relative items-end\">\n<div class=\"pt-0.5 juice:pt-0\">\n<div class=\"gizmo-bot-avatar flex h-6 w-6 items-center justify-center overflow-hidden rounded-full juice:h-8 juice:w-8\">\n<div class=\"relative p-1 rounded-sm flex items-center justify-center bg-token-main-surface-primary text-token-text-primary h-8 w-8\">\n<h3>Mostrador de frutas con un caj\u00f3n<\/h3>\n<p>EL <strong>Mostrador de frutas con un caj\u00f3n<\/strong> Es la soluci\u00f3n ideal para quienes buscan organizaci\u00f3n y practicidad en la cocina. Compacta y funcional, cuenta con dos fruteros y un caj\u00f3n superior, lo que permite almacenar adecuadamente los alimentos y los utensilios, manteniendo el ambiente organizado y eficiente.<\/p>\n<p><strong>Diferenciadores del producto:<\/strong><\/p>\n<ul>\n<li>Hecho en <strong>100% MDP 15 mm<\/strong>, garantizando durabilidad y resistencia<\/li>\n<li><strong>1 caj\u00f3n<\/strong> com puxador cromado, proporcionando praticidade no armazenamento de utens\u00edlios<\/li>\n<li><strong>2 cestos de pl\u00e1stico remov\u00edveis<\/strong>, perfeitos para armazenar frutas e vegetais de forma organizada<\/li>\n<li>Design compacto, ideal para otimizar espa\u00e7os em cozinhas pequenas<\/li>\n<\/ul>\n<p><strong>Especificaciones t\u00e9cnicas:<\/strong><\/p>\n<ul>\n<li><strong>Altura:<\/strong> 78 cent\u00edmetros<\/li>\n<li><strong>Ancho:<\/strong> 35 cent\u00edmetros<\/li>\n<li><strong>Profundidad:<\/strong> 32 cent\u00edmetros<\/li>\n<li><strong>Espesor del material:<\/strong> 15 mil\u00edmetros<\/li>\n<li><strong>Capacidad c\u00fabica:<\/strong> 0,022 m\u00b3<\/li>\n<li><strong>Peso:<\/strong> 9 kilos<\/li>\n<li><strong>Vol\u00famenes:<\/strong> 2<\/li>\n<\/ul>\n<p>EL <strong>Mostrador de frutas con un caj\u00f3n<\/strong> \u00e9 uma excelente escolha para quem precisa organizar alimentos e utens\u00edlios de cozinha de forma eficiente, sem ocupar muito espa\u00e7o. Com cestos remov\u00edveis e uma gaveta espa\u00e7osa, ele garante praticidade no dia a dia.<\/p>\n<p>Vea todos los modelos: <a href=\"https:\/\/unibellemoveis.com.br\/es\/categoria-producto\/cocina\/\">https:\/\/unibellemoveis.com.br\/categoria-produto\/cozinha\/<\/a><\/p>\n<\/div>\n<\/div>\n<\/div>\n<\/div>","protected":false},"excerpt":{"rendered":"<p>EL <strong>Mostrador de frutas con un caj\u00f3n<\/strong> Es la soluci\u00f3n ideal para quienes buscan organizaci\u00f3n y practicidad en la cocina. Compacta y funcional, cuenta con dos fruteros y un caj\u00f3n superior, lo que permite almacenar adecuadamente los alimentos y los utensilios, manteniendo el ambiente organizado y eficiente.<\/p>","protected":false},"featured_media":2395,"comment_status":"open","ping_status":"closed","template":"","meta":{"_joinchat":[]},"product_brand":[],"product_cat":[29],"product_tag":[],"class_list":{"0":"post-2394","1":"product","2":"type-product","3":"status-publish","4":"has-post-thumbnail","6":"product_cat-cozinha","8":"first","9":"instock","10":"shipping-taxable","11":"product-type-simple"},"yoast_head":"<!-- This site is optimized with the Yoast SEO plugin v26.0 - https:\/\/yoast.com\/wordpress\/plugins\/seo\/ -->\n<title>Balc\u00e3o Fruteira com Uma Gaveta - Unibelle M\u00f3veis<\/title>\n<meta name=\"description\" content=\"Balc\u00e3o Fruteira com Uma Gaveta \u00e9 a solu\u00e7\u00e3o perfeita para quem deseja praticidade e organiza\u00e7\u00e3o na cozinha. Adquira j\u00e1 a sua!\" \/>\n<meta name=\"robots\" content=\"index, follow, max-snippet:-1, max-image-preview:large, max-video-preview:-1\" \/>\n<link rel=\"canonical\" href=\"https:\/\/unibellemoveis.com.br\/es\/producto\/balcao-fruteira-com-uma-gaveta\/\" \/>\n<meta property=\"og:locale\" content=\"es_ES\" \/>\n<meta property=\"og:type\" content=\"article\" \/>\n<meta property=\"og:title\" content=\"Balc\u00e3o Fruteira com Uma Gaveta - Unibelle M\u00f3veis\" \/>\n<meta property=\"og:description\" content=\"Balc\u00e3o Fruteira com Uma Gaveta \u00e9 a solu\u00e7\u00e3o perfeita para quem deseja praticidade e organiza\u00e7\u00e3o na cozinha. Adquira j\u00e1 a sua!\" \/>\n<meta property=\"og:url\" content=\"https:\/\/unibellemoveis.com.br\/es\/producto\/balcao-fruteira-com-uma-gaveta\/\" \/>\n<meta property=\"og:site_name\" content=\"Unibelle M\u00f3veis\" \/>\n<meta property=\"article:modified_time\" content=\"2024-09-17T21:24:09+00:00\" \/>\n<meta property=\"og:image\" content=\"https:\/\/unibellemoveis.com.br\/wp-content\/uploads\/2024\/09\/BFSA3583-Balcao-Fruteira-1G-FI01-Branco.webp\" \/>\n\t<meta property=\"og:image:width\" content=\"2000\" \/>\n\t<meta property=\"og:image:height\" content=\"2000\" \/>\n\t<meta property=\"og:image:type\" content=\"image\/webp\" \/>\n<meta name=\"twitter:card\" content=\"summary_large_image\" \/>\n<meta name=\"twitter:label1\" content=\"Tiempo de lectura\" \/>\n\t<meta name=\"twitter:data1\" content=\"2 minutos\" \/>\n<script type=\"application\/ld+json\" class=\"yoast-schema-graph\">{\"@context\":\"https:\/\/schema.org\",\"@graph\":[{\"@type\":\"WebPage\",\"@id\":\"https:\/\/unibellemoveis.com.br\/produto\/balcao-fruteira-com-uma-gaveta\/\",\"url\":\"https:\/\/unibellemoveis.com.br\/produto\/balcao-fruteira-com-uma-gaveta\/\",\"name\":\"Balc\u00e3o Fruteira com Uma Gaveta - Unibelle M\u00f3veis\",\"isPartOf\":{\"@id\":\"https:\/\/unibellemoveis.com.br\/#website\"},\"primaryImageOfPage\":{\"@id\":\"https:\/\/unibellemoveis.com.br\/produto\/balcao-fruteira-com-uma-gaveta\/#primaryimage\"},\"image\":{\"@id\":\"https:\/\/unibellemoveis.com.br\/produto\/balcao-fruteira-com-uma-gaveta\/#primaryimage\"},\"thumbnailUrl\":\"https:\/\/unibellemoveis.com.br\/wp-content\/uploads\/2024\/09\/BFSA3583-Balcao-Fruteira-1G-FI01-Branco.webp\",\"datePublished\":\"2024-09-17T21:21:03+00:00\",\"dateModified\":\"2024-09-17T21:24:09+00:00\",\"description\":\"Balc\u00e3o Fruteira com Uma Gaveta \u00e9 a solu\u00e7\u00e3o perfeita para quem deseja praticidade e organiza\u00e7\u00e3o na cozinha. Adquira j\u00e1 a sua!\",\"breadcrumb\":{\"@id\":\"https:\/\/unibellemoveis.com.br\/produto\/balcao-fruteira-com-uma-gaveta\/#breadcrumb\"},\"inLanguage\":\"es\",\"potentialAction\":[{\"@type\":\"ReadAction\",\"target\":[\"https:\/\/unibellemoveis.com.br\/produto\/balcao-fruteira-com-uma-gaveta\/\"]}]},{\"@type\":\"ImageObject\",\"inLanguage\":\"es\",\"@id\":\"https:\/\/unibellemoveis.com.br\/produto\/balcao-fruteira-com-uma-gaveta\/#primaryimage\",\"url\":\"https:\/\/unibellemoveis.com.br\/wp-content\/uploads\/2024\/09\/BFSA3583-Balcao-Fruteira-1G-FI01-Branco.webp\",\"contentUrl\":\"https:\/\/unibellemoveis.com.br\/wp-content\/uploads\/2024\/09\/BFSA3583-Balcao-Fruteira-1G-FI01-Branco.webp\",\"width\":2000,\"height\":2000,\"caption\":\"BFSA3583 - Balc\u00e3o Fruteira 1G - FI01 - Branco\"},{\"@type\":\"BreadcrumbList\",\"@id\":\"https:\/\/unibellemoveis.com.br\/produto\/balcao-fruteira-com-uma-gaveta\/#breadcrumb\",\"itemListElement\":[{\"@type\":\"ListItem\",\"position\":1,\"name\":\"In\u00edcio\",\"item\":\"https:\/\/unibellemoveis.com.br\/\"},{\"@type\":\"ListItem\",\"position\":2,\"name\":\"Produtos\",\"item\":\"https:\/\/unibellemoveis.com.br\/produtos\/\"},{\"@type\":\"ListItem\",\"position\":3,\"name\":\"Balc\u00e3o Fruteira com Uma Gaveta\"}]},{\"@type\":\"WebSite\",\"@id\":\"https:\/\/unibellemoveis.com.br\/#website\",\"url\":\"https:\/\/unibellemoveis.com.br\/\",\"name\":\"Unibelle M\u00f3veis\",\"description\":\"Unibelle M\u00f3veis\",\"publisher\":{\"@id\":\"https:\/\/unibellemoveis.com.br\/#organization\"},\"potentialAction\":[{\"@type\":\"SearchAction\",\"target\":{\"@type\":\"EntryPoint\",\"urlTemplate\":\"https:\/\/unibellemoveis.com.br\/?s={search_term_string}\"},\"query-input\":{\"@type\":\"PropertyValueSpecification\",\"valueRequired\":true,\"valueName\":\"search_term_string\"}}],\"inLanguage\":\"es\"},{\"@type\":\"Organization\",\"@id\":\"https:\/\/unibellemoveis.com.br\/#organization\",\"name\":\"Unibele M\u00f3veis\",\"alternateName\":\"Unibele M\u00f3veis\",\"url\":\"https:\/\/unibellemoveis.com.br\/\",\"logo\":{\"@type\":\"ImageObject\",\"inLanguage\":\"es\",\"@id\":\"https:\/\/unibellemoveis.com.br\/#\/schema\/logo\/image\/\",\"url\":\"https:\/\/unibellemoveis.com.br\/wp-content\/uploads\/2024\/04\/Logo-02.webp\",\"contentUrl\":\"https:\/\/unibellemoveis.com.br\/wp-content\/uploads\/2024\/04\/Logo-02.webp\",\"width\":2363,\"height\":754,\"caption\":\"Unibele M\u00f3veis\"},\"image\":{\"@id\":\"https:\/\/unibellemoveis.com.br\/#\/schema\/logo\/image\/\"}}]}<\/script>\n<!-- \/ Yoast SEO plugin. -->","yoast_head_json":{"title":"Balc\u00e3o Fruteira com Uma Gaveta - Unibelle M\u00f3veis","description":"Balc\u00e3o Fruteira com Uma Gaveta \u00e9 a solu\u00e7\u00e3o perfeita para quem deseja praticidade e organiza\u00e7\u00e3o na cozinha. Adquira j\u00e1 a sua!","robots":{"index":"index","follow":"follow","max-snippet":"max-snippet:-1","max-image-preview":"max-image-preview:large","max-video-preview":"max-video-preview:-1"},"canonical":"https:\/\/unibellemoveis.com.br\/es\/producto\/balcao-fruteira-com-uma-gaveta\/","og_locale":"es_ES","og_type":"article","og_title":"Balc\u00e3o Fruteira com Uma Gaveta - Unibelle M\u00f3veis","og_description":"Balc\u00e3o Fruteira com Uma Gaveta \u00e9 a solu\u00e7\u00e3o perfeita para quem deseja praticidade e organiza\u00e7\u00e3o na cozinha. Adquira j\u00e1 a sua!","og_url":"https:\/\/unibellemoveis.com.br\/es\/producto\/balcao-fruteira-com-uma-gaveta\/","og_site_name":"Unibelle M\u00f3veis","article_modified_time":"2024-09-17T21:24:09+00:00","og_image":[{"width":2000,"height":2000,"url":"https:\/\/unibellemoveis.com.br\/wp-content\/uploads\/2024\/09\/BFSA3583-Balcao-Fruteira-1G-FI01-Branco.webp","type":"image\/webp"}],"twitter_card":"summary_large_image","twitter_misc":{"Tiempo de lectura":"2 minutos"},"schema":{"@context":"https:\/\/schema.org","@graph":[{"@type":"WebPage","@id":"https:\/\/unibellemoveis.com.br\/produto\/balcao-fruteira-com-uma-gaveta\/","url":"https:\/\/unibellemoveis.com.br\/produto\/balcao-fruteira-com-uma-gaveta\/","name":"Balc\u00e3o Fruteira com Uma Gaveta - Unibelle M\u00f3veis","isPartOf":{"@id":"https:\/\/unibellemoveis.com.br\/#website"},"primaryImageOfPage":{"@id":"https:\/\/unibellemoveis.com.br\/produto\/balcao-fruteira-com-uma-gaveta\/#primaryimage"},"image":{"@id":"https:\/\/unibellemoveis.com.br\/produto\/balcao-fruteira-com-uma-gaveta\/#primaryimage"},"thumbnailUrl":"https:\/\/unibellemoveis.com.br\/wp-content\/uploads\/2024\/09\/BFSA3583-Balcao-Fruteira-1G-FI01-Branco.webp","datePublished":"2024-09-17T21:21:03+00:00","dateModified":"2024-09-17T21:24:09+00:00","description":"Balc\u00e3o Fruteira com Uma Gaveta \u00e9 a solu\u00e7\u00e3o perfeita para quem deseja praticidade e organiza\u00e7\u00e3o na cozinha. Adquira j\u00e1 a sua!","breadcrumb":{"@id":"https:\/\/unibellemoveis.com.br\/produto\/balcao-fruteira-com-uma-gaveta\/#breadcrumb"},"inLanguage":"es","potentialAction":[{"@type":"ReadAction","target":["https:\/\/unibellemoveis.com.br\/produto\/balcao-fruteira-com-uma-gaveta\/"]}]},{"@type":"ImageObject","inLanguage":"es","@id":"https:\/\/unibellemoveis.com.br\/produto\/balcao-fruteira-com-uma-gaveta\/#primaryimage","url":"https:\/\/unibellemoveis.com.br\/wp-content\/uploads\/2024\/09\/BFSA3583-Balcao-Fruteira-1G-FI01-Branco.webp","contentUrl":"https:\/\/unibellemoveis.com.br\/wp-content\/uploads\/2024\/09\/BFSA3583-Balcao-Fruteira-1G-FI01-Branco.webp","width":2000,"height":2000,"caption":"BFSA3583 - Balc\u00e3o Fruteira 1G - FI01 - Branco"},{"@type":"BreadcrumbList","@id":"https:\/\/unibellemoveis.com.br\/produto\/balcao-fruteira-com-uma-gaveta\/#breadcrumb","itemListElement":[{"@type":"ListItem","position":1,"name":"In\u00edcio","item":"https:\/\/unibellemoveis.com.br\/"},{"@type":"ListItem","position":2,"name":"Produtos","item":"https:\/\/unibellemoveis.com.br\/produtos\/"},{"@type":"ListItem","position":3,"name":"Balc\u00e3o Fruteira com Uma Gaveta"}]},{"@type":"WebSite","@id":"https:\/\/unibellemoveis.com.br\/#website","url":"https:\/\/unibellemoveis.com.br\/","name":"Muebles Unibelle","description":"Muebles Unibelle","publisher":{"@id":"https:\/\/unibellemoveis.com.br\/#organization"},"potentialAction":[{"@type":"SearchAction","target":{"@type":"EntryPoint","urlTemplate":"https:\/\/unibellemoveis.com.br\/?s={search_term_string}"},"query-input":{"@type":"PropertyValueSpecification","valueRequired":true,"valueName":"search_term_string"}}],"inLanguage":"es"},{"@type":"Organization","@id":"https:\/\/unibellemoveis.com.br\/#organization","name":"Unibele M\u00f3veis","alternateName":"Unibele M\u00f3veis","url":"https:\/\/unibellemoveis.com.br\/","logo":{"@type":"ImageObject","inLanguage":"es","@id":"https:\/\/unibellemoveis.com.br\/#\/schema\/logo\/image\/","url":"https:\/\/unibellemoveis.com.br\/wp-content\/uploads\/2024\/04\/Logo-02.webp","contentUrl":"https:\/\/unibellemoveis.com.br\/wp-content\/uploads\/2024\/04\/Logo-02.webp","width":2363,"height":754,"caption":"Unibele M\u00f3veis"},"image":{"@id":"https:\/\/unibellemoveis.com.br\/#\/schema\/logo\/image\/"}}]}},"_links":{"self":[{"href":"https:\/\/unibellemoveis.com.br\/es\/wp-json\/wp\/v2\/product\/2394","targetHints":{"allow":["GET"]}}],"collection":[{"href":"https:\/\/unibellemoveis.com.br\/es\/wp-json\/wp\/v2\/product"}],"about":[{"href":"https:\/\/unibellemoveis.com.br\/es\/wp-json\/wp\/v2\/types\/product"}],"replies":[{"embeddable":true,"href":"https:\/\/unibellemoveis.com.br\/es\/wp-json\/wp\/v2\/comments?post=2394"}],"version-history":[{"count":1,"href":"https:\/\/unibellemoveis.com.br\/es\/wp-json\/wp\/v2\/product\/2394\/revisions"}],"predecessor-version":[{"id":2396,"href":"https:\/\/unibellemoveis.com.br\/es\/wp-json\/wp\/v2\/product\/2394\/revisions\/2396"}],"wp:featuredmedia":[{"embeddable":true,"href":"https:\/\/unibellemoveis.com.br\/es\/wp-json\/wp\/v2\/media\/2395"}],"wp:attachment":[{"href":"https:\/\/unibellemoveis.com.br\/es\/wp-json\/wp\/v2\/media?parent=2394"}],"wp:term":[{"taxonomy":"product_brand","embeddable":true,"href":"https:\/\/unibellemoveis.com.br\/es\/wp-json\/wp\/v2\/product_brand?post=2394"},{"taxonomy":"product_cat","embeddable":true,"href":"https:\/\/unibellemoveis.com.br\/es\/wp-json\/wp\/v2\/product_cat?post=2394"},{"taxonomy":"product_tag","embeddable":true,"href":"https:\/\/unibellemoveis.com.br\/es\/wp-json\/wp\/v2\/product_tag?post=2394"}],"curies":[{"name":"wp","href":"https:\/\/api.w.org\/{rel}","templated":true}]}}