{"id":2534,"date":"2024-09-18T16:19:04","date_gmt":"2024-09-18T19:19:04","guid":{"rendered":"https:\/\/unibellemoveis.com.br\/?post_type=product&#038;p=2534"},"modified":"2024-09-18T16:37:37","modified_gmt":"2024-09-18T19:37:37","slug":"aparador-com-3-portas-91cm","status":"publish","type":"product","link":"https:\/\/unibellemoveis.com.br\/es\/producto\/aparador-com-3-portas-91cm\/","title":{"rendered":"Aparador con 3 puertas 91cm"},"content":{"rendered":"<div class=\"flex-shrink-0 flex flex-col relative items-end\">\n<div class=\"pt-0.5 juice:pt-0\">\n<div class=\"gizmo-bot-avatar flex h-6 w-6 items-center justify-center overflow-hidden rounded-full juice:h-8 juice:w-8\">\n<div class=\"relative p-1 rounded-sm flex items-center justify-center bg-token-main-surface-primary text-token-text-primary h-8 w-8\">\n<h3>Aparador con 3 puertas 91cm<\/h3>\n<p>EL <strong>Aparador con 3 puertas<\/strong>\u00a0en colores <strong>Blanco y nogal<\/strong> Es la pieza ideal para quienes buscan combinar funcionalidad con un toque de encanto vintage. Con un dise\u00f1o retro y patas de madera, aporta elegancia y sofisticaci\u00f3n a salas de estar, comedores y otros espacios. La barra ofrece amplio espacio de almacenamiento, con estantes internos y puertas integradas que garantizan organizaci\u00f3n y practicidad.<\/p>\n<p><strong>Diferenciadores del producto:<\/strong><\/p>\n<ul>\n<li>Producido en <strong>100% MDP 15 mm<\/strong>, garantizando resistencia y durabilidad<\/li>\n<li><strong>Bisagras de cierre suave<\/strong>, proporcionando un cierre suave y silencioso<\/li>\n<li><strong>Puertas empotradas<\/strong>, mantendo o visual limpo e organizado<\/li>\n<li><strong>Estante interior<\/strong> para optimizar el espacio de almacenamiento<\/li>\n<li>Design no <strong>estilo retr\u00f4<\/strong>, com p\u00e9s em madeira maci\u00e7a, proporcionando charme e estabilidade<\/li>\n<\/ul>\n<p><strong>Especificaciones t\u00e9cnicas:<\/strong><\/p>\n<ul>\n<li><strong>Altura:<\/strong> 87 cent\u00edmetros<\/li>\n<li><strong>Ancho:<\/strong> 91 cm<\/li>\n<li><strong>Profundidad:<\/strong> 36 cent\u00edmetros<\/li>\n<li><strong>Espesor del material:<\/strong> 15 mil\u00edmetros<\/li>\n<li><strong>Capacidad c\u00fabica:<\/strong> 0,035 m\u00b3<\/li>\n<li><strong>Peso:<\/strong> 25 kg<\/li>\n<li><strong>Vol\u00famenes:<\/strong> 1<\/li>\n<\/ul>\n<p>EL <strong>Aparador con 3 puertas<\/strong>\u00a0\u00e9 perfeito para quem busca uma pe\u00e7a que una estilo e praticidade, proporcionando organiza\u00e7\u00e3o com um toque vintage em qualquer ambiente.<\/p>\n<p>Descubre todos los modelos: <a href=\"https:\/\/unibellemoveis.com.br\/es\/categoria-producto\/habitacion\/\">https:\/\/unibellemoveis.com.br\/categoria-produto\/sala\/<\/a><\/p>\n<\/div>\n<\/div>\n<\/div>\n<\/div>","protected":false},"excerpt":{"rendered":"<p>EL <strong>Aparador con 3 puertas<\/strong>\u00a0en colores <strong>Blanco y nogal<\/strong> Es la pieza ideal para quienes buscan combinar funcionalidad con un toque de encanto vintage. Con un dise\u00f1o retro y patas de madera, aporta elegancia y sofisticaci\u00f3n a salas de estar, comedores y otros espacios. La barra ofrece amplio espacio de almacenamiento, con estantes internos y puertas integradas que garantizan organizaci\u00f3n y practicidad.<\/p>","protected":false},"featured_media":2537,"comment_status":"open","ping_status":"closed","template":"","meta":{"_joinchat":[]},"product_brand":[],"product_cat":[30],"product_tag":[],"class_list":{"0":"post-2534","1":"product","2":"type-product","3":"status-publish","4":"has-post-thumbnail","6":"product_cat-sala","8":"first","9":"instock","10":"featured","11":"shipping-taxable","12":"purchasable","13":"product-type-simple"},"yoast_head":"<!-- This site is optimized with the Yoast SEO plugin v26.0 - https:\/\/yoast.com\/wordpress\/plugins\/seo\/ -->\n<title>Aparador com 3 Portas 91cm - Unibelle M\u00f3veis<\/title>\n<meta name=\"description\" content=\"Aparador com 3 Portas 91cm Descubra o aparador perfeito para complementar a decora\u00e7\u00e3o do seu ambiente. Com design moderno e vers\u00e1til.\" \/>\n<meta name=\"robots\" content=\"index, follow, max-snippet:-1, max-image-preview:large, max-video-preview:-1\" \/>\n<link rel=\"canonical\" href=\"https:\/\/unibellemoveis.com.br\/es\/producto\/aparador-com-3-portas-91cm\/\" \/>\n<meta property=\"og:locale\" content=\"es_ES\" \/>\n<meta property=\"og:type\" content=\"article\" \/>\n<meta property=\"og:title\" content=\"Aparador com 3 Portas 91cm - Unibelle M\u00f3veis\" \/>\n<meta property=\"og:description\" content=\"Aparador com 3 Portas 91cm Descubra o aparador perfeito para complementar a decora\u00e7\u00e3o do seu ambiente. Com design moderno e vers\u00e1til.\" \/>\n<meta property=\"og:url\" content=\"https:\/\/unibellemoveis.com.br\/es\/producto\/aparador-com-3-portas-91cm\/\" \/>\n<meta property=\"og:site_name\" content=\"Unibelle M\u00f3veis\" \/>\n<meta property=\"article:modified_time\" content=\"2024-09-18T19:37:37+00:00\" \/>\n<meta property=\"og:image\" content=\"https:\/\/unibellemoveis.com.br\/wp-content\/uploads\/2024\/09\/image_1009.png\" \/>\n\t<meta property=\"og:image:width\" content=\"682\" \/>\n\t<meta property=\"og:image:height\" content=\"566\" \/>\n\t<meta property=\"og:image:type\" content=\"image\/png\" \/>\n<meta name=\"twitter:card\" content=\"summary_large_image\" \/>\n<meta name=\"twitter:label1\" content=\"Tiempo de lectura\" \/>\n\t<meta name=\"twitter:data1\" content=\"2 minutos\" \/>\n<script type=\"application\/ld+json\" class=\"yoast-schema-graph\">{\"@context\":\"https:\/\/schema.org\",\"@graph\":[{\"@type\":\"WebPage\",\"@id\":\"https:\/\/unibellemoveis.com.br\/produto\/aparador-com-3-portas-91cm\/\",\"url\":\"https:\/\/unibellemoveis.com.br\/produto\/aparador-com-3-portas-91cm\/\",\"name\":\"Aparador com 3 Portas 91cm - Unibelle M\u00f3veis\",\"isPartOf\":{\"@id\":\"https:\/\/unibellemoveis.com.br\/#website\"},\"primaryImageOfPage\":{\"@id\":\"https:\/\/unibellemoveis.com.br\/produto\/aparador-com-3-portas-91cm\/#primaryimage\"},\"image\":{\"@id\":\"https:\/\/unibellemoveis.com.br\/produto\/aparador-com-3-portas-91cm\/#primaryimage\"},\"thumbnailUrl\":\"https:\/\/unibellemoveis.com.br\/wp-content\/uploads\/2024\/09\/image_1009.png\",\"datePublished\":\"2024-09-18T19:19:04+00:00\",\"dateModified\":\"2024-09-18T19:37:37+00:00\",\"description\":\"Aparador com 3 Portas 91cm Descubra o aparador perfeito para complementar a decora\u00e7\u00e3o do seu ambiente. Com design moderno e vers\u00e1til.\",\"breadcrumb\":{\"@id\":\"https:\/\/unibellemoveis.com.br\/produto\/aparador-com-3-portas-91cm\/#breadcrumb\"},\"inLanguage\":\"es\",\"potentialAction\":[{\"@type\":\"ReadAction\",\"target\":[\"https:\/\/unibellemoveis.com.br\/produto\/aparador-com-3-portas-91cm\/\"]}]},{\"@type\":\"ImageObject\",\"inLanguage\":\"es\",\"@id\":\"https:\/\/unibellemoveis.com.br\/produto\/aparador-com-3-portas-91cm\/#primaryimage\",\"url\":\"https:\/\/unibellemoveis.com.br\/wp-content\/uploads\/2024\/09\/image_1009.png\",\"contentUrl\":\"https:\/\/unibellemoveis.com.br\/wp-content\/uploads\/2024\/09\/image_1009.png\",\"width\":682,\"height\":566,\"caption\":\"Aparador com 3 Portas 91cm\"},{\"@type\":\"BreadcrumbList\",\"@id\":\"https:\/\/unibellemoveis.com.br\/produto\/aparador-com-3-portas-91cm\/#breadcrumb\",\"itemListElement\":[{\"@type\":\"ListItem\",\"position\":1,\"name\":\"In\u00edcio\",\"item\":\"https:\/\/unibellemoveis.com.br\/\"},{\"@type\":\"ListItem\",\"position\":2,\"name\":\"Produtos\",\"item\":\"https:\/\/unibellemoveis.com.br\/produtos\/\"},{\"@type\":\"ListItem\",\"position\":3,\"name\":\"Aparador com 3 Portas 91cm\"}]},{\"@type\":\"WebSite\",\"@id\":\"https:\/\/unibellemoveis.com.br\/#website\",\"url\":\"https:\/\/unibellemoveis.com.br\/\",\"name\":\"Unibelle M\u00f3veis\",\"description\":\"Unibelle M\u00f3veis\",\"publisher\":{\"@id\":\"https:\/\/unibellemoveis.com.br\/#organization\"},\"potentialAction\":[{\"@type\":\"SearchAction\",\"target\":{\"@type\":\"EntryPoint\",\"urlTemplate\":\"https:\/\/unibellemoveis.com.br\/?s={search_term_string}\"},\"query-input\":{\"@type\":\"PropertyValueSpecification\",\"valueRequired\":true,\"valueName\":\"search_term_string\"}}],\"inLanguage\":\"es\"},{\"@type\":\"Organization\",\"@id\":\"https:\/\/unibellemoveis.com.br\/#organization\",\"name\":\"Unibele M\u00f3veis\",\"alternateName\":\"Unibele M\u00f3veis\",\"url\":\"https:\/\/unibellemoveis.com.br\/\",\"logo\":{\"@type\":\"ImageObject\",\"inLanguage\":\"es\",\"@id\":\"https:\/\/unibellemoveis.com.br\/#\/schema\/logo\/image\/\",\"url\":\"https:\/\/unibellemoveis.com.br\/wp-content\/uploads\/2024\/04\/Logo-02.webp\",\"contentUrl\":\"https:\/\/unibellemoveis.com.br\/wp-content\/uploads\/2024\/04\/Logo-02.webp\",\"width\":2363,\"height\":754,\"caption\":\"Unibele M\u00f3veis\"},\"image\":{\"@id\":\"https:\/\/unibellemoveis.com.br\/#\/schema\/logo\/image\/\"}}]}<\/script>\n<!-- \/ Yoast SEO plugin. -->","yoast_head_json":{"title":"Aparador com 3 Portas 91cm - Unibelle M\u00f3veis","description":"Aparador com 3 Portas 91cm Descubra o aparador perfeito para complementar a decora\u00e7\u00e3o do seu ambiente. Com design moderno e vers\u00e1til.","robots":{"index":"index","follow":"follow","max-snippet":"max-snippet:-1","max-image-preview":"max-image-preview:large","max-video-preview":"max-video-preview:-1"},"canonical":"https:\/\/unibellemoveis.com.br\/es\/producto\/aparador-com-3-portas-91cm\/","og_locale":"es_ES","og_type":"article","og_title":"Aparador com 3 Portas 91cm - Unibelle M\u00f3veis","og_description":"Aparador com 3 Portas 91cm Descubra o aparador perfeito para complementar a decora\u00e7\u00e3o do seu ambiente. Com design moderno e vers\u00e1til.","og_url":"https:\/\/unibellemoveis.com.br\/es\/producto\/aparador-com-3-portas-91cm\/","og_site_name":"Unibelle M\u00f3veis","article_modified_time":"2024-09-18T19:37:37+00:00","og_image":[{"width":682,"height":566,"url":"https:\/\/unibellemoveis.com.br\/wp-content\/uploads\/2024\/09\/image_1009.png","type":"image\/png"}],"twitter_card":"summary_large_image","twitter_misc":{"Tiempo de lectura":"2 minutos"},"schema":{"@context":"https:\/\/schema.org","@graph":[{"@type":"WebPage","@id":"https:\/\/unibellemoveis.com.br\/produto\/aparador-com-3-portas-91cm\/","url":"https:\/\/unibellemoveis.com.br\/produto\/aparador-com-3-portas-91cm\/","name":"Aparador com 3 Portas 91cm - Unibelle M\u00f3veis","isPartOf":{"@id":"https:\/\/unibellemoveis.com.br\/#website"},"primaryImageOfPage":{"@id":"https:\/\/unibellemoveis.com.br\/produto\/aparador-com-3-portas-91cm\/#primaryimage"},"image":{"@id":"https:\/\/unibellemoveis.com.br\/produto\/aparador-com-3-portas-91cm\/#primaryimage"},"thumbnailUrl":"https:\/\/unibellemoveis.com.br\/wp-content\/uploads\/2024\/09\/image_1009.png","datePublished":"2024-09-18T19:19:04+00:00","dateModified":"2024-09-18T19:37:37+00:00","description":"Aparador com 3 Portas 91cm Descubra o aparador perfeito para complementar a decora\u00e7\u00e3o do seu ambiente. Com design moderno e vers\u00e1til.","breadcrumb":{"@id":"https:\/\/unibellemoveis.com.br\/produto\/aparador-com-3-portas-91cm\/#breadcrumb"},"inLanguage":"es","potentialAction":[{"@type":"ReadAction","target":["https:\/\/unibellemoveis.com.br\/produto\/aparador-com-3-portas-91cm\/"]}]},{"@type":"ImageObject","inLanguage":"es","@id":"https:\/\/unibellemoveis.com.br\/produto\/aparador-com-3-portas-91cm\/#primaryimage","url":"https:\/\/unibellemoveis.com.br\/wp-content\/uploads\/2024\/09\/image_1009.png","contentUrl":"https:\/\/unibellemoveis.com.br\/wp-content\/uploads\/2024\/09\/image_1009.png","width":682,"height":566,"caption":"Aparador com 3 Portas 91cm"},{"@type":"BreadcrumbList","@id":"https:\/\/unibellemoveis.com.br\/produto\/aparador-com-3-portas-91cm\/#breadcrumb","itemListElement":[{"@type":"ListItem","position":1,"name":"In\u00edcio","item":"https:\/\/unibellemoveis.com.br\/"},{"@type":"ListItem","position":2,"name":"Produtos","item":"https:\/\/unibellemoveis.com.br\/produtos\/"},{"@type":"ListItem","position":3,"name":"Aparador com 3 Portas 91cm"}]},{"@type":"WebSite","@id":"https:\/\/unibellemoveis.com.br\/#website","url":"https:\/\/unibellemoveis.com.br\/","name":"Muebles Unibelle","description":"Muebles Unibelle","publisher":{"@id":"https:\/\/unibellemoveis.com.br\/#organization"},"potentialAction":[{"@type":"SearchAction","target":{"@type":"EntryPoint","urlTemplate":"https:\/\/unibellemoveis.com.br\/?s={search_term_string}"},"query-input":{"@type":"PropertyValueSpecification","valueRequired":true,"valueName":"search_term_string"}}],"inLanguage":"es"},{"@type":"Organization","@id":"https:\/\/unibellemoveis.com.br\/#organization","name":"Unibele M\u00f3veis","alternateName":"Unibele M\u00f3veis","url":"https:\/\/unibellemoveis.com.br\/","logo":{"@type":"ImageObject","inLanguage":"es","@id":"https:\/\/unibellemoveis.com.br\/#\/schema\/logo\/image\/","url":"https:\/\/unibellemoveis.com.br\/wp-content\/uploads\/2024\/04\/Logo-02.webp","contentUrl":"https:\/\/unibellemoveis.com.br\/wp-content\/uploads\/2024\/04\/Logo-02.webp","width":2363,"height":754,"caption":"Unibele M\u00f3veis"},"image":{"@id":"https:\/\/unibellemoveis.com.br\/#\/schema\/logo\/image\/"}}]}},"_links":{"self":[{"href":"https:\/\/unibellemoveis.com.br\/es\/wp-json\/wp\/v2\/product\/2534","targetHints":{"allow":["GET"]}}],"collection":[{"href":"https:\/\/unibellemoveis.com.br\/es\/wp-json\/wp\/v2\/product"}],"about":[{"href":"https:\/\/unibellemoveis.com.br\/es\/wp-json\/wp\/v2\/types\/product"}],"replies":[{"embeddable":true,"href":"https:\/\/unibellemoveis.com.br\/es\/wp-json\/wp\/v2\/comments?post=2534"}],"version-history":[{"count":2,"href":"https:\/\/unibellemoveis.com.br\/es\/wp-json\/wp\/v2\/product\/2534\/revisions"}],"predecessor-version":[{"id":2547,"href":"https:\/\/unibellemoveis.com.br\/es\/wp-json\/wp\/v2\/product\/2534\/revisions\/2547"}],"wp:featuredmedia":[{"embeddable":true,"href":"https:\/\/unibellemoveis.com.br\/es\/wp-json\/wp\/v2\/media\/2537"}],"wp:attachment":[{"href":"https:\/\/unibellemoveis.com.br\/es\/wp-json\/wp\/v2\/media?parent=2534"}],"wp:term":[{"taxonomy":"product_brand","embeddable":true,"href":"https:\/\/unibellemoveis.com.br\/es\/wp-json\/wp\/v2\/product_brand?post=2534"},{"taxonomy":"product_cat","embeddable":true,"href":"https:\/\/unibellemoveis.com.br\/es\/wp-json\/wp\/v2\/product_cat?post=2534"},{"taxonomy":"product_tag","embeddable":true,"href":"https:\/\/unibellemoveis.com.br\/es\/wp-json\/wp\/v2\/product_tag?post=2534"}],"curies":[{"name":"wp","href":"https:\/\/api.w.org\/{rel}","templated":true}]}}