{"id":2381,"date":"2024-09-17T17:35:38","date_gmt":"2024-09-17T20:35:38","guid":{"rendered":"https:\/\/unibellemoveis.com.br\/?post_type=product&#038;p=2381"},"modified":"2024-10-01T14:10:51","modified_gmt":"2024-10-01T17:10:51","slug":"cozinha-compacta-braganca","status":"publish","type":"product","link":"https:\/\/unibellemoveis.com.br\/pt_br\/produto\/cozinha-compacta-braganca\/","title":{"rendered":"Cozinha Compacta Bragan\u00e7a"},"content":{"rendered":"<div class=\"flex-shrink-0 flex flex-col relative items-end\">\n<div class=\"pt-0.5 juice:pt-0\">\n<div class=\"gizmo-bot-avatar flex h-6 w-6 items-center justify-center overflow-hidden rounded-full juice:h-8 juice:w-8\">\n<div class=\"relative p-1 rounded-sm flex items-center justify-center bg-token-main-surface-primary text-token-text-primary h-8 w-8\">\n<h3>Cozinha Compacta Bragan\u00e7a &#8211; Sofistica\u00e7\u00e3o e Funcionalidade<\/h3>\n<p>A <strong>Cozinha Compacta Bragan\u00e7a 246 cm<\/strong> \u00e9 a solu\u00e7\u00e3o perfeita para quem busca uma cozinha completa e funcional, ideal para grandes espa\u00e7os. Com um design moderno, ela combina o estilo sofisticado das cores <strong>Mel Dakar<\/strong> e <strong>Grafite<\/strong>, garantindo eleg\u00e2ncia e praticidade no ambiente.<\/p>\n<p><strong>Diferenciais do Produto:<\/strong><\/p>\n<ul>\n<li>Produzida em <strong>100% MDP 15mm<\/strong>, oferecendo alta resist\u00eancia e durabilidade<\/li>\n<li><strong>Puxadores cromados<\/strong>, proporcionando um visual moderno e refinado<\/li>\n<li><strong>Corredi\u00e7a met\u00e1lica<\/strong> nas gavetas, garantindo um deslizamento suave<\/li>\n<li><strong>P\u00e9s com regulagem de altura<\/strong>, permitindo ajuste perfeito ao ambiente<\/li>\n<li>Espa\u00e7o dedicado para <strong>forno<\/strong> e <strong>micro-ondas<\/strong>, maximizando a organiza\u00e7\u00e3o<\/li>\n<li>Conta com <strong>7 portas<\/strong> e <strong>prateleira interna<\/strong>, otimizando o espa\u00e7o para armazenamento<\/li>\n<\/ul>\n<p><strong>Especifica\u00e7\u00f5es T\u00e9cnicas:<\/strong><\/p>\n<ul>\n<li><strong>Altura:<\/strong> 210 cm<\/li>\n<li><strong>Largura:<\/strong> 246 cm<\/li>\n<li><strong>Profundidade:<\/strong> 52 cm<\/li>\n<li><strong>Espessura do material:<\/strong> 15 mm<\/li>\n<li><strong>Cubagem:<\/strong> 0,155 m\u00b3<\/li>\n<li><strong>Peso:<\/strong> 92 kg<\/li>\n<li><strong>Volumes:<\/strong> 2<\/li>\n<\/ul>\n<p>A <strong>Cozinha Compacta Bragan\u00e7a<\/strong> \u00e9 perfeita para quem busca aliar beleza e funcionalidade. Com bastante espa\u00e7o para armazenamento, suas portas e prateleiras internas permitem organizar utens\u00edlios e eletrodom\u00e9sticos de forma pr\u00e1tica e eficiente. O design moderno e o acabamento em <strong>Mel Dakar\/Grafite<\/strong> tornam esta cozinha uma escolha ideal para quem deseja compor um ambiente sofisticado.<\/p>\n<p>ozinhas menores, sem comprometer o estilo e a funcionalidade. O espa\u00e7o bem aproveitado permite que voc\u00ea organize seus utens\u00edlios de forma pr\u00e1tica, deixando a cozinha sempre em ordem.<\/p>\n<p>Confira todos os modelos: <a href=\"https:\/\/unibellemoveis.com.br\/categoria-produto\/cozinha\/\">https:\/\/unibellemoveis.com.br\/categoria-produto\/cozinha\/<\/a><\/p>\n<\/div>\n<\/div>\n<\/div>\n<\/div>\n","protected":false},"excerpt":{"rendered":"<p>A <strong>Cozinha Compacta Bragan\u00e7a 246 cm<\/strong> \u00e9 a solu\u00e7\u00e3o perfeita para quem busca uma cozinha completa e funcional, ideal para grandes espa\u00e7os. Com um design moderno, ela combina o estilo sofisticado das cores <strong>Mel Dakar<\/strong> e <strong>Grafite<\/strong>, garantindo eleg\u00e2ncia e praticidade no ambiente.<\/p>\n","protected":false},"featured_media":2588,"comment_status":"open","ping_status":"closed","template":"","meta":{"_joinchat":[]},"product_brand":[],"product_cat":[29],"product_tag":[],"class_list":{"0":"post-2381","1":"product","2":"type-product","3":"status-publish","4":"has-post-thumbnail","6":"product_cat-cozinha","8":"first","9":"instock","10":"shipping-taxable","11":"product-type-simple"},"yoast_head":"<!-- This site is optimized with the Yoast SEO plugin v26.0 - https:\/\/yoast.com\/wordpress\/plugins\/seo\/ -->\n<title>Cozinha Compacta Bragan\u00e7a - Unibelle M\u00f3veis<\/title>\n<meta name=\"description\" content=\"Cozinha Compacta Bragan\u00e7a Descubra a Cozinha Compacta Bragan\u00e7a que vai elevar a decora\u00e7\u00e3o do seu ambiente. Encomende j\u00e1 a sua!\" \/>\n<meta name=\"robots\" content=\"index, follow, max-snippet:-1, max-image-preview:large, max-video-preview:-1\" \/>\n<link rel=\"canonical\" href=\"https:\/\/unibellemoveis.com.br\/pt_br\/produto\/cozinha-compacta-braganca\/\" \/>\n<meta property=\"og:locale\" content=\"pt_BR\" \/>\n<meta property=\"og:type\" content=\"article\" \/>\n<meta property=\"og:title\" content=\"Cozinha Compacta Bragan\u00e7a - Unibelle M\u00f3veis\" \/>\n<meta property=\"og:description\" content=\"Cozinha Compacta Bragan\u00e7a Descubra a Cozinha Compacta Bragan\u00e7a que vai elevar a decora\u00e7\u00e3o do seu ambiente. Encomende j\u00e1 a sua!\" \/>\n<meta property=\"og:url\" content=\"https:\/\/unibellemoveis.com.br\/pt_br\/produto\/cozinha-compacta-braganca\/\" \/>\n<meta property=\"og:site_name\" content=\"Unibelle M\u00f3veis\" \/>\n<meta property=\"article:modified_time\" content=\"2024-10-01T17:10:51+00:00\" \/>\n<meta property=\"og:image\" content=\"https:\/\/unibellemoveis.com.br\/wp-content\/uploads\/2024\/09\/1546.webp\" \/>\n\t<meta property=\"og:image:width\" content=\"1000\" \/>\n\t<meta property=\"og:image:height\" content=\"1000\" \/>\n\t<meta property=\"og:image:type\" content=\"image\/webp\" \/>\n<meta name=\"twitter:card\" content=\"summary_large_image\" \/>\n<meta name=\"twitter:label1\" content=\"Est. tempo de leitura\" \/>\n\t<meta name=\"twitter:data1\" content=\"2 minutos\" \/>\n<script type=\"application\/ld+json\" class=\"yoast-schema-graph\">{\"@context\":\"https:\/\/schema.org\",\"@graph\":[{\"@type\":\"WebPage\",\"@id\":\"https:\/\/unibellemoveis.com.br\/produto\/cozinha-compacta-braganca\/\",\"url\":\"https:\/\/unibellemoveis.com.br\/produto\/cozinha-compacta-braganca\/\",\"name\":\"Cozinha Compacta Bragan\u00e7a - Unibelle M\u00f3veis\",\"isPartOf\":{\"@id\":\"https:\/\/unibellemoveis.com.br\/#website\"},\"primaryImageOfPage\":{\"@id\":\"https:\/\/unibellemoveis.com.br\/produto\/cozinha-compacta-braganca\/#primaryimage\"},\"image\":{\"@id\":\"https:\/\/unibellemoveis.com.br\/produto\/cozinha-compacta-braganca\/#primaryimage\"},\"thumbnailUrl\":\"https:\/\/unibellemoveis.com.br\/wp-content\/uploads\/2024\/09\/1546.webp\",\"datePublished\":\"2024-09-17T20:35:38+00:00\",\"dateModified\":\"2024-10-01T17:10:51+00:00\",\"description\":\"Cozinha Compacta Bragan\u00e7a Descubra a Cozinha Compacta Bragan\u00e7a que vai elevar a decora\u00e7\u00e3o do seu ambiente. Encomende j\u00e1 a sua!\",\"breadcrumb\":{\"@id\":\"https:\/\/unibellemoveis.com.br\/produto\/cozinha-compacta-braganca\/#breadcrumb\"},\"inLanguage\":\"pt-BR\",\"potentialAction\":[{\"@type\":\"ReadAction\",\"target\":[\"https:\/\/unibellemoveis.com.br\/produto\/cozinha-compacta-braganca\/\"]}]},{\"@type\":\"ImageObject\",\"inLanguage\":\"pt-BR\",\"@id\":\"https:\/\/unibellemoveis.com.br\/produto\/cozinha-compacta-braganca\/#primaryimage\",\"url\":\"https:\/\/unibellemoveis.com.br\/wp-content\/uploads\/2024\/09\/1546.webp\",\"contentUrl\":\"https:\/\/unibellemoveis.com.br\/wp-content\/uploads\/2024\/09\/1546.webp\",\"width\":1000,\"height\":1000,\"caption\":\"COZINHA COMPACTA BRAGAN\u00c7A\"},{\"@type\":\"BreadcrumbList\",\"@id\":\"https:\/\/unibellemoveis.com.br\/produto\/cozinha-compacta-braganca\/#breadcrumb\",\"itemListElement\":[{\"@type\":\"ListItem\",\"position\":1,\"name\":\"In\u00edcio\",\"item\":\"https:\/\/unibellemoveis.com.br\/\"},{\"@type\":\"ListItem\",\"position\":2,\"name\":\"Produtos\",\"item\":\"https:\/\/unibellemoveis.com.br\/produtos\/\"},{\"@type\":\"ListItem\",\"position\":3,\"name\":\"Cozinha Compacta Bragan\u00e7a\"}]},{\"@type\":\"WebSite\",\"@id\":\"https:\/\/unibellemoveis.com.br\/#website\",\"url\":\"https:\/\/unibellemoveis.com.br\/\",\"name\":\"Unibelle M\u00f3veis\",\"description\":\"Unibelle M\u00f3veis\",\"publisher\":{\"@id\":\"https:\/\/unibellemoveis.com.br\/#organization\"},\"potentialAction\":[{\"@type\":\"SearchAction\",\"target\":{\"@type\":\"EntryPoint\",\"urlTemplate\":\"https:\/\/unibellemoveis.com.br\/?s={search_term_string}\"},\"query-input\":{\"@type\":\"PropertyValueSpecification\",\"valueRequired\":true,\"valueName\":\"search_term_string\"}}],\"inLanguage\":\"pt-BR\"},{\"@type\":\"Organization\",\"@id\":\"https:\/\/unibellemoveis.com.br\/#organization\",\"name\":\"Unibele M\u00f3veis\",\"alternateName\":\"Unibele M\u00f3veis\",\"url\":\"https:\/\/unibellemoveis.com.br\/\",\"logo\":{\"@type\":\"ImageObject\",\"inLanguage\":\"pt-BR\",\"@id\":\"https:\/\/unibellemoveis.com.br\/#\/schema\/logo\/image\/\",\"url\":\"https:\/\/unibellemoveis.com.br\/wp-content\/uploads\/2024\/04\/Logo-02.webp\",\"contentUrl\":\"https:\/\/unibellemoveis.com.br\/wp-content\/uploads\/2024\/04\/Logo-02.webp\",\"width\":2363,\"height\":754,\"caption\":\"Unibele M\u00f3veis\"},\"image\":{\"@id\":\"https:\/\/unibellemoveis.com.br\/#\/schema\/logo\/image\/\"}}]}<\/script>\n<!-- \/ Yoast SEO plugin. -->","yoast_head_json":{"title":"Cozinha Compacta Bragan\u00e7a - Unibelle M\u00f3veis","description":"Cozinha Compacta Bragan\u00e7a Descubra a Cozinha Compacta Bragan\u00e7a que vai elevar a decora\u00e7\u00e3o do seu ambiente. Encomende j\u00e1 a sua!","robots":{"index":"index","follow":"follow","max-snippet":"max-snippet:-1","max-image-preview":"max-image-preview:large","max-video-preview":"max-video-preview:-1"},"canonical":"https:\/\/unibellemoveis.com.br\/pt_br\/produto\/cozinha-compacta-braganca\/","og_locale":"pt_BR","og_type":"article","og_title":"Cozinha Compacta Bragan\u00e7a - Unibelle M\u00f3veis","og_description":"Cozinha Compacta Bragan\u00e7a Descubra a Cozinha Compacta Bragan\u00e7a que vai elevar a decora\u00e7\u00e3o do seu ambiente. Encomende j\u00e1 a sua!","og_url":"https:\/\/unibellemoveis.com.br\/pt_br\/produto\/cozinha-compacta-braganca\/","og_site_name":"Unibelle M\u00f3veis","article_modified_time":"2024-10-01T17:10:51+00:00","og_image":[{"width":1000,"height":1000,"url":"https:\/\/unibellemoveis.com.br\/wp-content\/uploads\/2024\/09\/1546.webp","type":"image\/webp"}],"twitter_card":"summary_large_image","twitter_misc":{"Est. tempo de leitura":"2 minutos"},"schema":{"@context":"https:\/\/schema.org","@graph":[{"@type":"WebPage","@id":"https:\/\/unibellemoveis.com.br\/produto\/cozinha-compacta-braganca\/","url":"https:\/\/unibellemoveis.com.br\/produto\/cozinha-compacta-braganca\/","name":"Cozinha Compacta Bragan\u00e7a - Unibelle M\u00f3veis","isPartOf":{"@id":"https:\/\/unibellemoveis.com.br\/#website"},"primaryImageOfPage":{"@id":"https:\/\/unibellemoveis.com.br\/produto\/cozinha-compacta-braganca\/#primaryimage"},"image":{"@id":"https:\/\/unibellemoveis.com.br\/produto\/cozinha-compacta-braganca\/#primaryimage"},"thumbnailUrl":"https:\/\/unibellemoveis.com.br\/wp-content\/uploads\/2024\/09\/1546.webp","datePublished":"2024-09-17T20:35:38+00:00","dateModified":"2024-10-01T17:10:51+00:00","description":"Cozinha Compacta Bragan\u00e7a Descubra a Cozinha Compacta Bragan\u00e7a que vai elevar a decora\u00e7\u00e3o do seu ambiente. Encomende j\u00e1 a sua!","breadcrumb":{"@id":"https:\/\/unibellemoveis.com.br\/produto\/cozinha-compacta-braganca\/#breadcrumb"},"inLanguage":"pt-BR","potentialAction":[{"@type":"ReadAction","target":["https:\/\/unibellemoveis.com.br\/produto\/cozinha-compacta-braganca\/"]}]},{"@type":"ImageObject","inLanguage":"pt-BR","@id":"https:\/\/unibellemoveis.com.br\/produto\/cozinha-compacta-braganca\/#primaryimage","url":"https:\/\/unibellemoveis.com.br\/wp-content\/uploads\/2024\/09\/1546.webp","contentUrl":"https:\/\/unibellemoveis.com.br\/wp-content\/uploads\/2024\/09\/1546.webp","width":1000,"height":1000,"caption":"COZINHA COMPACTA BRAGAN\u00c7A"},{"@type":"BreadcrumbList","@id":"https:\/\/unibellemoveis.com.br\/produto\/cozinha-compacta-braganca\/#breadcrumb","itemListElement":[{"@type":"ListItem","position":1,"name":"In\u00edcio","item":"https:\/\/unibellemoveis.com.br\/"},{"@type":"ListItem","position":2,"name":"Produtos","item":"https:\/\/unibellemoveis.com.br\/produtos\/"},{"@type":"ListItem","position":3,"name":"Cozinha Compacta Bragan\u00e7a"}]},{"@type":"WebSite","@id":"https:\/\/unibellemoveis.com.br\/#website","url":"https:\/\/unibellemoveis.com.br\/","name":"Unibelle M\u00f3veis","description":"Unibelle M\u00f3veis","publisher":{"@id":"https:\/\/unibellemoveis.com.br\/#organization"},"potentialAction":[{"@type":"SearchAction","target":{"@type":"EntryPoint","urlTemplate":"https:\/\/unibellemoveis.com.br\/?s={search_term_string}"},"query-input":{"@type":"PropertyValueSpecification","valueRequired":true,"valueName":"search_term_string"}}],"inLanguage":"pt-BR"},{"@type":"Organization","@id":"https:\/\/unibellemoveis.com.br\/#organization","name":"Unibele M\u00f3veis","alternateName":"Unibele M\u00f3veis","url":"https:\/\/unibellemoveis.com.br\/","logo":{"@type":"ImageObject","inLanguage":"pt-BR","@id":"https:\/\/unibellemoveis.com.br\/#\/schema\/logo\/image\/","url":"https:\/\/unibellemoveis.com.br\/wp-content\/uploads\/2024\/04\/Logo-02.webp","contentUrl":"https:\/\/unibellemoveis.com.br\/wp-content\/uploads\/2024\/04\/Logo-02.webp","width":2363,"height":754,"caption":"Unibele M\u00f3veis"},"image":{"@id":"https:\/\/unibellemoveis.com.br\/#\/schema\/logo\/image\/"}}]}},"_links":{"self":[{"href":"https:\/\/unibellemoveis.com.br\/pt_br\/wp-json\/wp\/v2\/product\/2381","targetHints":{"allow":["GET"]}}],"collection":[{"href":"https:\/\/unibellemoveis.com.br\/pt_br\/wp-json\/wp\/v2\/product"}],"about":[{"href":"https:\/\/unibellemoveis.com.br\/pt_br\/wp-json\/wp\/v2\/types\/product"}],"replies":[{"embeddable":true,"href":"https:\/\/unibellemoveis.com.br\/pt_br\/wp-json\/wp\/v2\/comments?post=2381"}],"version-history":[{"count":1,"href":"https:\/\/unibellemoveis.com.br\/pt_br\/wp-json\/wp\/v2\/product\/2381\/revisions"}],"predecessor-version":[{"id":2382,"href":"https:\/\/unibellemoveis.com.br\/pt_br\/wp-json\/wp\/v2\/product\/2381\/revisions\/2382"}],"wp:featuredmedia":[{"embeddable":true,"href":"https:\/\/unibellemoveis.com.br\/pt_br\/wp-json\/wp\/v2\/media\/2588"}],"wp:attachment":[{"href":"https:\/\/unibellemoveis.com.br\/pt_br\/wp-json\/wp\/v2\/media?parent=2381"}],"wp:term":[{"taxonomy":"product_brand","embeddable":true,"href":"https:\/\/unibellemoveis.com.br\/pt_br\/wp-json\/wp\/v2\/product_brand?post=2381"},{"taxonomy":"product_cat","embeddable":true,"href":"https:\/\/unibellemoveis.com.br\/pt_br\/wp-json\/wp\/v2\/product_cat?post=2381"},{"taxonomy":"product_tag","embeddable":true,"href":"https:\/\/unibellemoveis.com.br\/pt_br\/wp-json\/wp\/v2\/product_tag?post=2381"}],"curies":[{"name":"wp","href":"https:\/\/api.w.org\/{rel}","templated":true}]}}