{"id":2387,"date":"2024-09-17T17:58:54","date_gmt":"2024-09-17T20:58:54","guid":{"rendered":"https:\/\/unibellemoveis.com.br\/?post_type=product&#038;p=2387"},"modified":"2024-09-17T18:06:54","modified_gmt":"2024-09-17T21:06:54","slug":"balcao-fruteira-com-uma-porta","status":"publish","type":"product","link":"https:\/\/unibellemoveis.com.br\/pt_br\/produto\/balcao-fruteira-com-uma-porta\/","title":{"rendered":"Balc\u00e3o Fruteira com Uma Porta"},"content":{"rendered":"<div class=\"flex-shrink-0 flex flex-col relative items-end\">\n<div class=\"pt-0.5 juice:pt-0\">\n<div class=\"gizmo-bot-avatar flex h-6 w-6 items-center justify-center overflow-hidden rounded-full juice:h-8 juice:w-8\">\n<div class=\"relative p-1 rounded-sm flex items-center justify-center bg-token-main-surface-primary text-token-text-primary h-8 w-8\">\n<h3>Balc\u00e3o Fruteira com Uma Porta<\/h3>\n<p>O <strong>Balc\u00e3o Fruteira com Uma Porta<\/strong> \u00e9 a solu\u00e7\u00e3o perfeita para quem deseja praticidade e organiza\u00e7\u00e3o na cozinha. Este m\u00f3vel foi projetado para armazenar frutas de forma adequada, al\u00e9m de oferecer espa\u00e7o adicional com uma porta e um compartimento superior que pode ser utilizado para eletrodom\u00e9sticos ou utens\u00edlios.<\/p>\n<p><strong>Diferenciais do Produto:<\/strong><\/p>\n<ul>\n<li>Produzido em <strong>100% MDP 15mm<\/strong>, garantindo resist\u00eancia e durabilidade<\/li>\n<li><strong>1 porta<\/strong> com puxador cromado para armazenamento adicional<\/li>\n<li><strong>Cestos de pl\u00e1stico remov\u00edveis<\/strong>, perfeitos para organizar e armazenar frutas<\/li>\n<li>Espa\u00e7o superior multifuncional para micro-ondas ou outros itens<\/li>\n<\/ul>\n<p><strong>Especifica\u00e7\u00f5es T\u00e9cnicas:<\/strong><\/p>\n<ul>\n<li><strong>Altura:<\/strong> 97 cm<\/li>\n<li><strong>Largura:<\/strong> 62 cm<\/li>\n<li><strong>Profundidade:<\/strong> 47 cm<\/li>\n<li><strong>Espessura do material:<\/strong> 15 mm<\/li>\n<li><strong>Cubagem:<\/strong> 0,030 m\u00b3<\/li>\n<li><strong>Peso:<\/strong> 22 kg<\/li>\n<li><strong>Volumes:<\/strong> 1<\/li>\n<\/ul>\n<p>Com o <strong>Balc\u00e3o Fruteira com Uma Porta<\/strong>, voc\u00ea mant\u00e9m suas frutas organizadas e ao mesmo tempo aproveita o espa\u00e7o para armazenamento de outros itens, proporcionando praticidade e eleg\u00e2ncia ao seu ambiente.<\/p>\n<p>Confira todos os modelos: <a href=\"https:\/\/unibellemoveis.com.br\/categoria-produto\/cozinha\/\">https:\/\/unibellemoveis.com.br\/categoria-produto\/cozinha\/<\/a><\/p>\n<\/div>\n<\/div>\n<\/div>\n<\/div>\n","protected":false},"excerpt":{"rendered":"<p>O <strong>Balc\u00e3o Fruteira com Uma Porta<\/strong> \u00e9 a solu\u00e7\u00e3o perfeita para quem deseja praticidade e organiza\u00e7\u00e3o na cozinha. Este m\u00f3vel foi projetado para armazenar frutas de forma adequada, al\u00e9m de oferecer espa\u00e7o adicional com uma porta e um compartimento superior que pode ser utilizado para eletrodom\u00e9sticos ou utens\u00edlios.<\/p>\n","protected":false},"featured_media":2388,"comment_status":"open","ping_status":"closed","template":"","meta":{"_joinchat":[]},"product_brand":[],"product_cat":[29],"product_tag":[],"class_list":{"0":"post-2387","1":"product","2":"type-product","3":"status-publish","4":"has-post-thumbnail","6":"product_cat-cozinha","8":"first","9":"instock","10":"shipping-taxable","11":"product-type-simple"},"yoast_head":"<!-- This site is optimized with the Yoast SEO plugin v26.0 - https:\/\/yoast.com\/wordpress\/plugins\/seo\/ -->\n<title>Balc\u00e3o Fruteira com Uma Porta - Unibelle M\u00f3veis<\/title>\n<meta name=\"description\" content=\"Balc\u00e3o Fruteira com Uma Porta \u00e9 a solu\u00e7\u00e3o perfeita para quem deseja praticidade e organiza\u00e7\u00e3o na cozinha. Adquira j\u00e1 a sua!\" \/>\n<meta name=\"robots\" content=\"index, follow, max-snippet:-1, max-image-preview:large, max-video-preview:-1\" \/>\n<link rel=\"canonical\" href=\"https:\/\/unibellemoveis.com.br\/pt_br\/produto\/balcao-fruteira-com-uma-porta\/\" \/>\n<meta property=\"og:locale\" content=\"pt_BR\" \/>\n<meta property=\"og:type\" content=\"article\" \/>\n<meta property=\"og:title\" content=\"Balc\u00e3o Fruteira com Uma Porta - Unibelle M\u00f3veis\" \/>\n<meta property=\"og:description\" content=\"Balc\u00e3o Fruteira com Uma Porta \u00e9 a solu\u00e7\u00e3o perfeita para quem deseja praticidade e organiza\u00e7\u00e3o na cozinha. Adquira j\u00e1 a sua!\" \/>\n<meta property=\"og:url\" content=\"https:\/\/unibellemoveis.com.br\/pt_br\/produto\/balcao-fruteira-com-uma-porta\/\" \/>\n<meta property=\"og:site_name\" content=\"Unibelle M\u00f3veis\" \/>\n<meta property=\"article:modified_time\" content=\"2024-09-17T21:06:54+00:00\" \/>\n<meta property=\"og:image\" content=\"https:\/\/unibellemoveis.com.br\/wp-content\/uploads\/2024\/09\/1204-Balcao-Fruteira-1-Porta-FI-01-Branco.webp\" \/>\n\t<meta property=\"og:image:width\" content=\"1000\" \/>\n\t<meta property=\"og:image:height\" content=\"1000\" \/>\n\t<meta property=\"og:image:type\" content=\"image\/webp\" \/>\n<meta name=\"twitter:card\" content=\"summary_large_image\" \/>\n<meta name=\"twitter:label1\" content=\"Est. tempo de leitura\" \/>\n\t<meta name=\"twitter:data1\" content=\"2 minutos\" \/>\n<script type=\"application\/ld+json\" class=\"yoast-schema-graph\">{\"@context\":\"https:\/\/schema.org\",\"@graph\":[{\"@type\":\"WebPage\",\"@id\":\"https:\/\/unibellemoveis.com.br\/produto\/balcao-fruteira-com-uma-porta\/\",\"url\":\"https:\/\/unibellemoveis.com.br\/produto\/balcao-fruteira-com-uma-porta\/\",\"name\":\"Balc\u00e3o Fruteira com Uma Porta - Unibelle M\u00f3veis\",\"isPartOf\":{\"@id\":\"https:\/\/unibellemoveis.com.br\/#website\"},\"primaryImageOfPage\":{\"@id\":\"https:\/\/unibellemoveis.com.br\/produto\/balcao-fruteira-com-uma-porta\/#primaryimage\"},\"image\":{\"@id\":\"https:\/\/unibellemoveis.com.br\/produto\/balcao-fruteira-com-uma-porta\/#primaryimage\"},\"thumbnailUrl\":\"https:\/\/unibellemoveis.com.br\/wp-content\/uploads\/2024\/09\/1204-Balcao-Fruteira-1-Porta-FI-01-Branco.webp\",\"datePublished\":\"2024-09-17T20:58:54+00:00\",\"dateModified\":\"2024-09-17T21:06:54+00:00\",\"description\":\"Balc\u00e3o Fruteira com Uma Porta \u00e9 a solu\u00e7\u00e3o perfeita para quem deseja praticidade e organiza\u00e7\u00e3o na cozinha. Adquira j\u00e1 a sua!\",\"breadcrumb\":{\"@id\":\"https:\/\/unibellemoveis.com.br\/produto\/balcao-fruteira-com-uma-porta\/#breadcrumb\"},\"inLanguage\":\"pt-BR\",\"potentialAction\":[{\"@type\":\"ReadAction\",\"target\":[\"https:\/\/unibellemoveis.com.br\/produto\/balcao-fruteira-com-uma-porta\/\"]}]},{\"@type\":\"ImageObject\",\"inLanguage\":\"pt-BR\",\"@id\":\"https:\/\/unibellemoveis.com.br\/produto\/balcao-fruteira-com-uma-porta\/#primaryimage\",\"url\":\"https:\/\/unibellemoveis.com.br\/wp-content\/uploads\/2024\/09\/1204-Balcao-Fruteira-1-Porta-FI-01-Branco.webp\",\"contentUrl\":\"https:\/\/unibellemoveis.com.br\/wp-content\/uploads\/2024\/09\/1204-Balcao-Fruteira-1-Porta-FI-01-Branco.webp\",\"width\":1000,\"height\":1000,\"caption\":\"1204 - Balc\u00e3o Fruteira 1 Porta - FI 01 - Branco\"},{\"@type\":\"BreadcrumbList\",\"@id\":\"https:\/\/unibellemoveis.com.br\/produto\/balcao-fruteira-com-uma-porta\/#breadcrumb\",\"itemListElement\":[{\"@type\":\"ListItem\",\"position\":1,\"name\":\"In\u00edcio\",\"item\":\"https:\/\/unibellemoveis.com.br\/\"},{\"@type\":\"ListItem\",\"position\":2,\"name\":\"Produtos\",\"item\":\"https:\/\/unibellemoveis.com.br\/produtos\/\"},{\"@type\":\"ListItem\",\"position\":3,\"name\":\"Balc\u00e3o Fruteira com Uma Porta\"}]},{\"@type\":\"WebSite\",\"@id\":\"https:\/\/unibellemoveis.com.br\/#website\",\"url\":\"https:\/\/unibellemoveis.com.br\/\",\"name\":\"Unibelle M\u00f3veis\",\"description\":\"Unibelle M\u00f3veis\",\"publisher\":{\"@id\":\"https:\/\/unibellemoveis.com.br\/#organization\"},\"potentialAction\":[{\"@type\":\"SearchAction\",\"target\":{\"@type\":\"EntryPoint\",\"urlTemplate\":\"https:\/\/unibellemoveis.com.br\/?s={search_term_string}\"},\"query-input\":{\"@type\":\"PropertyValueSpecification\",\"valueRequired\":true,\"valueName\":\"search_term_string\"}}],\"inLanguage\":\"pt-BR\"},{\"@type\":\"Organization\",\"@id\":\"https:\/\/unibellemoveis.com.br\/#organization\",\"name\":\"Unibele M\u00f3veis\",\"alternateName\":\"Unibele M\u00f3veis\",\"url\":\"https:\/\/unibellemoveis.com.br\/\",\"logo\":{\"@type\":\"ImageObject\",\"inLanguage\":\"pt-BR\",\"@id\":\"https:\/\/unibellemoveis.com.br\/#\/schema\/logo\/image\/\",\"url\":\"https:\/\/unibellemoveis.com.br\/wp-content\/uploads\/2024\/04\/Logo-02.webp\",\"contentUrl\":\"https:\/\/unibellemoveis.com.br\/wp-content\/uploads\/2024\/04\/Logo-02.webp\",\"width\":2363,\"height\":754,\"caption\":\"Unibele M\u00f3veis\"},\"image\":{\"@id\":\"https:\/\/unibellemoveis.com.br\/#\/schema\/logo\/image\/\"}}]}<\/script>\n<!-- \/ Yoast SEO plugin. -->","yoast_head_json":{"title":"Balc\u00e3o Fruteira com Uma Porta - Unibelle M\u00f3veis","description":"Balc\u00e3o Fruteira com Uma Porta \u00e9 a solu\u00e7\u00e3o perfeita para quem deseja praticidade e organiza\u00e7\u00e3o na cozinha. Adquira j\u00e1 a sua!","robots":{"index":"index","follow":"follow","max-snippet":"max-snippet:-1","max-image-preview":"max-image-preview:large","max-video-preview":"max-video-preview:-1"},"canonical":"https:\/\/unibellemoveis.com.br\/pt_br\/produto\/balcao-fruteira-com-uma-porta\/","og_locale":"pt_BR","og_type":"article","og_title":"Balc\u00e3o Fruteira com Uma Porta - Unibelle M\u00f3veis","og_description":"Balc\u00e3o Fruteira com Uma Porta \u00e9 a solu\u00e7\u00e3o perfeita para quem deseja praticidade e organiza\u00e7\u00e3o na cozinha. Adquira j\u00e1 a sua!","og_url":"https:\/\/unibellemoveis.com.br\/pt_br\/produto\/balcao-fruteira-com-uma-porta\/","og_site_name":"Unibelle M\u00f3veis","article_modified_time":"2024-09-17T21:06:54+00:00","og_image":[{"width":1000,"height":1000,"url":"https:\/\/unibellemoveis.com.br\/wp-content\/uploads\/2024\/09\/1204-Balcao-Fruteira-1-Porta-FI-01-Branco.webp","type":"image\/webp"}],"twitter_card":"summary_large_image","twitter_misc":{"Est. tempo de leitura":"2 minutos"},"schema":{"@context":"https:\/\/schema.org","@graph":[{"@type":"WebPage","@id":"https:\/\/unibellemoveis.com.br\/produto\/balcao-fruteira-com-uma-porta\/","url":"https:\/\/unibellemoveis.com.br\/produto\/balcao-fruteira-com-uma-porta\/","name":"Balc\u00e3o Fruteira com Uma Porta - Unibelle M\u00f3veis","isPartOf":{"@id":"https:\/\/unibellemoveis.com.br\/#website"},"primaryImageOfPage":{"@id":"https:\/\/unibellemoveis.com.br\/produto\/balcao-fruteira-com-uma-porta\/#primaryimage"},"image":{"@id":"https:\/\/unibellemoveis.com.br\/produto\/balcao-fruteira-com-uma-porta\/#primaryimage"},"thumbnailUrl":"https:\/\/unibellemoveis.com.br\/wp-content\/uploads\/2024\/09\/1204-Balcao-Fruteira-1-Porta-FI-01-Branco.webp","datePublished":"2024-09-17T20:58:54+00:00","dateModified":"2024-09-17T21:06:54+00:00","description":"Balc\u00e3o Fruteira com Uma Porta \u00e9 a solu\u00e7\u00e3o perfeita para quem deseja praticidade e organiza\u00e7\u00e3o na cozinha. Adquira j\u00e1 a sua!","breadcrumb":{"@id":"https:\/\/unibellemoveis.com.br\/produto\/balcao-fruteira-com-uma-porta\/#breadcrumb"},"inLanguage":"pt-BR","potentialAction":[{"@type":"ReadAction","target":["https:\/\/unibellemoveis.com.br\/produto\/balcao-fruteira-com-uma-porta\/"]}]},{"@type":"ImageObject","inLanguage":"pt-BR","@id":"https:\/\/unibellemoveis.com.br\/produto\/balcao-fruteira-com-uma-porta\/#primaryimage","url":"https:\/\/unibellemoveis.com.br\/wp-content\/uploads\/2024\/09\/1204-Balcao-Fruteira-1-Porta-FI-01-Branco.webp","contentUrl":"https:\/\/unibellemoveis.com.br\/wp-content\/uploads\/2024\/09\/1204-Balcao-Fruteira-1-Porta-FI-01-Branco.webp","width":1000,"height":1000,"caption":"1204 - Balc\u00e3o Fruteira 1 Porta - FI 01 - Branco"},{"@type":"BreadcrumbList","@id":"https:\/\/unibellemoveis.com.br\/produto\/balcao-fruteira-com-uma-porta\/#breadcrumb","itemListElement":[{"@type":"ListItem","position":1,"name":"In\u00edcio","item":"https:\/\/unibellemoveis.com.br\/"},{"@type":"ListItem","position":2,"name":"Produtos","item":"https:\/\/unibellemoveis.com.br\/produtos\/"},{"@type":"ListItem","position":3,"name":"Balc\u00e3o Fruteira com Uma Porta"}]},{"@type":"WebSite","@id":"https:\/\/unibellemoveis.com.br\/#website","url":"https:\/\/unibellemoveis.com.br\/","name":"Unibelle M\u00f3veis","description":"Unibelle M\u00f3veis","publisher":{"@id":"https:\/\/unibellemoveis.com.br\/#organization"},"potentialAction":[{"@type":"SearchAction","target":{"@type":"EntryPoint","urlTemplate":"https:\/\/unibellemoveis.com.br\/?s={search_term_string}"},"query-input":{"@type":"PropertyValueSpecification","valueRequired":true,"valueName":"search_term_string"}}],"inLanguage":"pt-BR"},{"@type":"Organization","@id":"https:\/\/unibellemoveis.com.br\/#organization","name":"Unibele M\u00f3veis","alternateName":"Unibele M\u00f3veis","url":"https:\/\/unibellemoveis.com.br\/","logo":{"@type":"ImageObject","inLanguage":"pt-BR","@id":"https:\/\/unibellemoveis.com.br\/#\/schema\/logo\/image\/","url":"https:\/\/unibellemoveis.com.br\/wp-content\/uploads\/2024\/04\/Logo-02.webp","contentUrl":"https:\/\/unibellemoveis.com.br\/wp-content\/uploads\/2024\/04\/Logo-02.webp","width":2363,"height":754,"caption":"Unibele M\u00f3veis"},"image":{"@id":"https:\/\/unibellemoveis.com.br\/#\/schema\/logo\/image\/"}}]}},"_links":{"self":[{"href":"https:\/\/unibellemoveis.com.br\/pt_br\/wp-json\/wp\/v2\/product\/2387","targetHints":{"allow":["GET"]}}],"collection":[{"href":"https:\/\/unibellemoveis.com.br\/pt_br\/wp-json\/wp\/v2\/product"}],"about":[{"href":"https:\/\/unibellemoveis.com.br\/pt_br\/wp-json\/wp\/v2\/types\/product"}],"replies":[{"embeddable":true,"href":"https:\/\/unibellemoveis.com.br\/pt_br\/wp-json\/wp\/v2\/comments?post=2387"}],"version-history":[{"count":1,"href":"https:\/\/unibellemoveis.com.br\/pt_br\/wp-json\/wp\/v2\/product\/2387\/revisions"}],"predecessor-version":[{"id":2389,"href":"https:\/\/unibellemoveis.com.br\/pt_br\/wp-json\/wp\/v2\/product\/2387\/revisions\/2389"}],"wp:featuredmedia":[{"embeddable":true,"href":"https:\/\/unibellemoveis.com.br\/pt_br\/wp-json\/wp\/v2\/media\/2388"}],"wp:attachment":[{"href":"https:\/\/unibellemoveis.com.br\/pt_br\/wp-json\/wp\/v2\/media?parent=2387"}],"wp:term":[{"taxonomy":"product_brand","embeddable":true,"href":"https:\/\/unibellemoveis.com.br\/pt_br\/wp-json\/wp\/v2\/product_brand?post=2387"},{"taxonomy":"product_cat","embeddable":true,"href":"https:\/\/unibellemoveis.com.br\/pt_br\/wp-json\/wp\/v2\/product_cat?post=2387"},{"taxonomy":"product_tag","embeddable":true,"href":"https:\/\/unibellemoveis.com.br\/pt_br\/wp-json\/wp\/v2\/product_tag?post=2387"}],"curies":[{"name":"wp","href":"https:\/\/api.w.org\/{rel}","templated":true}]}}