{"id":2471,"date":"2024-09-18T14:02:36","date_gmt":"2024-09-18T17:02:36","guid":{"rendered":"https:\/\/unibellemoveis.com.br\/?post_type=product&#038;p=2471"},"modified":"2024-09-18T14:07:44","modified_gmt":"2024-09-18T17:07:44","slug":"armario-multiuso-com-2-portas","status":"publish","type":"product","link":"https:\/\/unibellemoveis.com.br\/pt_br\/produto\/armario-multiuso-com-2-portas\/","title":{"rendered":"Arm\u00e1rio Multiuso com 2 Portas"},"content":{"rendered":"<div class=\"flex-shrink-0 flex flex-col relative items-end\">\n<div class=\"pt-0.5 juice:pt-0\">\n<div class=\"gizmo-bot-avatar flex h-6 w-6 items-center justify-center overflow-hidden rounded-full juice:h-8 juice:w-8\">\n<div class=\"relative p-1 rounded-sm flex items-center justify-center bg-token-main-surface-primary text-token-text-primary h-8 w-8\">\n<div class=\"flex-shrink-0 flex flex-col relative items-end\">\n<div class=\"pt-0.5 juice:pt-0\">\n<div class=\"gizmo-bot-avatar flex h-6 w-6 items-center justify-center overflow-hidden rounded-full juice:h-8 juice:w-8\">\n<div class=\"relative p-1 rounded-sm flex items-center justify-center bg-token-main-surface-primary text-token-text-primary h-8 w-8\">\n<h3>Arm\u00e1rio Multiuso com 2 Portas<\/h3>\n<p>O <strong>Arm\u00e1rio Multiuso com 2 Portas<\/strong> \u00e9 a solu\u00e7\u00e3o perfeita para quem busca praticidade e organiza\u00e7\u00e3o em qualquer ambiente da casa. Com um design moderno e funcional, ele pode ser utilizado em quartos, escrit\u00f3rios, lavanderias ou \u00e1reas de servi\u00e7o, proporcionando um amplo espa\u00e7o de armazenamento. Dispon\u00edvel nas cores <strong>Branco ou Mel Dakar<\/strong>, ele combina facilmente com diversos estilos de decora\u00e7\u00e3o.<\/p>\n<p><strong>Diferenciais do Produto:<\/strong><\/p>\n<ul>\n<li>Produzido em <strong>100% MDP 15mm<\/strong>, garantindo resist\u00eancia e durabilidade<\/li>\n<li><strong>Puxadores cromados<\/strong>, que oferecem um toque moderno e elegante ao arm\u00e1rio<\/li>\n<li><strong>4 prateleiras internas<\/strong>, ideais para organizar roupas, sapatos, documentos ou itens diversos<\/li>\n<li>Design vers\u00e1til, que se adapta a diferentes ambientes da casa, proporcionando organiza\u00e7\u00e3o e praticidade<\/li>\n<\/ul>\n<p><strong>Especifica\u00e7\u00f5es T\u00e9cnicas:<\/strong><\/p>\n<ul>\n<li><strong>Altura:<\/strong> 178 cm<\/li>\n<li><strong>Largura:<\/strong> 61 cm<\/li>\n<li><strong>Profundidade:<\/strong> 40 cm<\/li>\n<li><strong>Espessura do material:<\/strong> 15 mm<\/li>\n<li><strong>Cubagem:<\/strong> 0,044 m\u00b3<\/li>\n<li><strong>Peso:<\/strong> 33,9 kg<\/li>\n<li><strong>Volumes:<\/strong> 1<\/li>\n<\/ul>\n<p>O <strong>Arm\u00e1rio Multiuso com 2 Portas<\/strong> \u00e9 ideal para quem precisa de um m\u00f3vel compacto e funcional, oferecendo organiza\u00e7\u00e3o eficiente sem ocupar muito espa\u00e7o. Seja para o quarto, sala ou lavanderia, este arm\u00e1rio oferece uma excelente solu\u00e7\u00e3o para otimizar o espa\u00e7o de maneira pr\u00e1tica e elegante.<\/p>\n<p>Conhe\u00e7a todos os modelos: <a href=\"https:\/\/unibellemoveis.com.br\/categoria-produto\/dormitorio\/\">https:\/\/unibellemoveis.com.br\/categoria-produto\/dormitorio\/<\/a><\/p>\n<\/div>\n<\/div>\n<\/div>\n<\/div>\n<\/div>\n<\/div>\n<\/div>\n<\/div>\n","protected":false},"excerpt":{"rendered":"<p>O <strong>Arm\u00e1rio Multiuso com 2 Portas<\/strong> \u00e9 a solu\u00e7\u00e3o perfeita para quem busca praticidade e organiza\u00e7\u00e3o em qualquer ambiente da casa. Com um design moderno e funcional, ele pode ser utilizado em quartos, escrit\u00f3rios, lavanderias ou \u00e1reas de servi\u00e7o, proporcionando um amplo espa\u00e7o de armazenamento. Dispon\u00edvel nas cores <strong>Branco ou Mel Dakar<\/strong>, ele combina facilmente com diversos estilos de decora\u00e7\u00e3o.<\/p>\n","protected":false},"featured_media":2477,"comment_status":"open","ping_status":"closed","template":"","meta":{"_joinchat":[]},"product_brand":[],"product_cat":[31],"product_tag":[],"class_list":{"0":"post-2471","1":"product","2":"type-product","3":"status-publish","4":"has-post-thumbnail","6":"product_cat-dormitorio","8":"first","9":"instock","10":"shipping-taxable","11":"product-type-variable","12":"has-default-attributes"},"yoast_head":"<!-- This site is optimized with the Yoast SEO plugin v26.0 - https:\/\/yoast.com\/wordpress\/plugins\/seo\/ -->\n<title>Arm\u00e1rio Multiuso com 2 Portas - Unibelle M\u00f3veis<\/title>\n<meta name=\"description\" content=\"Arm\u00e1rio Multiuso com 2 Portas Este m\u00f3vel \u00e9 a solu\u00e7\u00e3o para quem busca aliar eleg\u00e2ncia e funcionalidade, oferecendo uma maneira pr\u00e1tica e sofisticada.\" \/>\n<meta name=\"robots\" content=\"index, follow, max-snippet:-1, max-image-preview:large, max-video-preview:-1\" \/>\n<link rel=\"canonical\" href=\"https:\/\/unibellemoveis.com.br\/pt_br\/produto\/armario-multiuso-com-2-portas\/\" \/>\n<meta property=\"og:locale\" content=\"pt_BR\" \/>\n<meta property=\"og:type\" content=\"article\" \/>\n<meta property=\"og:title\" content=\"Arm\u00e1rio Multiuso com 2 Portas - Unibelle M\u00f3veis\" \/>\n<meta property=\"og:description\" content=\"Arm\u00e1rio Multiuso com 2 Portas Este m\u00f3vel \u00e9 a solu\u00e7\u00e3o para quem busca aliar eleg\u00e2ncia e funcionalidade, oferecendo uma maneira pr\u00e1tica e sofisticada.\" \/>\n<meta property=\"og:url\" content=\"https:\/\/unibellemoveis.com.br\/pt_br\/produto\/armario-multiuso-com-2-portas\/\" \/>\n<meta property=\"og:site_name\" content=\"Unibelle M\u00f3veis\" \/>\n<meta property=\"article:modified_time\" content=\"2024-09-18T17:07:44+00:00\" \/>\n<meta property=\"og:image\" content=\"https:\/\/unibellemoveis.com.br\/wp-content\/uploads\/2024\/09\/image_1008.png\" \/>\n\t<meta property=\"og:image:width\" content=\"648\" \/>\n\t<meta property=\"og:image:height\" content=\"569\" \/>\n\t<meta property=\"og:image:type\" content=\"image\/png\" \/>\n<meta name=\"twitter:card\" content=\"summary_large_image\" \/>\n<meta name=\"twitter:label1\" content=\"Est. tempo de leitura\" \/>\n\t<meta name=\"twitter:data1\" content=\"2 minutos\" \/>\n<script type=\"application\/ld+json\" class=\"yoast-schema-graph\">{\"@context\":\"https:\/\/schema.org\",\"@graph\":[{\"@type\":\"WebPage\",\"@id\":\"https:\/\/unibellemoveis.com.br\/produto\/armario-multiuso-com-2-portas\/\",\"url\":\"https:\/\/unibellemoveis.com.br\/produto\/armario-multiuso-com-2-portas\/\",\"name\":\"Arm\u00e1rio Multiuso com 2 Portas - Unibelle M\u00f3veis\",\"isPartOf\":{\"@id\":\"https:\/\/unibellemoveis.com.br\/#website\"},\"primaryImageOfPage\":{\"@id\":\"https:\/\/unibellemoveis.com.br\/produto\/armario-multiuso-com-2-portas\/#primaryimage\"},\"image\":{\"@id\":\"https:\/\/unibellemoveis.com.br\/produto\/armario-multiuso-com-2-portas\/#primaryimage\"},\"thumbnailUrl\":\"https:\/\/unibellemoveis.com.br\/wp-content\/uploads\/2024\/09\/image_1008.png\",\"datePublished\":\"2024-09-18T17:02:36+00:00\",\"dateModified\":\"2024-09-18T17:07:44+00:00\",\"description\":\"Arm\u00e1rio Multiuso com 2 Portas Este m\u00f3vel \u00e9 a solu\u00e7\u00e3o para quem busca aliar eleg\u00e2ncia e funcionalidade, oferecendo uma maneira pr\u00e1tica e sofisticada.\",\"breadcrumb\":{\"@id\":\"https:\/\/unibellemoveis.com.br\/produto\/armario-multiuso-com-2-portas\/#breadcrumb\"},\"inLanguage\":\"pt-BR\",\"potentialAction\":[{\"@type\":\"ReadAction\",\"target\":[\"https:\/\/unibellemoveis.com.br\/produto\/armario-multiuso-com-2-portas\/\"]}]},{\"@type\":\"ImageObject\",\"inLanguage\":\"pt-BR\",\"@id\":\"https:\/\/unibellemoveis.com.br\/produto\/armario-multiuso-com-2-portas\/#primaryimage\",\"url\":\"https:\/\/unibellemoveis.com.br\/wp-content\/uploads\/2024\/09\/image_1008.png\",\"contentUrl\":\"https:\/\/unibellemoveis.com.br\/wp-content\/uploads\/2024\/09\/image_1008.png\",\"width\":648,\"height\":569,\"caption\":\"3083 - Guarda Roupas 2 Portas - FI 02\"},{\"@type\":\"BreadcrumbList\",\"@id\":\"https:\/\/unibellemoveis.com.br\/produto\/armario-multiuso-com-2-portas\/#breadcrumb\",\"itemListElement\":[{\"@type\":\"ListItem\",\"position\":1,\"name\":\"In\u00edcio\",\"item\":\"https:\/\/unibellemoveis.com.br\/\"},{\"@type\":\"ListItem\",\"position\":2,\"name\":\"Produtos\",\"item\":\"https:\/\/unibellemoveis.com.br\/produtos\/\"},{\"@type\":\"ListItem\",\"position\":3,\"name\":\"Arm\u00e1rio Multiuso com 2 Portas\"}]},{\"@type\":\"WebSite\",\"@id\":\"https:\/\/unibellemoveis.com.br\/#website\",\"url\":\"https:\/\/unibellemoveis.com.br\/\",\"name\":\"Unibelle M\u00f3veis\",\"description\":\"Unibelle M\u00f3veis\",\"publisher\":{\"@id\":\"https:\/\/unibellemoveis.com.br\/#organization\"},\"potentialAction\":[{\"@type\":\"SearchAction\",\"target\":{\"@type\":\"EntryPoint\",\"urlTemplate\":\"https:\/\/unibellemoveis.com.br\/?s={search_term_string}\"},\"query-input\":{\"@type\":\"PropertyValueSpecification\",\"valueRequired\":true,\"valueName\":\"search_term_string\"}}],\"inLanguage\":\"pt-BR\"},{\"@type\":\"Organization\",\"@id\":\"https:\/\/unibellemoveis.com.br\/#organization\",\"name\":\"Unibele M\u00f3veis\",\"alternateName\":\"Unibele M\u00f3veis\",\"url\":\"https:\/\/unibellemoveis.com.br\/\",\"logo\":{\"@type\":\"ImageObject\",\"inLanguage\":\"pt-BR\",\"@id\":\"https:\/\/unibellemoveis.com.br\/#\/schema\/logo\/image\/\",\"url\":\"https:\/\/unibellemoveis.com.br\/wp-content\/uploads\/2024\/04\/Logo-02.webp\",\"contentUrl\":\"https:\/\/unibellemoveis.com.br\/wp-content\/uploads\/2024\/04\/Logo-02.webp\",\"width\":2363,\"height\":754,\"caption\":\"Unibele M\u00f3veis\"},\"image\":{\"@id\":\"https:\/\/unibellemoveis.com.br\/#\/schema\/logo\/image\/\"}}]}<\/script>\n<!-- \/ Yoast SEO plugin. -->","yoast_head_json":{"title":"Arm\u00e1rio Multiuso com 2 Portas - Unibelle M\u00f3veis","description":"Arm\u00e1rio Multiuso com 2 Portas Este m\u00f3vel \u00e9 a solu\u00e7\u00e3o para quem busca aliar eleg\u00e2ncia e funcionalidade, oferecendo uma maneira pr\u00e1tica e sofisticada.","robots":{"index":"index","follow":"follow","max-snippet":"max-snippet:-1","max-image-preview":"max-image-preview:large","max-video-preview":"max-video-preview:-1"},"canonical":"https:\/\/unibellemoveis.com.br\/pt_br\/produto\/armario-multiuso-com-2-portas\/","og_locale":"pt_BR","og_type":"article","og_title":"Arm\u00e1rio Multiuso com 2 Portas - Unibelle M\u00f3veis","og_description":"Arm\u00e1rio Multiuso com 2 Portas Este m\u00f3vel \u00e9 a solu\u00e7\u00e3o para quem busca aliar eleg\u00e2ncia e funcionalidade, oferecendo uma maneira pr\u00e1tica e sofisticada.","og_url":"https:\/\/unibellemoveis.com.br\/pt_br\/produto\/armario-multiuso-com-2-portas\/","og_site_name":"Unibelle M\u00f3veis","article_modified_time":"2024-09-18T17:07:44+00:00","og_image":[{"width":648,"height":569,"url":"https:\/\/unibellemoveis.com.br\/wp-content\/uploads\/2024\/09\/image_1008.png","type":"image\/png"}],"twitter_card":"summary_large_image","twitter_misc":{"Est. tempo de leitura":"2 minutos"},"schema":{"@context":"https:\/\/schema.org","@graph":[{"@type":"WebPage","@id":"https:\/\/unibellemoveis.com.br\/produto\/armario-multiuso-com-2-portas\/","url":"https:\/\/unibellemoveis.com.br\/produto\/armario-multiuso-com-2-portas\/","name":"Arm\u00e1rio Multiuso com 2 Portas - Unibelle M\u00f3veis","isPartOf":{"@id":"https:\/\/unibellemoveis.com.br\/#website"},"primaryImageOfPage":{"@id":"https:\/\/unibellemoveis.com.br\/produto\/armario-multiuso-com-2-portas\/#primaryimage"},"image":{"@id":"https:\/\/unibellemoveis.com.br\/produto\/armario-multiuso-com-2-portas\/#primaryimage"},"thumbnailUrl":"https:\/\/unibellemoveis.com.br\/wp-content\/uploads\/2024\/09\/image_1008.png","datePublished":"2024-09-18T17:02:36+00:00","dateModified":"2024-09-18T17:07:44+00:00","description":"Arm\u00e1rio Multiuso com 2 Portas Este m\u00f3vel \u00e9 a solu\u00e7\u00e3o para quem busca aliar eleg\u00e2ncia e funcionalidade, oferecendo uma maneira pr\u00e1tica e sofisticada.","breadcrumb":{"@id":"https:\/\/unibellemoveis.com.br\/produto\/armario-multiuso-com-2-portas\/#breadcrumb"},"inLanguage":"pt-BR","potentialAction":[{"@type":"ReadAction","target":["https:\/\/unibellemoveis.com.br\/produto\/armario-multiuso-com-2-portas\/"]}]},{"@type":"ImageObject","inLanguage":"pt-BR","@id":"https:\/\/unibellemoveis.com.br\/produto\/armario-multiuso-com-2-portas\/#primaryimage","url":"https:\/\/unibellemoveis.com.br\/wp-content\/uploads\/2024\/09\/image_1008.png","contentUrl":"https:\/\/unibellemoveis.com.br\/wp-content\/uploads\/2024\/09\/image_1008.png","width":648,"height":569,"caption":"3083 - Guarda Roupas 2 Portas - FI 02"},{"@type":"BreadcrumbList","@id":"https:\/\/unibellemoveis.com.br\/produto\/armario-multiuso-com-2-portas\/#breadcrumb","itemListElement":[{"@type":"ListItem","position":1,"name":"In\u00edcio","item":"https:\/\/unibellemoveis.com.br\/"},{"@type":"ListItem","position":2,"name":"Produtos","item":"https:\/\/unibellemoveis.com.br\/produtos\/"},{"@type":"ListItem","position":3,"name":"Arm\u00e1rio Multiuso com 2 Portas"}]},{"@type":"WebSite","@id":"https:\/\/unibellemoveis.com.br\/#website","url":"https:\/\/unibellemoveis.com.br\/","name":"Unibelle M\u00f3veis","description":"Unibelle M\u00f3veis","publisher":{"@id":"https:\/\/unibellemoveis.com.br\/#organization"},"potentialAction":[{"@type":"SearchAction","target":{"@type":"EntryPoint","urlTemplate":"https:\/\/unibellemoveis.com.br\/?s={search_term_string}"},"query-input":{"@type":"PropertyValueSpecification","valueRequired":true,"valueName":"search_term_string"}}],"inLanguage":"pt-BR"},{"@type":"Organization","@id":"https:\/\/unibellemoveis.com.br\/#organization","name":"Unibele M\u00f3veis","alternateName":"Unibele M\u00f3veis","url":"https:\/\/unibellemoveis.com.br\/","logo":{"@type":"ImageObject","inLanguage":"pt-BR","@id":"https:\/\/unibellemoveis.com.br\/#\/schema\/logo\/image\/","url":"https:\/\/unibellemoveis.com.br\/wp-content\/uploads\/2024\/04\/Logo-02.webp","contentUrl":"https:\/\/unibellemoveis.com.br\/wp-content\/uploads\/2024\/04\/Logo-02.webp","width":2363,"height":754,"caption":"Unibele M\u00f3veis"},"image":{"@id":"https:\/\/unibellemoveis.com.br\/#\/schema\/logo\/image\/"}}]}},"_links":{"self":[{"href":"https:\/\/unibellemoveis.com.br\/pt_br\/wp-json\/wp\/v2\/product\/2471","targetHints":{"allow":["GET"]}}],"collection":[{"href":"https:\/\/unibellemoveis.com.br\/pt_br\/wp-json\/wp\/v2\/product"}],"about":[{"href":"https:\/\/unibellemoveis.com.br\/pt_br\/wp-json\/wp\/v2\/types\/product"}],"replies":[{"embeddable":true,"href":"https:\/\/unibellemoveis.com.br\/pt_br\/wp-json\/wp\/v2\/comments?post=2471"}],"version-history":[{"count":1,"href":"https:\/\/unibellemoveis.com.br\/pt_br\/wp-json\/wp\/v2\/product\/2471\/revisions"}],"predecessor-version":[{"id":2478,"href":"https:\/\/unibellemoveis.com.br\/pt_br\/wp-json\/wp\/v2\/product\/2471\/revisions\/2478"}],"wp:featuredmedia":[{"embeddable":true,"href":"https:\/\/unibellemoveis.com.br\/pt_br\/wp-json\/wp\/v2\/media\/2477"}],"wp:attachment":[{"href":"https:\/\/unibellemoveis.com.br\/pt_br\/wp-json\/wp\/v2\/media?parent=2471"}],"wp:term":[{"taxonomy":"product_brand","embeddable":true,"href":"https:\/\/unibellemoveis.com.br\/pt_br\/wp-json\/wp\/v2\/product_brand?post=2471"},{"taxonomy":"product_cat","embeddable":true,"href":"https:\/\/unibellemoveis.com.br\/pt_br\/wp-json\/wp\/v2\/product_cat?post=2471"},{"taxonomy":"product_tag","embeddable":true,"href":"https:\/\/unibellemoveis.com.br\/pt_br\/wp-json\/wp\/v2\/product_tag?post=2471"}],"curies":[{"name":"wp","href":"https:\/\/api.w.org\/{rel}","templated":true}]}}