{"id":2479,"date":"2024-09-18T14:12:17","date_gmt":"2024-09-18T17:12:17","guid":{"rendered":"https:\/\/unibellemoveis.com.br\/?post_type=product&#038;p=2479"},"modified":"2024-09-18T14:15:48","modified_gmt":"2024-09-18T17:15:48","slug":"balcao-office","status":"publish","type":"product","link":"https:\/\/unibellemoveis.com.br\/pt_br\/produto\/balcao-office\/","title":{"rendered":"Balc\u00e3o Office"},"content":{"rendered":"<div class=\"flex-shrink-0 flex flex-col relative items-end\">\n<div class=\"pt-0.5 juice:pt-0\">\n<div class=\"gizmo-bot-avatar flex h-6 w-6 items-center justify-center overflow-hidden rounded-full juice:h-8 juice:w-8\">\n<div class=\"relative p-1 rounded-sm flex items-center justify-center bg-token-main-surface-primary text-token-text-primary h-8 w-8\">\n<div class=\"flex-shrink-0 flex flex-col relative items-end\">\n<div class=\"pt-0.5 juice:pt-0\">\n<div class=\"gizmo-bot-avatar flex h-6 w-6 items-center justify-center overflow-hidden rounded-full juice:h-8 juice:w-8\">\n<div class=\"relative p-1 rounded-sm flex items-center justify-center bg-token-main-surface-primary text-token-text-primary h-8 w-8\">\n<div class=\"flex flex-grow flex-col max-w-full\">\n<div class=\"min-h-[20px] text-message flex flex-col items-start whitespace-pre-wrap break-words [.text-message+&amp;]:mt-5 juice:w-full juice:items-end overflow-x-auto gap-2\" dir=\"auto\" data-message-author-role=\"assistant\" data-message-id=\"b98dcf4b-0a42-4092-88ff-0e6c252004f4\">\n<div class=\"flex w-full flex-col gap-1 juice:empty:hidden juice:first:pt-[3px]\">\n<div class=\"markdown prose w-full break-words dark:prose-invert light\">\n<h3>Balc\u00e3o Office<\/h3>\n<p>O <strong>Balc\u00e3o Office<\/strong>\u00a0\u00e9 a solu\u00e7\u00e3o ideal para quem deseja organiza\u00e7\u00e3o e praticidade no ambiente de trabalho ou em casa. Com um design compacto e elegante na cor <strong>Mel Dakar<\/strong>, ele oferece o espa\u00e7o perfeito para armazenar materiais de escrit\u00f3rio, documentos ou objetos diversos, mantendo tudo organizado e de f\u00e1cil acesso. Perfeito para escrit\u00f3rios, salas ou home offices.<\/p>\n<p><strong>Diferenciais do Produto:<\/strong><\/p>\n<ul>\n<li>Produzido em <strong>100% MDP 15mm<\/strong>, garantindo resist\u00eancia e durabilidade<\/li>\n<li><strong>1 porta<\/strong> com prateleira interna, ideal para organizar documentos e itens de trabalho<\/li>\n<li>Design compacto e funcional, ideal para otimizar pequenos espa\u00e7os<\/li>\n<li>Acabamento em <strong>Mel Dakar<\/strong>, que traz um toque moderno e sofisticado para o ambiente<\/li>\n<\/ul>\n<p><strong>Especifica\u00e7\u00f5es T\u00e9cnicas:<\/strong><\/p>\n<ul>\n<li><strong>Altura:<\/strong> 75 cm<\/li>\n<li><strong>Largura:<\/strong> 61 cm<\/li>\n<li><strong>Profundidade:<\/strong> 47 cm<\/li>\n<li><strong>Espessura do material:<\/strong> 15 mm<\/li>\n<li><strong>Cubagem:<\/strong> 0,035 m\u00b3<\/li>\n<li><strong>Peso:<\/strong> 21 kg<\/li>\n<li><strong>Volumes:<\/strong> 1<\/li>\n<\/ul>\n<p>O <strong>Balc\u00e3o Office<\/strong>\u00a0\u00e9 a escolha ideal para quem precisa de um m\u00f3vel vers\u00e1til e pr\u00e1tico para o ambiente de trabalho, permitindo a organiza\u00e7\u00e3o eficiente de documentos e objetos sem abrir m\u00e3o do estilo e da eleg\u00e2ncia.<\/p>\n<p>Conhe\u00e7a todos os modelos: <a href=\"https:\/\/unibellemoveis.com.br\/categoria-produto\/escritorio\/\">https:\/\/unibellemoveis.com.br\/categoria-produto\/escritorio\/<\/a><\/p>\n<\/div>\n<\/div>\n<\/div>\n<\/div>\n<\/div>\n<\/div>\n<\/div>\n<\/div>\n<\/div>\n<\/div>\n<\/div>\n<\/div>\n","protected":false},"excerpt":{"rendered":"<p>O <strong>Balc\u00e3o Office<\/strong>\u00a0\u00e9 a solu\u00e7\u00e3o ideal para quem deseja organiza\u00e7\u00e3o e praticidade no ambiente de trabalho ou em casa. Com um design compacto e elegante na cor <strong>Mel Dakar<\/strong>, ele oferece o espa\u00e7o perfeito para armazenar materiais de escrit\u00f3rio, documentos ou objetos diversos, mantendo tudo organizado e de f\u00e1cil acesso. Perfeito para escrit\u00f3rios, salas ou home offices.<\/p>\n","protected":false},"featured_media":2482,"comment_status":"open","ping_status":"closed","template":"","meta":{"_joinchat":[]},"product_brand":[],"product_cat":[23],"product_tag":[],"class_list":{"0":"post-2479","1":"product","2":"type-product","3":"status-publish","4":"has-post-thumbnail","6":"product_cat-escritorio","8":"first","9":"instock","10":"shipping-taxable","11":"product-type-simple"},"yoast_head":"<!-- This site is optimized with the Yoast SEO plugin v26.0 - https:\/\/yoast.com\/wordpress\/plugins\/seo\/ -->\n<title>Balc\u00e3o Office - Unibelle M\u00f3veis<\/title>\n<meta name=\"description\" content=\"Balc\u00e3o Office Este m\u00f3vel \u00e9 a solu\u00e7\u00e3o para quem busca aliar eleg\u00e2ncia e funcionalidade, oferecendo uma maneira pr\u00e1tica e sofisticada.\" \/>\n<meta name=\"robots\" content=\"index, follow, max-snippet:-1, max-image-preview:large, max-video-preview:-1\" \/>\n<link rel=\"canonical\" href=\"https:\/\/unibellemoveis.com.br\/pt_br\/produto\/balcao-office\/\" \/>\n<meta property=\"og:locale\" content=\"pt_BR\" \/>\n<meta property=\"og:type\" content=\"article\" \/>\n<meta property=\"og:title\" content=\"Balc\u00e3o Office - Unibelle M\u00f3veis\" \/>\n<meta property=\"og:description\" content=\"Balc\u00e3o Office Este m\u00f3vel \u00e9 a solu\u00e7\u00e3o para quem busca aliar eleg\u00e2ncia e funcionalidade, oferecendo uma maneira pr\u00e1tica e sofisticada.\" \/>\n<meta property=\"og:url\" content=\"https:\/\/unibellemoveis.com.br\/pt_br\/produto\/balcao-office\/\" \/>\n<meta property=\"og:site_name\" content=\"Unibelle M\u00f3veis\" \/>\n<meta property=\"article:modified_time\" content=\"2024-09-18T17:15:48+00:00\" \/>\n<meta property=\"og:image\" content=\"https:\/\/unibellemoveis.com.br\/wp-content\/uploads\/2024\/09\/4754.webp\" \/>\n\t<meta property=\"og:image:width\" content=\"1000\" \/>\n\t<meta property=\"og:image:height\" content=\"1000\" \/>\n\t<meta property=\"og:image:type\" content=\"image\/webp\" \/>\n<meta name=\"twitter:card\" content=\"summary_large_image\" \/>\n<meta name=\"twitter:label1\" content=\"Est. tempo de leitura\" \/>\n\t<meta name=\"twitter:data1\" content=\"2 minutos\" \/>\n<script type=\"application\/ld+json\" class=\"yoast-schema-graph\">{\"@context\":\"https:\/\/schema.org\",\"@graph\":[{\"@type\":\"WebPage\",\"@id\":\"https:\/\/unibellemoveis.com.br\/produto\/balcao-office\/\",\"url\":\"https:\/\/unibellemoveis.com.br\/produto\/balcao-office\/\",\"name\":\"Balc\u00e3o Office - Unibelle M\u00f3veis\",\"isPartOf\":{\"@id\":\"https:\/\/unibellemoveis.com.br\/#website\"},\"primaryImageOfPage\":{\"@id\":\"https:\/\/unibellemoveis.com.br\/produto\/balcao-office\/#primaryimage\"},\"image\":{\"@id\":\"https:\/\/unibellemoveis.com.br\/produto\/balcao-office\/#primaryimage\"},\"thumbnailUrl\":\"https:\/\/unibellemoveis.com.br\/wp-content\/uploads\/2024\/09\/4754.webp\",\"datePublished\":\"2024-09-18T17:12:17+00:00\",\"dateModified\":\"2024-09-18T17:15:48+00:00\",\"description\":\"Balc\u00e3o Office Este m\u00f3vel \u00e9 a solu\u00e7\u00e3o para quem busca aliar eleg\u00e2ncia e funcionalidade, oferecendo uma maneira pr\u00e1tica e sofisticada.\",\"breadcrumb\":{\"@id\":\"https:\/\/unibellemoveis.com.br\/produto\/balcao-office\/#breadcrumb\"},\"inLanguage\":\"pt-BR\",\"potentialAction\":[{\"@type\":\"ReadAction\",\"target\":[\"https:\/\/unibellemoveis.com.br\/produto\/balcao-office\/\"]}]},{\"@type\":\"ImageObject\",\"inLanguage\":\"pt-BR\",\"@id\":\"https:\/\/unibellemoveis.com.br\/produto\/balcao-office\/#primaryimage\",\"url\":\"https:\/\/unibellemoveis.com.br\/wp-content\/uploads\/2024\/09\/4754.webp\",\"contentUrl\":\"https:\/\/unibellemoveis.com.br\/wp-content\/uploads\/2024\/09\/4754.webp\",\"width\":1000,\"height\":1000,\"caption\":\"Balc\u00e3o Office\"},{\"@type\":\"BreadcrumbList\",\"@id\":\"https:\/\/unibellemoveis.com.br\/produto\/balcao-office\/#breadcrumb\",\"itemListElement\":[{\"@type\":\"ListItem\",\"position\":1,\"name\":\"In\u00edcio\",\"item\":\"https:\/\/unibellemoveis.com.br\/\"},{\"@type\":\"ListItem\",\"position\":2,\"name\":\"Produtos\",\"item\":\"https:\/\/unibellemoveis.com.br\/produtos\/\"},{\"@type\":\"ListItem\",\"position\":3,\"name\":\"Balc\u00e3o Office\"}]},{\"@type\":\"WebSite\",\"@id\":\"https:\/\/unibellemoveis.com.br\/#website\",\"url\":\"https:\/\/unibellemoveis.com.br\/\",\"name\":\"Unibelle M\u00f3veis\",\"description\":\"Unibelle M\u00f3veis\",\"publisher\":{\"@id\":\"https:\/\/unibellemoveis.com.br\/#organization\"},\"potentialAction\":[{\"@type\":\"SearchAction\",\"target\":{\"@type\":\"EntryPoint\",\"urlTemplate\":\"https:\/\/unibellemoveis.com.br\/?s={search_term_string}\"},\"query-input\":{\"@type\":\"PropertyValueSpecification\",\"valueRequired\":true,\"valueName\":\"search_term_string\"}}],\"inLanguage\":\"pt-BR\"},{\"@type\":\"Organization\",\"@id\":\"https:\/\/unibellemoveis.com.br\/#organization\",\"name\":\"Unibele M\u00f3veis\",\"alternateName\":\"Unibele M\u00f3veis\",\"url\":\"https:\/\/unibellemoveis.com.br\/\",\"logo\":{\"@type\":\"ImageObject\",\"inLanguage\":\"pt-BR\",\"@id\":\"https:\/\/unibellemoveis.com.br\/#\/schema\/logo\/image\/\",\"url\":\"https:\/\/unibellemoveis.com.br\/wp-content\/uploads\/2024\/04\/Logo-02.webp\",\"contentUrl\":\"https:\/\/unibellemoveis.com.br\/wp-content\/uploads\/2024\/04\/Logo-02.webp\",\"width\":2363,\"height\":754,\"caption\":\"Unibele M\u00f3veis\"},\"image\":{\"@id\":\"https:\/\/unibellemoveis.com.br\/#\/schema\/logo\/image\/\"}}]}<\/script>\n<!-- \/ Yoast SEO plugin. -->","yoast_head_json":{"title":"Balc\u00e3o Office - Unibelle M\u00f3veis","description":"Balc\u00e3o Office Este m\u00f3vel \u00e9 a solu\u00e7\u00e3o para quem busca aliar eleg\u00e2ncia e funcionalidade, oferecendo uma maneira pr\u00e1tica e sofisticada.","robots":{"index":"index","follow":"follow","max-snippet":"max-snippet:-1","max-image-preview":"max-image-preview:large","max-video-preview":"max-video-preview:-1"},"canonical":"https:\/\/unibellemoveis.com.br\/pt_br\/produto\/balcao-office\/","og_locale":"pt_BR","og_type":"article","og_title":"Balc\u00e3o Office - Unibelle M\u00f3veis","og_description":"Balc\u00e3o Office Este m\u00f3vel \u00e9 a solu\u00e7\u00e3o para quem busca aliar eleg\u00e2ncia e funcionalidade, oferecendo uma maneira pr\u00e1tica e sofisticada.","og_url":"https:\/\/unibellemoveis.com.br\/pt_br\/produto\/balcao-office\/","og_site_name":"Unibelle M\u00f3veis","article_modified_time":"2024-09-18T17:15:48+00:00","og_image":[{"width":1000,"height":1000,"url":"https:\/\/unibellemoveis.com.br\/wp-content\/uploads\/2024\/09\/4754.webp","type":"image\/webp"}],"twitter_card":"summary_large_image","twitter_misc":{"Est. tempo de leitura":"2 minutos"},"schema":{"@context":"https:\/\/schema.org","@graph":[{"@type":"WebPage","@id":"https:\/\/unibellemoveis.com.br\/produto\/balcao-office\/","url":"https:\/\/unibellemoveis.com.br\/produto\/balcao-office\/","name":"Balc\u00e3o Office - Unibelle M\u00f3veis","isPartOf":{"@id":"https:\/\/unibellemoveis.com.br\/#website"},"primaryImageOfPage":{"@id":"https:\/\/unibellemoveis.com.br\/produto\/balcao-office\/#primaryimage"},"image":{"@id":"https:\/\/unibellemoveis.com.br\/produto\/balcao-office\/#primaryimage"},"thumbnailUrl":"https:\/\/unibellemoveis.com.br\/wp-content\/uploads\/2024\/09\/4754.webp","datePublished":"2024-09-18T17:12:17+00:00","dateModified":"2024-09-18T17:15:48+00:00","description":"Balc\u00e3o Office Este m\u00f3vel \u00e9 a solu\u00e7\u00e3o para quem busca aliar eleg\u00e2ncia e funcionalidade, oferecendo uma maneira pr\u00e1tica e sofisticada.","breadcrumb":{"@id":"https:\/\/unibellemoveis.com.br\/produto\/balcao-office\/#breadcrumb"},"inLanguage":"pt-BR","potentialAction":[{"@type":"ReadAction","target":["https:\/\/unibellemoveis.com.br\/produto\/balcao-office\/"]}]},{"@type":"ImageObject","inLanguage":"pt-BR","@id":"https:\/\/unibellemoveis.com.br\/produto\/balcao-office\/#primaryimage","url":"https:\/\/unibellemoveis.com.br\/wp-content\/uploads\/2024\/09\/4754.webp","contentUrl":"https:\/\/unibellemoveis.com.br\/wp-content\/uploads\/2024\/09\/4754.webp","width":1000,"height":1000,"caption":"Balc\u00e3o Office"},{"@type":"BreadcrumbList","@id":"https:\/\/unibellemoveis.com.br\/produto\/balcao-office\/#breadcrumb","itemListElement":[{"@type":"ListItem","position":1,"name":"In\u00edcio","item":"https:\/\/unibellemoveis.com.br\/"},{"@type":"ListItem","position":2,"name":"Produtos","item":"https:\/\/unibellemoveis.com.br\/produtos\/"},{"@type":"ListItem","position":3,"name":"Balc\u00e3o Office"}]},{"@type":"WebSite","@id":"https:\/\/unibellemoveis.com.br\/#website","url":"https:\/\/unibellemoveis.com.br\/","name":"Unibelle M\u00f3veis","description":"Unibelle M\u00f3veis","publisher":{"@id":"https:\/\/unibellemoveis.com.br\/#organization"},"potentialAction":[{"@type":"SearchAction","target":{"@type":"EntryPoint","urlTemplate":"https:\/\/unibellemoveis.com.br\/?s={search_term_string}"},"query-input":{"@type":"PropertyValueSpecification","valueRequired":true,"valueName":"search_term_string"}}],"inLanguage":"pt-BR"},{"@type":"Organization","@id":"https:\/\/unibellemoveis.com.br\/#organization","name":"Unibele M\u00f3veis","alternateName":"Unibele M\u00f3veis","url":"https:\/\/unibellemoveis.com.br\/","logo":{"@type":"ImageObject","inLanguage":"pt-BR","@id":"https:\/\/unibellemoveis.com.br\/#\/schema\/logo\/image\/","url":"https:\/\/unibellemoveis.com.br\/wp-content\/uploads\/2024\/04\/Logo-02.webp","contentUrl":"https:\/\/unibellemoveis.com.br\/wp-content\/uploads\/2024\/04\/Logo-02.webp","width":2363,"height":754,"caption":"Unibele M\u00f3veis"},"image":{"@id":"https:\/\/unibellemoveis.com.br\/#\/schema\/logo\/image\/"}}]}},"_links":{"self":[{"href":"https:\/\/unibellemoveis.com.br\/pt_br\/wp-json\/wp\/v2\/product\/2479","targetHints":{"allow":["GET"]}}],"collection":[{"href":"https:\/\/unibellemoveis.com.br\/pt_br\/wp-json\/wp\/v2\/product"}],"about":[{"href":"https:\/\/unibellemoveis.com.br\/pt_br\/wp-json\/wp\/v2\/types\/product"}],"replies":[{"embeddable":true,"href":"https:\/\/unibellemoveis.com.br\/pt_br\/wp-json\/wp\/v2\/comments?post=2479"}],"version-history":[{"count":1,"href":"https:\/\/unibellemoveis.com.br\/pt_br\/wp-json\/wp\/v2\/product\/2479\/revisions"}],"predecessor-version":[{"id":2485,"href":"https:\/\/unibellemoveis.com.br\/pt_br\/wp-json\/wp\/v2\/product\/2479\/revisions\/2485"}],"wp:featuredmedia":[{"embeddable":true,"href":"https:\/\/unibellemoveis.com.br\/pt_br\/wp-json\/wp\/v2\/media\/2482"}],"wp:attachment":[{"href":"https:\/\/unibellemoveis.com.br\/pt_br\/wp-json\/wp\/v2\/media?parent=2479"}],"wp:term":[{"taxonomy":"product_brand","embeddable":true,"href":"https:\/\/unibellemoveis.com.br\/pt_br\/wp-json\/wp\/v2\/product_brand?post=2479"},{"taxonomy":"product_cat","embeddable":true,"href":"https:\/\/unibellemoveis.com.br\/pt_br\/wp-json\/wp\/v2\/product_cat?post=2479"},{"taxonomy":"product_tag","embeddable":true,"href":"https:\/\/unibellemoveis.com.br\/pt_br\/wp-json\/wp\/v2\/product_tag?post=2479"}],"curies":[{"name":"wp","href":"https:\/\/api.w.org\/{rel}","templated":true}]}}