{"id":2539,"date":"2024-09-18T16:28:46","date_gmt":"2024-09-18T19:28:46","guid":{"rendered":"https:\/\/unibellemoveis.com.br\/?post_type=product&#038;p=2539"},"modified":"2025-07-22T21:17:12","modified_gmt":"2025-07-23T00:17:12","slug":"aparador-com-3-portas-136-cm","status":"publish","type":"product","link":"https:\/\/unibellemoveis.com.br\/pt_br\/produto\/aparador-com-3-portas-136-cm\/","title":{"rendered":"Aparador com 3 Portas 136 cm"},"content":{"rendered":"<div class=\"flex-shrink-0 flex flex-col relative items-end\">\n<div class=\"pt-0.5 juice:pt-0\">\n<div class=\"gizmo-bot-avatar flex h-6 w-6 items-center justify-center overflow-hidden rounded-full juice:h-8 juice:w-8\">\n<div class=\"relative p-1 rounded-sm flex items-center justify-center bg-token-main-surface-primary text-token-text-primary h-8 w-8\">\n<h3>Aparador com 3 Portas 136 cm<\/h3>\n<p>O <strong>Aparador com 3 Portas<\/strong> nas cores <strong>Mel Dakar e Preto<\/strong> ou <strong>Branco<\/strong> \u00e9 a escolha ideal para quem deseja adicionar um toque de sofistica\u00e7\u00e3o e funcionalidade ao ambiente. Com um design inspirado no estilo retr\u00f4 e p\u00e9s em madeira maci\u00e7a, este balc\u00e3o \u00e9 perfeito para salas de estar, jantar ou at\u00e9 mesmo hall de entrada, oferecendo amplo espa\u00e7o de armazenamento com prateleiras internas e portas embutidas que garantem a organiza\u00e7\u00e3o dos seus objetos.<\/p>\n<p><strong>Diferenciais do Produto:<\/strong><\/p>\n<ul>\n<li>Produzido em <strong>100% MDP 15mm<\/strong>, garantindo durabilidade e resist\u00eancia<\/li>\n<li><strong>Dobradi\u00e7as com amortecimento<\/strong>, proporcionando um fechamento suave e silencioso<\/li>\n<li><strong>Estilo retr\u00f4<\/strong> com p\u00e9s em madeira maci\u00e7a, adicionando charme e estabilidade ao m\u00f3vel<\/li>\n<li><strong>Prateleira interna<\/strong> para otimizar o espa\u00e7o de armazenamento<\/li>\n<li><strong>Portas embutidas<\/strong>, garantindo um visual clean e organizado<\/li>\n<\/ul>\n<p><strong>Especifica\u00e7\u00f5es T\u00e9cnicas:<\/strong><\/p>\n<ul>\n<li><strong>Altura:<\/strong> 87 cm<\/li>\n<li><strong>Largura:<\/strong> 136 cm<\/li>\n<li><strong>Profundidade:<\/strong> 36 cm<\/li>\n<li><strong>Espessura do material:<\/strong> 15 mm<\/li>\n<li><strong>Cubagem:<\/strong> 0,058 m\u00b3<\/li>\n<li><strong>Peso:<\/strong> 34 kg<\/li>\n<li><strong>Volumes:<\/strong> 1<\/li>\n<\/ul>\n<p>O <strong>Aparador com 3 Portas<\/strong>\u00a0\u00e9 perfeito para quem busca um m\u00f3vel elegante e funcional, proporcionando praticidade e estilo em qualquer ambiente da casa.<\/p>\n<p>Conhe\u00e7a todos os modelos: <a href=\"https:\/\/unibellemoveis.com.br\/categoria-produto\/sala\/\">https:\/\/unibellemoveis.com.br\/categoria-produto\/sala\/<\/a><\/p>\n<\/div>\n<\/div>\n<\/div>\n<\/div>\n","protected":false},"excerpt":{"rendered":"<p>O <strong>Aparador com 3 portas<\/strong>\u00a0nas cores <strong>Branco e Nogal<\/strong> \u00e9 a pe\u00e7a ideal para quem deseja combinar funcionalidade com um toque de charme vintage. Com um design retr\u00f4 e p\u00e9s em madeira, ele traz eleg\u00e2ncia e sofistica\u00e7\u00e3o para salas de estar, salas de jantar e outros ambientes. O balc\u00e3o oferece amplo espa\u00e7o de armazenamento, com prateleiras internas e portas embutidas que garantem organiza\u00e7\u00e3o e praticidade.<\/p>\n","protected":false},"featured_media":2543,"comment_status":"open","ping_status":"closed","template":"","meta":{"_joinchat":[]},"product_brand":[],"product_cat":[30],"product_tag":[],"class_list":{"0":"post-2539","1":"product","2":"type-product","3":"status-publish","4":"has-post-thumbnail","6":"product_cat-sala","8":"first","9":"instock","10":"featured","11":"shipping-taxable","12":"purchasable","13":"product-type-variable"},"yoast_head":"<!-- This site is optimized with the Yoast SEO plugin v26.0 - https:\/\/yoast.com\/wordpress\/plugins\/seo\/ -->\n<title>Aparador com 3 Portas 136 cm - Unibelle M\u00f3veis<\/title>\n<meta name=\"description\" content=\"Aparador com 3 Portas 136 cm Descubra o aparador perfeito para complementar a decora\u00e7\u00e3o do seu ambiente. Com design moderno e vers\u00e1til.\" \/>\n<meta name=\"robots\" content=\"index, follow, max-snippet:-1, max-image-preview:large, max-video-preview:-1\" \/>\n<link rel=\"canonical\" href=\"https:\/\/unibellemoveis.com.br\/pt_br\/produto\/aparador-com-3-portas-136-cm\/\" \/>\n<meta property=\"og:locale\" content=\"pt_BR\" \/>\n<meta property=\"og:type\" content=\"article\" \/>\n<meta property=\"og:title\" content=\"Aparador com 3 Portas 136 cm - Unibelle M\u00f3veis\" \/>\n<meta property=\"og:description\" content=\"Aparador com 3 Portas 136 cm Descubra o aparador perfeito para complementar a decora\u00e7\u00e3o do seu ambiente. Com design moderno e vers\u00e1til.\" \/>\n<meta property=\"og:url\" content=\"https:\/\/unibellemoveis.com.br\/pt_br\/produto\/aparador-com-3-portas-136-cm\/\" \/>\n<meta property=\"og:site_name\" content=\"Unibelle M\u00f3veis\" \/>\n<meta property=\"article:modified_time\" content=\"2025-07-23T00:17:12+00:00\" \/>\n<meta property=\"og:image\" content=\"https:\/\/unibellemoveis.com.br\/wp-content\/uploads\/2024\/09\/2136.1.1.webp\" \/>\n\t<meta property=\"og:image:width\" content=\"1000\" \/>\n\t<meta property=\"og:image:height\" content=\"1000\" \/>\n\t<meta property=\"og:image:type\" content=\"image\/webp\" \/>\n<meta name=\"twitter:card\" content=\"summary_large_image\" \/>\n<meta name=\"twitter:label1\" content=\"Est. tempo de leitura\" \/>\n\t<meta name=\"twitter:data1\" content=\"2 minutos\" \/>\n<script type=\"application\/ld+json\" class=\"yoast-schema-graph\">{\"@context\":\"https:\/\/schema.org\",\"@graph\":[{\"@type\":\"WebPage\",\"@id\":\"https:\/\/unibellemoveis.com.br\/produto\/aparador-com-3-portas-136-cm\/\",\"url\":\"https:\/\/unibellemoveis.com.br\/produto\/aparador-com-3-portas-136-cm\/\",\"name\":\"Aparador com 3 Portas 136 cm - Unibelle M\u00f3veis\",\"isPartOf\":{\"@id\":\"https:\/\/unibellemoveis.com.br\/#website\"},\"primaryImageOfPage\":{\"@id\":\"https:\/\/unibellemoveis.com.br\/produto\/aparador-com-3-portas-136-cm\/#primaryimage\"},\"image\":{\"@id\":\"https:\/\/unibellemoveis.com.br\/produto\/aparador-com-3-portas-136-cm\/#primaryimage\"},\"thumbnailUrl\":\"https:\/\/unibellemoveis.com.br\/wp-content\/uploads\/2024\/09\/2136.1.1.webp\",\"datePublished\":\"2024-09-18T19:28:46+00:00\",\"dateModified\":\"2025-07-23T00:17:12+00:00\",\"description\":\"Aparador com 3 Portas 136 cm Descubra o aparador perfeito para complementar a decora\u00e7\u00e3o do seu ambiente. Com design moderno e vers\u00e1til.\",\"breadcrumb\":{\"@id\":\"https:\/\/unibellemoveis.com.br\/produto\/aparador-com-3-portas-136-cm\/#breadcrumb\"},\"inLanguage\":\"pt-BR\",\"potentialAction\":[{\"@type\":\"ReadAction\",\"target\":[\"https:\/\/unibellemoveis.com.br\/produto\/aparador-com-3-portas-136-cm\/\"]}]},{\"@type\":\"ImageObject\",\"inLanguage\":\"pt-BR\",\"@id\":\"https:\/\/unibellemoveis.com.br\/produto\/aparador-com-3-portas-136-cm\/#primaryimage\",\"url\":\"https:\/\/unibellemoveis.com.br\/wp-content\/uploads\/2024\/09\/2136.1.1.webp\",\"contentUrl\":\"https:\/\/unibellemoveis.com.br\/wp-content\/uploads\/2024\/09\/2136.1.1.webp\",\"width\":1000,\"height\":1000,\"caption\":\"Aparador com 3 Portas\"},{\"@type\":\"BreadcrumbList\",\"@id\":\"https:\/\/unibellemoveis.com.br\/produto\/aparador-com-3-portas-136-cm\/#breadcrumb\",\"itemListElement\":[{\"@type\":\"ListItem\",\"position\":1,\"name\":\"In\u00edcio\",\"item\":\"https:\/\/unibellemoveis.com.br\/\"},{\"@type\":\"ListItem\",\"position\":2,\"name\":\"Produtos\",\"item\":\"https:\/\/unibellemoveis.com.br\/produtos\/\"},{\"@type\":\"ListItem\",\"position\":3,\"name\":\"Aparador com 3 Portas 136 cm\"}]},{\"@type\":\"WebSite\",\"@id\":\"https:\/\/unibellemoveis.com.br\/#website\",\"url\":\"https:\/\/unibellemoveis.com.br\/\",\"name\":\"Unibelle M\u00f3veis\",\"description\":\"Unibelle M\u00f3veis\",\"publisher\":{\"@id\":\"https:\/\/unibellemoveis.com.br\/#organization\"},\"potentialAction\":[{\"@type\":\"SearchAction\",\"target\":{\"@type\":\"EntryPoint\",\"urlTemplate\":\"https:\/\/unibellemoveis.com.br\/?s={search_term_string}\"},\"query-input\":{\"@type\":\"PropertyValueSpecification\",\"valueRequired\":true,\"valueName\":\"search_term_string\"}}],\"inLanguage\":\"pt-BR\"},{\"@type\":\"Organization\",\"@id\":\"https:\/\/unibellemoveis.com.br\/#organization\",\"name\":\"Unibele M\u00f3veis\",\"alternateName\":\"Unibele M\u00f3veis\",\"url\":\"https:\/\/unibellemoveis.com.br\/\",\"logo\":{\"@type\":\"ImageObject\",\"inLanguage\":\"pt-BR\",\"@id\":\"https:\/\/unibellemoveis.com.br\/#\/schema\/logo\/image\/\",\"url\":\"https:\/\/unibellemoveis.com.br\/wp-content\/uploads\/2024\/04\/Logo-02.webp\",\"contentUrl\":\"https:\/\/unibellemoveis.com.br\/wp-content\/uploads\/2024\/04\/Logo-02.webp\",\"width\":2363,\"height\":754,\"caption\":\"Unibele M\u00f3veis\"},\"image\":{\"@id\":\"https:\/\/unibellemoveis.com.br\/#\/schema\/logo\/image\/\"}}]}<\/script>\n<!-- \/ Yoast SEO plugin. -->","yoast_head_json":{"title":"Aparador com 3 Portas 136 cm - Unibelle M\u00f3veis","description":"Aparador com 3 Portas 136 cm Descubra o aparador perfeito para complementar a decora\u00e7\u00e3o do seu ambiente. Com design moderno e vers\u00e1til.","robots":{"index":"index","follow":"follow","max-snippet":"max-snippet:-1","max-image-preview":"max-image-preview:large","max-video-preview":"max-video-preview:-1"},"canonical":"https:\/\/unibellemoveis.com.br\/pt_br\/produto\/aparador-com-3-portas-136-cm\/","og_locale":"pt_BR","og_type":"article","og_title":"Aparador com 3 Portas 136 cm - Unibelle M\u00f3veis","og_description":"Aparador com 3 Portas 136 cm Descubra o aparador perfeito para complementar a decora\u00e7\u00e3o do seu ambiente. Com design moderno e vers\u00e1til.","og_url":"https:\/\/unibellemoveis.com.br\/pt_br\/produto\/aparador-com-3-portas-136-cm\/","og_site_name":"Unibelle M\u00f3veis","article_modified_time":"2025-07-23T00:17:12+00:00","og_image":[{"width":1000,"height":1000,"url":"https:\/\/unibellemoveis.com.br\/wp-content\/uploads\/2024\/09\/2136.1.1.webp","type":"image\/webp"}],"twitter_card":"summary_large_image","twitter_misc":{"Est. tempo de leitura":"2 minutos"},"schema":{"@context":"https:\/\/schema.org","@graph":[{"@type":"WebPage","@id":"https:\/\/unibellemoveis.com.br\/produto\/aparador-com-3-portas-136-cm\/","url":"https:\/\/unibellemoveis.com.br\/produto\/aparador-com-3-portas-136-cm\/","name":"Aparador com 3 Portas 136 cm - Unibelle M\u00f3veis","isPartOf":{"@id":"https:\/\/unibellemoveis.com.br\/#website"},"primaryImageOfPage":{"@id":"https:\/\/unibellemoveis.com.br\/produto\/aparador-com-3-portas-136-cm\/#primaryimage"},"image":{"@id":"https:\/\/unibellemoveis.com.br\/produto\/aparador-com-3-portas-136-cm\/#primaryimage"},"thumbnailUrl":"https:\/\/unibellemoveis.com.br\/wp-content\/uploads\/2024\/09\/2136.1.1.webp","datePublished":"2024-09-18T19:28:46+00:00","dateModified":"2025-07-23T00:17:12+00:00","description":"Aparador com 3 Portas 136 cm Descubra o aparador perfeito para complementar a decora\u00e7\u00e3o do seu ambiente. Com design moderno e vers\u00e1til.","breadcrumb":{"@id":"https:\/\/unibellemoveis.com.br\/produto\/aparador-com-3-portas-136-cm\/#breadcrumb"},"inLanguage":"pt-BR","potentialAction":[{"@type":"ReadAction","target":["https:\/\/unibellemoveis.com.br\/produto\/aparador-com-3-portas-136-cm\/"]}]},{"@type":"ImageObject","inLanguage":"pt-BR","@id":"https:\/\/unibellemoveis.com.br\/produto\/aparador-com-3-portas-136-cm\/#primaryimage","url":"https:\/\/unibellemoveis.com.br\/wp-content\/uploads\/2024\/09\/2136.1.1.webp","contentUrl":"https:\/\/unibellemoveis.com.br\/wp-content\/uploads\/2024\/09\/2136.1.1.webp","width":1000,"height":1000,"caption":"Aparador com 3 Portas"},{"@type":"BreadcrumbList","@id":"https:\/\/unibellemoveis.com.br\/produto\/aparador-com-3-portas-136-cm\/#breadcrumb","itemListElement":[{"@type":"ListItem","position":1,"name":"In\u00edcio","item":"https:\/\/unibellemoveis.com.br\/"},{"@type":"ListItem","position":2,"name":"Produtos","item":"https:\/\/unibellemoveis.com.br\/produtos\/"},{"@type":"ListItem","position":3,"name":"Aparador com 3 Portas 136 cm"}]},{"@type":"WebSite","@id":"https:\/\/unibellemoveis.com.br\/#website","url":"https:\/\/unibellemoveis.com.br\/","name":"Unibelle M\u00f3veis","description":"Unibelle M\u00f3veis","publisher":{"@id":"https:\/\/unibellemoveis.com.br\/#organization"},"potentialAction":[{"@type":"SearchAction","target":{"@type":"EntryPoint","urlTemplate":"https:\/\/unibellemoveis.com.br\/?s={search_term_string}"},"query-input":{"@type":"PropertyValueSpecification","valueRequired":true,"valueName":"search_term_string"}}],"inLanguage":"pt-BR"},{"@type":"Organization","@id":"https:\/\/unibellemoveis.com.br\/#organization","name":"Unibele M\u00f3veis","alternateName":"Unibele M\u00f3veis","url":"https:\/\/unibellemoveis.com.br\/","logo":{"@type":"ImageObject","inLanguage":"pt-BR","@id":"https:\/\/unibellemoveis.com.br\/#\/schema\/logo\/image\/","url":"https:\/\/unibellemoveis.com.br\/wp-content\/uploads\/2024\/04\/Logo-02.webp","contentUrl":"https:\/\/unibellemoveis.com.br\/wp-content\/uploads\/2024\/04\/Logo-02.webp","width":2363,"height":754,"caption":"Unibele M\u00f3veis"},"image":{"@id":"https:\/\/unibellemoveis.com.br\/#\/schema\/logo\/image\/"}}]}},"_links":{"self":[{"href":"https:\/\/unibellemoveis.com.br\/pt_br\/wp-json\/wp\/v2\/product\/2539","targetHints":{"allow":["GET"]}}],"collection":[{"href":"https:\/\/unibellemoveis.com.br\/pt_br\/wp-json\/wp\/v2\/product"}],"about":[{"href":"https:\/\/unibellemoveis.com.br\/pt_br\/wp-json\/wp\/v2\/types\/product"}],"replies":[{"embeddable":true,"href":"https:\/\/unibellemoveis.com.br\/pt_br\/wp-json\/wp\/v2\/comments?post=2539"}],"version-history":[{"count":1,"href":"https:\/\/unibellemoveis.com.br\/pt_br\/wp-json\/wp\/v2\/product\/2539\/revisions"}],"predecessor-version":[{"id":2546,"href":"https:\/\/unibellemoveis.com.br\/pt_br\/wp-json\/wp\/v2\/product\/2539\/revisions\/2546"}],"wp:featuredmedia":[{"embeddable":true,"href":"https:\/\/unibellemoveis.com.br\/pt_br\/wp-json\/wp\/v2\/media\/2543"}],"wp:attachment":[{"href":"https:\/\/unibellemoveis.com.br\/pt_br\/wp-json\/wp\/v2\/media?parent=2539"}],"wp:term":[{"taxonomy":"product_brand","embeddable":true,"href":"https:\/\/unibellemoveis.com.br\/pt_br\/wp-json\/wp\/v2\/product_brand?post=2539"},{"taxonomy":"product_cat","embeddable":true,"href":"https:\/\/unibellemoveis.com.br\/pt_br\/wp-json\/wp\/v2\/product_cat?post=2539"},{"taxonomy":"product_tag","embeddable":true,"href":"https:\/\/unibellemoveis.com.br\/pt_br\/wp-json\/wp\/v2\/product_tag?post=2539"}],"curies":[{"name":"wp","href":"https:\/\/api.w.org\/{rel}","templated":true}]}}